{"version":"1.0","provider_name":"Breinco","provider_url":"https:\/\/breinco.com\/ca\/","title":"Pla\u00e7a de Catalunya a Centelles - Breinco","type":"rich","width":600,"height":338,"html":"<blockquote class=\"wp-embedded-content\" data-secret=\"NqbglFakpB\"><a href=\"https:\/\/breinco.com\/ca\/proyecto\/placa-de-catalunya-a-centelles\/\">Pla\u00e7a de Catalunya a Centelles<\/a><\/blockquote><iframe sandbox=\"allow-scripts\" security=\"restricted\" src=\"https:\/\/breinco.com\/ca\/proyecto\/placa-de-catalunya-a-centelles\/embed\/#?secret=NqbglFakpB\" width=\"600\" height=\"338\" title=\"&#8220;Pla\u00e7a de Catalunya a Centelles&#8221; &#8212; Breinco\" data-secret=\"NqbglFakpB\" frameborder=\"0\" marginwidth=\"0\" marginheight=\"0\" scrolling=\"no\" class=\"wp-embedded-content\"><\/iframe><script>\n\/*! This file is auto-generated *\/\n!function(d,l){\"use strict\";l.querySelector&&d.addEventListener&&\"undefined\"!=typeof URL&&(d.wp=d.wp||{},d.wp.receiveEmbedMessage||(d.wp.receiveEmbedMessage=function(e){var t=e.data;if((t||t.secret||t.message||t.value)&&!\/[^a-zA-Z0-9]\/.test(t.secret)){for(var s,r,n,a=l.querySelectorAll('iframe[data-secret=\"'+t.secret+'\"]'),o=l.querySelectorAll('blockquote[data-secret=\"'+t.secret+'\"]'),c=new RegExp(\"^https?:$\",\"i\"),i=0;i<o.length;i++)o[i].style.display=\"none\";for(i=0;i<a.length;i++)s=a[i],e.source===s.contentWindow&&(s.removeAttribute(\"style\"),\"height\"===t.message?(1e3<(r=parseInt(t.value,10))?r=1e3:~~r<200&&(r=200),s.height=r):\"link\"===t.message&&(r=new URL(s.getAttribute(\"src\")),n=new URL(t.value),c.test(n.protocol))&&n.host===r.host&&l.activeElement===s&&(d.top.location.href=t.value))}},d.addEventListener(\"message\",d.wp.receiveEmbedMessage,!1),l.addEventListener(\"DOMContentLoaded\",function(){for(var e,t,s=l.querySelectorAll(\"iframe.wp-embedded-content\"),r=0;r<s.length;r++)(t=(e=s[r]).getAttribute(\"data-secret\"))||(t=Math.random().toString(36).substring(2,12),e.src+=\"#?secret=\"+t,e.setAttribute(\"data-secret\",t)),e.contentWindow.postMessage({message:\"ready\",secret:t},\"*\")},!1)))}(window,document);\n\/\/# sourceURL=https:\/\/breinco.com\/wp-includes\/js\/wp-embed.min.js\n<\/script>\n","description":"Ubicada al cor de Centelles, la Pla\u00e7a Catalunya ha estat renovada amb l&#8217;objectiu de revitalitzar l&#8217;espai urb\u00e0 i convertir-lo en un punt de trobada din\u00e0mic, accessible i acollidor per als ve\u00efns. El projecte aposta per una intervenci\u00f3 respectuosa amb l&#8217;entorn, on el disseny, la funcionalitat i la qualitat dels materials es combinen per crear un [&hellip;]","thumbnail_url":"https:\/\/breinco.com\/wp-content\/uploads\/2026\/02\/breinco-feat-img.webp","thumbnail_width":1200,"thumbnail_height":800}