{"id":22579,"date":"2025-10-27T17:55:09","date_gmt":"2025-10-27T16:55:09","guid":{"rendered":"https:\/\/breinco.com\/proyecto\/reforma-de-la-casa-joaquin-ferran\/"},"modified":"2026-04-17T13:00:39","modified_gmt":"2026-04-17T11:00:39","slug":"reforma-de-la-casa-joaquin-ferran","status":"publish","type":"proyecto","link":"https:\/\/breinco.com\/ca\/proyecto\/reforma-de-la-casa-joaquin-ferran\/","title":{"rendered":"Reforma de la casa Joaqu\u00edn Ferran"},"content":{"rendered":"\n<p class=\"has-medium-font-size\"><strong>Un edifici hist\u00f2ric reneix<\/strong><\/p>\n\n<p>El <strong>Panot Flor<\/strong>, aquest emblem\u00e0tic paviment que ha acompanyat Barcelona durant m\u00e9s d\u2019un segle, no nom\u00e9s adorna els carrers de la ciutat; la seva hist\u00f2ria i disseny s\u2019han convertit en un referent cultural i arquitect\u00f2nic. Ara, aquesta pe\u00e7a ic\u00f2nica troba un nou lloc: els interiors, gr\u00e0cies a la tend\u00e8ncia <strong>\u00abinout\u00bb<\/strong>, que difumina els l\u00edmits entre exterior i interior.<\/p>\n\n<p>En aquest context, la <strong>reforma de la Casa Joaqu\u00edn Farran<\/strong> pren protagonisme. Aquest edifici hist\u00f2ric, que data del 1879 i forma part del ric patrimoni arquitect\u00f2nic de Barcelona, ha estat reinterpretat per l&#8217;estudi Manrique Planas. Durant la reforma, es va incorporar el Panot Flor en els espais interiors, integrant hist\u00f2ria i modernitat de manera harm\u00f2nica.<\/p>\n\n<p>El resultat \u00e9s un equilibri perfecte: el Panot Flor aporta textura, car\u00e0cter i un vincle amb la hist\u00f2ria de la ciutat, mentre dialoga amb els elements contemporanis de la casa. Cada pas dins de la Casa Joaqu\u00edn Farran recorda que el disseny no nom\u00e9s compleix una funci\u00f3: tamb\u00e9 narra, evoca mem\u00f2ria i crea experi\u00e8ncies.<\/p>\n\n<p>La reforma confirma que el Panot Flor \u00e9s molt m\u00e9s que un paviment: \u00e9s un <strong>element transformador<\/strong> capa\u00e7 de redefinir espais, fusionant l&#8217;arquitectura hist\u00f2rica amb solucions d&#8217;interior modernes. La tend\u00e8ncia \u00abinout\u00bb obre un nou cap\u00edtol en la hist\u00f2ria de Barcelona: el seu paviment m\u00e9s emblem\u00e0tic es viu ara tamb\u00e9 dins dels edificis m\u00e9s ic\u00f2nics de la ciutat.<\/p>\n\n<p class=\"has-medium-font-size\"><\/p>\n","protected":false},"featured_media":0,"template":"","meta":{"_acf_changed":false},"tags":[1195,875,849],"categoria-proyecto":[801],"class_list":["post-22579","proyecto","type-proyecto","status-publish","hentry","tag-flor","tag-panot","tag-panot-sxxi","categoria-proyecto-cases-particulars"],"acf":[],"yoast_head":"<!-- This site is optimized with the Yoast SEO plugin v27.5 - https:\/\/yoast.com\/product\/yoast-seo-wordpress\/ -->\n<title>Reforma de la casa Joaqu\u00edn Ferran - Breinco<\/title>\n<meta name=\"robots\" content=\"index, follow, max-snippet:-1, max-image-preview:large, max-video-preview:-1\" \/>\n<link rel=\"canonical\" href=\"https:\/\/breinco.com\/ca\/proyecto\/reforma-de-la-casa-joaquin-ferran\/\" \/>\n<meta property=\"og:locale\" content=\"ca_ES\" \/>\n<meta property=\"og:type\" content=\"article\" \/>\n<meta property=\"og:title\" content=\"Reforma de la casa Joaqu\u00edn Ferran - Breinco\" \/>\n<meta property=\"og:description\" content=\"Un edifici hist\u00f2ric reneix El Panot Flor, aquest emblem\u00e0tic paviment que ha acompanyat Barcelona durant m\u00e9s d\u2019un segle, no nom\u00e9s adorna els carrers de la ciutat; la seva hist\u00f2ria i disseny s\u2019han convertit en un referent cultural i arquitect\u00f2nic. Ara, aquesta pe\u00e7a ic\u00f2nica troba un nou lloc: els interiors, gr\u00e0cies a la tend\u00e8ncia \u00abinout\u00bb, que [&hellip;]\" \/>\n<meta property=\"og:url\" content=\"https:\/\/breinco.com\/ca\/proyecto\/reforma-de-la-casa-joaquin-ferran\/\" \/>\n<meta property=\"og:site_name\" content=\"Breinco\" \/>\n<meta property=\"article:publisher\" content=\"https:\/\/www.facebook.com\/breincosmart\/\" \/>\n<meta property=\"article:modified_time\" content=\"2026-04-17T11:00:39+00:00\" \/>\n<meta property=\"og:image\" content=\"https:\/\/breinco.com\/wp-content\/uploads\/2026\/02\/breinco-feat-img.webp\" \/>\n\t<meta property=\"og:image:width\" content=\"1200\" \/>\n\t<meta property=\"og:image:height\" content=\"800\" \/>\n\t<meta property=\"og:image:type\" content=\"image\/webp\" \/>\n<meta name=\"twitter:card\" content=\"summary_large_image\" \/>\n<meta name=\"twitter:site\" content=\"@breincoGroup\" \/>\n<meta name=\"twitter:label1\" content=\"Temps estimat de lectura\" \/>\n\t<meta name=\"twitter:data1\" content=\"1 minut\" \/>\n<script type=\"application\/ld+json\" class=\"yoast-schema-graph\">{\"@context\":\"https:\\\/\\\/schema.org\",\"@graph\":[{\"@type\":\"WebPage\",\"@id\":\"https:\\\/\\\/breinco.com\\\/ca\\\/proyecto\\\/reforma-de-la-casa-joaquin-ferran\\\/\",\"url\":\"https:\\\/\\\/breinco.com\\\/ca\\\/proyecto\\\/reforma-de-la-casa-joaquin-ferran\\\/\",\"name\":\"Reforma de la casa Joaqu\u00edn Ferran - Breinco\",\"isPartOf\":{\"@id\":\"https:\\\/\\\/breinco.com\\\/ca\\\/#website\"},\"datePublished\":\"2025-10-27T16:55:09+00:00\",\"dateModified\":\"2026-04-17T11:00:39+00:00\",\"breadcrumb\":{\"@id\":\"https:\\\/\\\/breinco.com\\\/ca\\\/proyecto\\\/reforma-de-la-casa-joaquin-ferran\\\/#breadcrumb\"},\"inLanguage\":\"ca\",\"potentialAction\":[{\"@type\":\"ReadAction\",\"target\":[\"https:\\\/\\\/breinco.com\\\/ca\\\/proyecto\\\/reforma-de-la-casa-joaquin-ferran\\\/\"]}]},{\"@type\":\"BreadcrumbList\",\"@id\":\"https:\\\/\\\/breinco.com\\\/ca\\\/proyecto\\\/reforma-de-la-casa-joaquin-ferran\\\/#breadcrumb\",\"itemListElement\":[{\"@type\":\"ListItem\",\"position\":1,\"name\":\"Portada\",\"item\":\"https:\\\/\\\/breinco.com\\\/ca\\\/\"},{\"@type\":\"ListItem\",\"position\":2,\"name\":\"Proyectos\",\"item\":\"https:\\\/\\\/breinco.com\\\/ca\\\/proyecto\\\/\"},{\"@type\":\"ListItem\",\"position\":3,\"name\":\"Reforma de la casa Joaqu\u00edn Ferran\"}]},{\"@type\":\"WebSite\",\"@id\":\"https:\\\/\\\/breinco.com\\\/ca\\\/#website\",\"url\":\"https:\\\/\\\/breinco.com\\\/ca\\\/\",\"name\":\"Breinco\",\"description\":\"\",\"publisher\":{\"@id\":\"https:\\\/\\\/breinco.com\\\/ca\\\/#organization\"},\"alternateName\":\"Urban Furniture, Architecture and Landscaping\",\"potentialAction\":[{\"@type\":\"SearchAction\",\"target\":{\"@type\":\"EntryPoint\",\"urlTemplate\":\"https:\\\/\\\/breinco.com\\\/ca\\\/?s={search_term_string}\"},\"query-input\":{\"@type\":\"PropertyValueSpecification\",\"valueRequired\":true,\"valueName\":\"search_term_string\"}}],\"inLanguage\":\"ca\"},{\"@type\":\"Organization\",\"@id\":\"https:\\\/\\\/breinco.com\\\/ca\\\/#organization\",\"name\":\"Breinco\",\"url\":\"https:\\\/\\\/breinco.com\\\/ca\\\/\",\"logo\":{\"@type\":\"ImageObject\",\"inLanguage\":\"ca\",\"@id\":\"https:\\\/\\\/breinco.com\\\/ca\\\/#\\\/schema\\\/logo\\\/image\\\/\",\"url\":\"https:\\\/\\\/breinco.com\\\/wp-content\\\/uploads\\\/2025\\\/04\\\/breinco-brand.svg\",\"contentUrl\":\"https:\\\/\\\/breinco.com\\\/wp-content\\\/uploads\\\/2025\\\/04\\\/breinco-brand.svg\",\"width\":26,\"height\":58,\"caption\":\"Breinco\"},\"image\":{\"@id\":\"https:\\\/\\\/breinco.com\\\/ca\\\/#\\\/schema\\\/logo\\\/image\\\/\"},\"sameAs\":[\"https:\\\/\\\/www.facebook.com\\\/breincosmart\\\/\",\"https:\\\/\\\/x.com\\\/breincoGroup\",\"https:\\\/\\\/www.instagram.com\\\/breinco\\\/\",\"https:\\\/\\\/www.linkedin.com\\\/company\\\/breinco-esp\\\/\"]}]}<\/script>\n<!-- \/ Yoast SEO plugin. -->","yoast_head_json":{"title":"Reforma de la casa Joaqu\u00edn Ferran - Breinco","robots":{"index":"index","follow":"follow","max-snippet":"max-snippet:-1","max-image-preview":"max-image-preview:large","max-video-preview":"max-video-preview:-1"},"canonical":"https:\/\/breinco.com\/ca\/proyecto\/reforma-de-la-casa-joaquin-ferran\/","og_locale":"ca_ES","og_type":"article","og_title":"Reforma de la casa Joaqu\u00edn Ferran - Breinco","og_description":"Un edifici hist\u00f2ric reneix El Panot Flor, aquest emblem\u00e0tic paviment que ha acompanyat Barcelona durant m\u00e9s d\u2019un segle, no nom\u00e9s adorna els carrers de la ciutat; la seva hist\u00f2ria i disseny s\u2019han convertit en un referent cultural i arquitect\u00f2nic. Ara, aquesta pe\u00e7a ic\u00f2nica troba un nou lloc: els interiors, gr\u00e0cies a la tend\u00e8ncia \u00abinout\u00bb, que [&hellip;]","og_url":"https:\/\/breinco.com\/ca\/proyecto\/reforma-de-la-casa-joaquin-ferran\/","og_site_name":"Breinco","article_publisher":"https:\/\/www.facebook.com\/breincosmart\/","article_modified_time":"2026-04-17T11:00:39+00:00","og_image":[{"width":1200,"height":800,"url":"https:\/\/breinco.com\/wp-content\/uploads\/2026\/02\/breinco-feat-img.webp","type":"image\/webp"}],"twitter_card":"summary_large_image","twitter_site":"@breincoGroup","twitter_misc":{"Temps estimat de lectura":"1 minut"},"schema":{"@context":"https:\/\/schema.org","@graph":[{"@type":"WebPage","@id":"https:\/\/breinco.com\/ca\/proyecto\/reforma-de-la-casa-joaquin-ferran\/","url":"https:\/\/breinco.com\/ca\/proyecto\/reforma-de-la-casa-joaquin-ferran\/","name":"Reforma de la casa Joaqu\u00edn Ferran - Breinco","isPartOf":{"@id":"https:\/\/breinco.com\/ca\/#website"},"datePublished":"2025-10-27T16:55:09+00:00","dateModified":"2026-04-17T11:00:39+00:00","breadcrumb":{"@id":"https:\/\/breinco.com\/ca\/proyecto\/reforma-de-la-casa-joaquin-ferran\/#breadcrumb"},"inLanguage":"ca","potentialAction":[{"@type":"ReadAction","target":["https:\/\/breinco.com\/ca\/proyecto\/reforma-de-la-casa-joaquin-ferran\/"]}]},{"@type":"BreadcrumbList","@id":"https:\/\/breinco.com\/ca\/proyecto\/reforma-de-la-casa-joaquin-ferran\/#breadcrumb","itemListElement":[{"@type":"ListItem","position":1,"name":"Portada","item":"https:\/\/breinco.com\/ca\/"},{"@type":"ListItem","position":2,"name":"Proyectos","item":"https:\/\/breinco.com\/ca\/proyecto\/"},{"@type":"ListItem","position":3,"name":"Reforma de la casa Joaqu\u00edn Ferran"}]},{"@type":"WebSite","@id":"https:\/\/breinco.com\/ca\/#website","url":"https:\/\/breinco.com\/ca\/","name":"Breinco","description":"","publisher":{"@id":"https:\/\/breinco.com\/ca\/#organization"},"alternateName":"Urban Furniture, Architecture and Landscaping","potentialAction":[{"@type":"SearchAction","target":{"@type":"EntryPoint","urlTemplate":"https:\/\/breinco.com\/ca\/?s={search_term_string}"},"query-input":{"@type":"PropertyValueSpecification","valueRequired":true,"valueName":"search_term_string"}}],"inLanguage":"ca"},{"@type":"Organization","@id":"https:\/\/breinco.com\/ca\/#organization","name":"Breinco","url":"https:\/\/breinco.com\/ca\/","logo":{"@type":"ImageObject","inLanguage":"ca","@id":"https:\/\/breinco.com\/ca\/#\/schema\/logo\/image\/","url":"https:\/\/breinco.com\/wp-content\/uploads\/2025\/04\/breinco-brand.svg","contentUrl":"https:\/\/breinco.com\/wp-content\/uploads\/2025\/04\/breinco-brand.svg","width":26,"height":58,"caption":"Breinco"},"image":{"@id":"https:\/\/breinco.com\/ca\/#\/schema\/logo\/image\/"},"sameAs":["https:\/\/www.facebook.com\/breincosmart\/","https:\/\/x.com\/breincoGroup","https:\/\/www.instagram.com\/breinco\/","https:\/\/www.linkedin.com\/company\/breinco-esp\/"]}]}},"_links":{"self":[{"href":"https:\/\/breinco.com\/ca\/wp-json\/wp\/v2\/proyecto\/22579","targetHints":{"allow":["GET"]}}],"collection":[{"href":"https:\/\/breinco.com\/ca\/wp-json\/wp\/v2\/proyecto"}],"about":[{"href":"https:\/\/breinco.com\/ca\/wp-json\/wp\/v2\/types\/proyecto"}],"wp:attachment":[{"href":"https:\/\/breinco.com\/ca\/wp-json\/wp\/v2\/media?parent=22579"}],"wp:term":[{"taxonomy":"post_tag","embeddable":true,"href":"https:\/\/breinco.com\/ca\/wp-json\/wp\/v2\/tags?post=22579"},{"taxonomy":"categoria-proyecto","embeddable":true,"href":"https:\/\/breinco.com\/ca\/wp-json\/wp\/v2\/categoria-proyecto?post=22579"}],"curies":[{"name":"wp","href":"https:\/\/api.w.org\/{rel}","templated":true}]}}