{"id":22636,"date":"2026-02-11T10:56:37","date_gmt":"2026-02-11T09:56:37","guid":{"rendered":"https:\/\/breinco.com\/proyecto\/urbanitzacio-del-parc-de-les-tretze-roses-a-la-marina-del-prat-vermell-2\/"},"modified":"2026-04-17T13:00:42","modified_gmt":"2026-04-17T11:00:42","slug":"urbanitzacio-del-parc-de-les-tretze-roses-a-la-marina-del-prat-vermell-2","status":"publish","type":"proyecto","link":"https:\/\/breinco.com\/ca\/proyecto\/urbanitzacio-del-parc-de-les-tretze-roses-a-la-marina-del-prat-vermell-2\/","title":{"rendered":"Urbanitzaci\u00f3 del Parc de les Tretze Roses a la Marina del Prat Vermell"},"content":{"rendered":"\n<p>El Parc de les Tretze Roses ja \u00e9s una realitat a la Marina del Prat Vermell, un dels nous desenvolupaments urbans m\u00e9s importants de Barcelona. Amb <strong>m\u00e9s de 21.000 m\u00b2<\/strong>, el parc s&#8217;ha convertit en el gran espai verd del barri, amb praderies, jardins, zones d&#8217;estada, \u00e0rees de joc inclusives i m\u00e9s d&#8217;un centenar d&#8217;arbres que transformen completament el paisatge d&#8217;aquesta zona en creixement.<\/p>\n\n<p>Aquest gran espai p\u00fablic, impulsat per l&#8217;Ajuntament de Barcelona i executat per l&#8217;Institut Municipal d\u2019Urbanisme, forma el cor verd del barri i acompanyar\u00e0 l&#8217;arribada dels m\u00e9s de <strong>28.000 nous ve\u00efns<\/strong> que es preveu que visquin a la Marina en els propers anys.<\/p>\n\n<h3 class=\"wp-block-heading has-medium-font-size\"><strong>Un parc pensat per conviure, passejar i gaudir<\/strong><\/h3>\n\n<p>El projecte organitza l\u2019espai en diversos \u00e0mbits connectats entre si:<\/p>\n\n<ul class=\"wp-block-list\">\n<li><strong>Dues grans praderies<\/strong>:<br\/>Una zona d&#8217;estada amb un lleuger pendent per a activitats com jocs infantils o espectacles, i un segon prat m\u00e9s extens delimitat per dos murs vegetals que actua, a m\u00e9s, com a dip\u00f2sit d&#8217;infiltraci\u00f3 per a l&#8217;aigua de pluja.<\/li>\n\n\n\n<li><strong>Una pla\u00e7a central-mirador<\/strong>, que articula tots els recorreguts i connecta visualment les dues praderies.<\/li>\n\n\n\n<li><strong>Jardins en pendent<\/strong>, amb escales i rampa que faciliten l&#8217;accessibilitat.<\/li>\n\n\n\n<li><strong>Una llacuna d&#8217;infiltraci\u00f3<\/strong> al final del prat major, que permet retornar l&#8217;aigua a l&#8217;aq\u00fc\u00edfer de manera natural.<\/li>\n<\/ul>\n\n<p>La vegetaci\u00f3 seleccionada \u00e9s majorit\u00e0riament mediterr\u00e0nia i de baix consum h\u00eddric: alzines, roures, freixes, tamarius, plantes arom\u00e0tiques i entapissants que reforcen el car\u00e0cter sostenible del parc. Tot el reg es realitza amb aig\u00fces fre\u00e0tiques o regenerades.<\/p>\n\n<h3 class=\"wp-block-heading has-medium-font-size\"><strong>Joc inclusiu i espais per a totes les edats<\/strong><\/h3>\n\n<p>El parc incorpora una de les \u00e0rees de joc m\u00e9s innovadores de la ciutat, amb <strong>gaireb\u00e9 1.000 m\u00b2 dedicats a l&#8217;aventura, l&#8217;equilibri i l&#8217;accessibilitat<\/strong>. El seu element central \u00e9s una estructura de troncs i xarxes pensada per a usuaris de diferents capacitats, amb una plataforma especial que permet accedir-hi des de cadira de rodes i arribar fins a tres nivells d&#8217;al\u00e7ada.<\/p>\n\n<p>A m\u00e9s, s&#8217;hi inclouen gronxadors, hamaques, un sorral, una taula per lliscar, una passarel\u00b7la basculant i una gran zona d&#8217;activitats per als m\u00e9s petits.<\/p>\n\n<h3 class=\"wp-block-heading has-medium-font-size\"><strong>L&#8217;aportaci\u00f3 de Breinco: paviments i mobiliari que acompanyen el nou paisatge urb\u00e0<\/strong><\/h3>\n\n<p>En aquest projecte, Breinco ha contribu\u00eft al disseny de l&#8217;espai p\u00fablic amb solucions que reforcen el seu confort, durabilitat i est\u00e8tica:<\/p>\n\n<ul class=\"wp-block-list\">\n<li><strong>Llosa Vulcano\u00ae<\/strong>, utilitzada en \u00e0rees de tr\u00e0nsit i estada per la seva resist\u00e8ncia, textura agradable i capacitat per integrar-se en entorns verds.<\/li>\n\n\n\n<li>\u00ab<strong>VS5\u00ae<\/strong>, una soluci\u00f3 vers\u00e0til i estable per a zones amb major exig\u00e8ncia funcional.<\/li>\n<\/ul>\n\n<p>Ambd\u00f3s paviments ajuden a unificar els recorreguts, millorar l&#8217;accessibilitat i generar una lectura amable del conjunt.<\/p>\n\n<h3 class=\"wp-block-heading has-medium-font-size\"><strong>Mobiliari urb\u00e0<\/strong><\/h3>\n\n<ul class=\"wp-block-list\">\n<li><strong>Circle Puff<\/strong>, el seu disseny arrodonit aporta comoditat, seguretat i un car\u00e0cter distintiu al parc.<\/li>\n<\/ul>\n\n<p>Amb aquestes solucions, Breinco contribueix no nom\u00e9s a l&#8217;est\u00e8tica de l&#8217;entorn, sin\u00f3 tamb\u00e9 a la durabilitat i sostenibilitat de l&#8217;espai p\u00fablic, claus en un barri que est\u00e0 creixent i que requereix infraestructures pensades a llarg termini.<\/p>\n\n<h3 class=\"wp-block-heading has-medium-font-size\"><strong>Un nou punt de trobada per a un barri en transformaci\u00f3<\/strong><\/h3>\n\n<p>El Parc de les Tretze Roses es consolida com el gran pulm\u00f3 verd de la Marina del Prat Vermell: un espai sostenible, accessible i inclusiu, preparat per acompanyar els nous residents i per convertir-se en un referent de conviv\u00e8ncia.<\/p>\n","protected":false},"featured_media":0,"template":"","meta":{"_acf_changed":false},"tags":[1198],"categoria-proyecto":[],"class_list":["post-22636","proyecto","type-proyecto","status-publish","hentry","tag-circle-puff"],"acf":[],"yoast_head":"<!-- This site is optimized with the Yoast SEO plugin v27.5 - https:\/\/yoast.com\/product\/yoast-seo-wordpress\/ -->\n<title>Urbanitzaci\u00f3 del Parc de les Tretze Roses a la Marina del Prat Vermell - Breinco<\/title>\n<meta name=\"robots\" content=\"index, follow, max-snippet:-1, max-image-preview:large, max-video-preview:-1\" \/>\n<link rel=\"canonical\" href=\"https:\/\/breinco.com\/ca\/proyecto\/urbanitzacio-del-parc-de-les-tretze-roses-a-la-marina-del-prat-vermell-2\/\" \/>\n<meta property=\"og:locale\" content=\"ca_ES\" \/>\n<meta property=\"og:type\" content=\"article\" \/>\n<meta property=\"og:title\" content=\"Urbanitzaci\u00f3 del Parc de les Tretze Roses a la Marina del Prat Vermell - Breinco\" \/>\n<meta property=\"og:description\" content=\"El Parc de les Tretze Roses ja \u00e9s una realitat a la Marina del Prat Vermell, un dels nous desenvolupaments urbans m\u00e9s importants de Barcelona. Amb m\u00e9s de 21.000 m\u00b2, el parc s&#8217;ha convertit en el gran espai verd del barri, amb praderies, jardins, zones d&#8217;estada, \u00e0rees de joc inclusives i m\u00e9s d&#8217;un centenar d&#8217;arbres [&hellip;]\" \/>\n<meta property=\"og:url\" content=\"https:\/\/breinco.com\/ca\/proyecto\/urbanitzacio-del-parc-de-les-tretze-roses-a-la-marina-del-prat-vermell-2\/\" \/>\n<meta property=\"og:site_name\" content=\"Breinco\" \/>\n<meta property=\"article:publisher\" content=\"https:\/\/www.facebook.com\/breincosmart\/\" \/>\n<meta property=\"article:modified_time\" content=\"2026-04-17T11:00:42+00:00\" \/>\n<meta property=\"og:image\" content=\"https:\/\/breinco.com\/wp-content\/uploads\/2026\/02\/breinco-feat-img.webp\" \/>\n\t<meta property=\"og:image:width\" content=\"1200\" \/>\n\t<meta property=\"og:image:height\" content=\"800\" \/>\n\t<meta property=\"og:image:type\" content=\"image\/webp\" \/>\n<meta name=\"twitter:card\" content=\"summary_large_image\" \/>\n<meta name=\"twitter:site\" content=\"@breincoGroup\" \/>\n<meta name=\"twitter:label1\" content=\"Temps estimat de lectura\" \/>\n\t<meta name=\"twitter:data1\" content=\"3 minuts\" \/>\n<script type=\"application\/ld+json\" class=\"yoast-schema-graph\">{\"@context\":\"https:\\\/\\\/schema.org\",\"@graph\":[{\"@type\":\"WebPage\",\"@id\":\"https:\\\/\\\/breinco.com\\\/ca\\\/proyecto\\\/urbanitzacio-del-parc-de-les-tretze-roses-a-la-marina-del-prat-vermell-2\\\/\",\"url\":\"https:\\\/\\\/breinco.com\\\/ca\\\/proyecto\\\/urbanitzacio-del-parc-de-les-tretze-roses-a-la-marina-del-prat-vermell-2\\\/\",\"name\":\"Urbanitzaci\u00f3 del Parc de les Tretze Roses a la Marina del Prat Vermell - Breinco\",\"isPartOf\":{\"@id\":\"https:\\\/\\\/breinco.com\\\/ca\\\/#website\"},\"datePublished\":\"2026-02-11T09:56:37+00:00\",\"dateModified\":\"2026-04-17T11:00:42+00:00\",\"breadcrumb\":{\"@id\":\"https:\\\/\\\/breinco.com\\\/ca\\\/proyecto\\\/urbanitzacio-del-parc-de-les-tretze-roses-a-la-marina-del-prat-vermell-2\\\/#breadcrumb\"},\"inLanguage\":\"ca\",\"potentialAction\":[{\"@type\":\"ReadAction\",\"target\":[\"https:\\\/\\\/breinco.com\\\/ca\\\/proyecto\\\/urbanitzacio-del-parc-de-les-tretze-roses-a-la-marina-del-prat-vermell-2\\\/\"]}]},{\"@type\":\"BreadcrumbList\",\"@id\":\"https:\\\/\\\/breinco.com\\\/ca\\\/proyecto\\\/urbanitzacio-del-parc-de-les-tretze-roses-a-la-marina-del-prat-vermell-2\\\/#breadcrumb\",\"itemListElement\":[{\"@type\":\"ListItem\",\"position\":1,\"name\":\"Portada\",\"item\":\"https:\\\/\\\/breinco.com\\\/ca\\\/\"},{\"@type\":\"ListItem\",\"position\":2,\"name\":\"Proyectos\",\"item\":\"https:\\\/\\\/breinco.com\\\/ca\\\/proyecto\\\/\"},{\"@type\":\"ListItem\",\"position\":3,\"name\":\"Urbanitzaci\u00f3 del Parc de les Tretze Roses a la Marina del Prat Vermell\"}]},{\"@type\":\"WebSite\",\"@id\":\"https:\\\/\\\/breinco.com\\\/ca\\\/#website\",\"url\":\"https:\\\/\\\/breinco.com\\\/ca\\\/\",\"name\":\"Breinco\",\"description\":\"\",\"publisher\":{\"@id\":\"https:\\\/\\\/breinco.com\\\/ca\\\/#organization\"},\"alternateName\":\"Urban Furniture, Architecture and Landscaping\",\"potentialAction\":[{\"@type\":\"SearchAction\",\"target\":{\"@type\":\"EntryPoint\",\"urlTemplate\":\"https:\\\/\\\/breinco.com\\\/ca\\\/?s={search_term_string}\"},\"query-input\":{\"@type\":\"PropertyValueSpecification\",\"valueRequired\":true,\"valueName\":\"search_term_string\"}}],\"inLanguage\":\"ca\"},{\"@type\":\"Organization\",\"@id\":\"https:\\\/\\\/breinco.com\\\/ca\\\/#organization\",\"name\":\"Breinco\",\"url\":\"https:\\\/\\\/breinco.com\\\/ca\\\/\",\"logo\":{\"@type\":\"ImageObject\",\"inLanguage\":\"ca\",\"@id\":\"https:\\\/\\\/breinco.com\\\/ca\\\/#\\\/schema\\\/logo\\\/image\\\/\",\"url\":\"https:\\\/\\\/breinco.com\\\/wp-content\\\/uploads\\\/2025\\\/04\\\/breinco-brand.svg\",\"contentUrl\":\"https:\\\/\\\/breinco.com\\\/wp-content\\\/uploads\\\/2025\\\/04\\\/breinco-brand.svg\",\"width\":26,\"height\":58,\"caption\":\"Breinco\"},\"image\":{\"@id\":\"https:\\\/\\\/breinco.com\\\/ca\\\/#\\\/schema\\\/logo\\\/image\\\/\"},\"sameAs\":[\"https:\\\/\\\/www.facebook.com\\\/breincosmart\\\/\",\"https:\\\/\\\/x.com\\\/breincoGroup\",\"https:\\\/\\\/www.instagram.com\\\/breinco\\\/\",\"https:\\\/\\\/www.linkedin.com\\\/company\\\/breinco-esp\\\/\"]}]}<\/script>\n<!-- \/ Yoast SEO plugin. -->","yoast_head_json":{"title":"Urbanitzaci\u00f3 del Parc de les Tretze Roses a la Marina del Prat Vermell - Breinco","robots":{"index":"index","follow":"follow","max-snippet":"max-snippet:-1","max-image-preview":"max-image-preview:large","max-video-preview":"max-video-preview:-1"},"canonical":"https:\/\/breinco.com\/ca\/proyecto\/urbanitzacio-del-parc-de-les-tretze-roses-a-la-marina-del-prat-vermell-2\/","og_locale":"ca_ES","og_type":"article","og_title":"Urbanitzaci\u00f3 del Parc de les Tretze Roses a la Marina del Prat Vermell - Breinco","og_description":"El Parc de les Tretze Roses ja \u00e9s una realitat a la Marina del Prat Vermell, un dels nous desenvolupaments urbans m\u00e9s importants de Barcelona. Amb m\u00e9s de 21.000 m\u00b2, el parc s&#8217;ha convertit en el gran espai verd del barri, amb praderies, jardins, zones d&#8217;estada, \u00e0rees de joc inclusives i m\u00e9s d&#8217;un centenar d&#8217;arbres [&hellip;]","og_url":"https:\/\/breinco.com\/ca\/proyecto\/urbanitzacio-del-parc-de-les-tretze-roses-a-la-marina-del-prat-vermell-2\/","og_site_name":"Breinco","article_publisher":"https:\/\/www.facebook.com\/breincosmart\/","article_modified_time":"2026-04-17T11:00:42+00:00","og_image":[{"width":1200,"height":800,"url":"https:\/\/breinco.com\/wp-content\/uploads\/2026\/02\/breinco-feat-img.webp","type":"image\/webp"}],"twitter_card":"summary_large_image","twitter_site":"@breincoGroup","twitter_misc":{"Temps estimat de lectura":"3 minuts"},"schema":{"@context":"https:\/\/schema.org","@graph":[{"@type":"WebPage","@id":"https:\/\/breinco.com\/ca\/proyecto\/urbanitzacio-del-parc-de-les-tretze-roses-a-la-marina-del-prat-vermell-2\/","url":"https:\/\/breinco.com\/ca\/proyecto\/urbanitzacio-del-parc-de-les-tretze-roses-a-la-marina-del-prat-vermell-2\/","name":"Urbanitzaci\u00f3 del Parc de les Tretze Roses a la Marina del Prat Vermell - Breinco","isPartOf":{"@id":"https:\/\/breinco.com\/ca\/#website"},"datePublished":"2026-02-11T09:56:37+00:00","dateModified":"2026-04-17T11:00:42+00:00","breadcrumb":{"@id":"https:\/\/breinco.com\/ca\/proyecto\/urbanitzacio-del-parc-de-les-tretze-roses-a-la-marina-del-prat-vermell-2\/#breadcrumb"},"inLanguage":"ca","potentialAction":[{"@type":"ReadAction","target":["https:\/\/breinco.com\/ca\/proyecto\/urbanitzacio-del-parc-de-les-tretze-roses-a-la-marina-del-prat-vermell-2\/"]}]},{"@type":"BreadcrumbList","@id":"https:\/\/breinco.com\/ca\/proyecto\/urbanitzacio-del-parc-de-les-tretze-roses-a-la-marina-del-prat-vermell-2\/#breadcrumb","itemListElement":[{"@type":"ListItem","position":1,"name":"Portada","item":"https:\/\/breinco.com\/ca\/"},{"@type":"ListItem","position":2,"name":"Proyectos","item":"https:\/\/breinco.com\/ca\/proyecto\/"},{"@type":"ListItem","position":3,"name":"Urbanitzaci\u00f3 del Parc de les Tretze Roses a la Marina del Prat Vermell"}]},{"@type":"WebSite","@id":"https:\/\/breinco.com\/ca\/#website","url":"https:\/\/breinco.com\/ca\/","name":"Breinco","description":"","publisher":{"@id":"https:\/\/breinco.com\/ca\/#organization"},"alternateName":"Urban Furniture, Architecture and Landscaping","potentialAction":[{"@type":"SearchAction","target":{"@type":"EntryPoint","urlTemplate":"https:\/\/breinco.com\/ca\/?s={search_term_string}"},"query-input":{"@type":"PropertyValueSpecification","valueRequired":true,"valueName":"search_term_string"}}],"inLanguage":"ca"},{"@type":"Organization","@id":"https:\/\/breinco.com\/ca\/#organization","name":"Breinco","url":"https:\/\/breinco.com\/ca\/","logo":{"@type":"ImageObject","inLanguage":"ca","@id":"https:\/\/breinco.com\/ca\/#\/schema\/logo\/image\/","url":"https:\/\/breinco.com\/wp-content\/uploads\/2025\/04\/breinco-brand.svg","contentUrl":"https:\/\/breinco.com\/wp-content\/uploads\/2025\/04\/breinco-brand.svg","width":26,"height":58,"caption":"Breinco"},"image":{"@id":"https:\/\/breinco.com\/ca\/#\/schema\/logo\/image\/"},"sameAs":["https:\/\/www.facebook.com\/breincosmart\/","https:\/\/x.com\/breincoGroup","https:\/\/www.instagram.com\/breinco\/","https:\/\/www.linkedin.com\/company\/breinco-esp\/"]}]}},"_links":{"self":[{"href":"https:\/\/breinco.com\/ca\/wp-json\/wp\/v2\/proyecto\/22636","targetHints":{"allow":["GET"]}}],"collection":[{"href":"https:\/\/breinco.com\/ca\/wp-json\/wp\/v2\/proyecto"}],"about":[{"href":"https:\/\/breinco.com\/ca\/wp-json\/wp\/v2\/types\/proyecto"}],"wp:attachment":[{"href":"https:\/\/breinco.com\/ca\/wp-json\/wp\/v2\/media?parent=22636"}],"wp:term":[{"taxonomy":"post_tag","embeddable":true,"href":"https:\/\/breinco.com\/ca\/wp-json\/wp\/v2\/tags?post=22636"},{"taxonomy":"categoria-proyecto","embeddable":true,"href":"https:\/\/breinco.com\/ca\/wp-json\/wp\/v2\/categoria-proyecto?post=22636"}],"curies":[{"name":"wp","href":"https:\/\/api.w.org\/{rel}","templated":true}]}}