{"version":"1.0","provider_name":"Breinco","provider_url":"https:\/\/breinco.com\/fr\/","title":"Jardins de l\u2019Arche \u00e0 Paris - Breinco","type":"rich","width":600,"height":338,"html":"<blockquote class=\"wp-embedded-content\" data-secret=\"Uhe2du1CL2\"><a href=\"https:\/\/breinco.com\/fr\/proyecto\/jardins-de-larche-a-paris\/\">Jardins de l\u2019Arche \u00e0 Paris<\/a><\/blockquote><iframe sandbox=\"allow-scripts\" security=\"restricted\" src=\"https:\/\/breinco.com\/fr\/proyecto\/jardins-de-larche-a-paris\/embed\/#?secret=Uhe2du1CL2\" width=\"600\" height=\"338\" title=\"\u00ab\u00a0Jardins de l\u2019Arche \u00e0 Paris\u00a0\u00bb &#8212; Breinco\" data-secret=\"Uhe2du1CL2\" frameborder=\"0\" marginwidth=\"0\" marginheight=\"0\" scrolling=\"no\" class=\"wp-embedded-content\"><\/iframe><script>\n\/*! This file is auto-generated *\/\n!function(d,l){\"use strict\";l.querySelector&&d.addEventListener&&\"undefined\"!=typeof URL&&(d.wp=d.wp||{},d.wp.receiveEmbedMessage||(d.wp.receiveEmbedMessage=function(e){var t=e.data;if((t||t.secret||t.message||t.value)&&!\/[^a-zA-Z0-9]\/.test(t.secret)){for(var s,r,n,a=l.querySelectorAll('iframe[data-secret=\"'+t.secret+'\"]'),o=l.querySelectorAll('blockquote[data-secret=\"'+t.secret+'\"]'),c=new RegExp(\"^https?:$\",\"i\"),i=0;i<o.length;i++)o[i].style.display=\"none\";for(i=0;i<a.length;i++)s=a[i],e.source===s.contentWindow&&(s.removeAttribute(\"style\"),\"height\"===t.message?(1e3<(r=parseInt(t.value,10))?r=1e3:~~r<200&&(r=200),s.height=r):\"link\"===t.message&&(r=new URL(s.getAttribute(\"src\")),n=new URL(t.value),c.test(n.protocol))&&n.host===r.host&&l.activeElement===s&&(d.top.location.href=t.value))}},d.addEventListener(\"message\",d.wp.receiveEmbedMessage,!1),l.addEventListener(\"DOMContentLoaded\",function(){for(var e,t,s=l.querySelectorAll(\"iframe.wp-embedded-content\"),r=0;r<s.length;r++)(t=(e=s[r]).getAttribute(\"data-secret\"))||(t=Math.random().toString(36).substring(2,12),e.src+=\"#?secret=\"+t,e.setAttribute(\"data-secret\",t)),e.contentWindow.postMessage({message:\"ready\",secret:t},\"*\")},!1)))}(window,document);\n\/\/# sourceURL=https:\/\/breinco.com\/wp-includes\/js\/wp-embed.min.js\n<\/script>\n","description":"Au c\u0153ur du quartier d\u2019affaires le plus important d\u2019Europe, le projet de la promenade des Jardins de l\u2019Arche red\u00e9finit l\u2019espace public de La D\u00e9fense comme un grand axe vert reliant les quartiers de Nanterre et Puteaux. L\u2019intervention transforme une zone au caract\u00e8re infrastructurel en un environnement accueillant, pi\u00e9tonnier et contemporain, o\u00f9 l\u2019architecture et le paysage [&hellip;]","thumbnail_url":"https:\/\/breinco.com\/wp-content\/uploads\/2026\/02\/breinco-feat-img.webp","thumbnail_width":1200,"thumbnail_height":800}