{"version":"1.0","provider_name":"Breinco","provider_url":"https:\/\/breinco.com\/fr\/","title":"Place Rafael Alberti \u00e0 Esplugues de Llobregat - Breinco","type":"rich","width":600,"height":338,"html":"<blockquote class=\"wp-embedded-content\" data-secret=\"1igcXTKVk6\"><a href=\"https:\/\/breinco.com\/fr\/proyecto\/place-rafael-alberti-a-esplugues-de-llobregat\/\">Place Rafael Alberti \u00e0 Esplugues de Llobregat<\/a><\/blockquote><iframe sandbox=\"allow-scripts\" security=\"restricted\" src=\"https:\/\/breinco.com\/fr\/proyecto\/place-rafael-alberti-a-esplugues-de-llobregat\/embed\/#?secret=1igcXTKVk6\" width=\"600\" height=\"338\" title=\"\u00ab\u00a0Place Rafael Alberti \u00e0 Esplugues de Llobregat\u00a0\u00bb &#8212; Breinco\" data-secret=\"1igcXTKVk6\" frameborder=\"0\" marginwidth=\"0\" marginheight=\"0\" scrolling=\"no\" class=\"wp-embedded-content\"><\/iframe><script>\n\/*! This file is auto-generated *\/\n!function(d,l){\"use strict\";l.querySelector&&d.addEventListener&&\"undefined\"!=typeof URL&&(d.wp=d.wp||{},d.wp.receiveEmbedMessage||(d.wp.receiveEmbedMessage=function(e){var t=e.data;if((t||t.secret||t.message||t.value)&&!\/[^a-zA-Z0-9]\/.test(t.secret)){for(var s,r,n,a=l.querySelectorAll('iframe[data-secret=\"'+t.secret+'\"]'),o=l.querySelectorAll('blockquote[data-secret=\"'+t.secret+'\"]'),c=new RegExp(\"^https?:$\",\"i\"),i=0;i<o.length;i++)o[i].style.display=\"none\";for(i=0;i<a.length;i++)s=a[i],e.source===s.contentWindow&&(s.removeAttribute(\"style\"),\"height\"===t.message?(1e3<(r=parseInt(t.value,10))?r=1e3:~~r<200&&(r=200),s.height=r):\"link\"===t.message&&(r=new URL(s.getAttribute(\"src\")),n=new URL(t.value),c.test(n.protocol))&&n.host===r.host&&l.activeElement===s&&(d.top.location.href=t.value))}},d.addEventListener(\"message\",d.wp.receiveEmbedMessage,!1),l.addEventListener(\"DOMContentLoaded\",function(){for(var e,t,s=l.querySelectorAll(\"iframe.wp-embedded-content\"),r=0;r<s.length;r++)(t=(e=s[r]).getAttribute(\"data-secret\"))||(t=Math.random().toString(36).substring(2,12),e.src+=\"#?secret=\"+t,e.setAttribute(\"data-secret\",t)),e.contentWindow.postMessage({message:\"ready\",secret:t},\"*\")},!1)))}(window,document);\n\/\/# sourceURL=https:\/\/breinco.com\/wp-includes\/js\/wp-embed.min.js\n<\/script>\n","description":"La Place Rafael Alberti a \u00e9t\u00e9 r\u00e9nov\u00e9e pour devenir un espace accessible et accueillant pour l\u2019ensemble des citoyens. L\u2019int\u00e9gration de rampes facilite l\u2019acc\u00e8s \u00e0 tous les usagers, tandis que la suppression de l\u2019ancienne rampe situ\u00e9e devant le centre social permet de disposer d\u2019une sc\u00e8ne pour les \u00e9v\u00e9nements et les activit\u00e9s culturelles. Cette intervention permet d&rsquo;int\u00e9grer [&hellip;]","thumbnail_url":"https:\/\/breinco.com\/wp-content\/uploads\/2026\/02\/breinco-feat-img.webp","thumbnail_width":1200,"thumbnail_height":800}