{"id":22989,"date":"2026-02-13T12:22:46","date_gmt":"2026-02-13T11:22:46","guid":{"rendered":"https:\/\/breinco.com\/proyecto\/ensemble-residentiel-a-granollers\/"},"modified":"2026-04-30T18:25:36","modified_gmt":"2026-04-30T16:25:36","slug":"ensemble-residentiel-a-granollers","status":"publish","type":"proyecto","link":"https:\/\/breinco.com\/fr\/proyecto\/ensemble-residentiel-a-granollers\/","title":{"rendered":"Ensemble r\u00e9sidentiel \u00e0 Granollers"},"content":{"rendered":"\n<p>Ce <strong>bloc d&rsquo;appartements \u00e0 Granollers<\/strong> a \u00e9t\u00e9 con\u00e7u comme un ensemble r\u00e9sidentiel contemporain, o\u00f9 l\u2019architecture recherche un <strong>\u00e9quilibre entre fonctionnalit\u00e9, durabilit\u00e9 et pr\u00e9sence esth\u00e9tique<\/strong> au sein de l\u2019environnement urbain.<\/p>\n\n<p>Breinco est intervenu par l\u2019application de la <strong>Llosa Vulcano\u00ae<\/strong> en finition parement sur les parois verticales de la fa\u00e7ade, offrant une <strong>solution \u00e9l\u00e9gante, r\u00e9sistante et d\u2019un entretien ais\u00e9<\/strong> qui renforce l\u2019identit\u00e9 visuelle de l\u2019\u00e9difice.<\/p>\n\n<p>La <strong>Llosa Vulcano\u00ae en parement<\/strong> peut \u00eatre combin\u00e9e avec d&rsquo;autres \u00e9l\u00e9ments de la fa\u00e7ade et de l&rsquo;environnement urbain. Sa texture et ses tonalit\u00e9s apportent <strong>profondeur visuelle et uniformit\u00e9<\/strong>, offrant une finition sophistiqu\u00e9e et contemporaine.<\/p>\n\n<p>Le syst\u00e8me est livr\u00e9 comme une <strong>solution int\u00e9grale<\/strong>, incluant le conseil technique et commercial, l\u2019\u00e9tude pr\u00e9alable du projet, la fourniture optimis\u00e9e, l\u2019installation professionnelle et l\u2019entretien de la surface. De plus, la dalle est <strong>hydrofug\u00e9e<\/strong>, garantissant ainsi une r\u00e9sistance face \u00e0 l\u2019humidit\u00e9 et une durabilit\u00e9 accrue au fil du temps.<\/p>\n\n<p>Le r\u00e9sultat final est un <strong>immeuble r\u00e9sidentiel de style moderne<\/strong>, avec une fa\u00e7ade qui allie <strong>esth\u00e9tique, fonctionnalit\u00e9 et qualit\u00e9<\/strong>, refl\u00e9tant l\u2019excellence des mat\u00e9riaux et l\u2019attention port\u00e9e aux d\u00e9tails qui caract\u00e9risent Breinco.<\/p>\n\n<p><\/p>\n","protected":false},"featured_media":22990,"template":"","meta":{"_acf_changed":false},"tags":[938,978],"categoria-proyecto":[],"class_list":["post-22989","proyecto","type-proyecto","status-publish","has-post-thumbnail","hentry","tag-llosa-vulcano","tag-llosa-vulcano-aplacada"],"acf":{"localitzacio-projecte":"Barcelona","credits-projecte":"","fotografia-projecte":"","producte_resum":"Llosa Vulcano\u00ae aplacada","producte-projecte":"Llosa Vulcano\u00ae aplacada | 60 x 40 x 5 cm | Ceniza | Standard\u00ae","productes_relacionats":[17865],"galeria-projecte":[22990,22991]},"yoast_head":"<!-- This site is optimized with the Yoast SEO plugin v27.5 - https:\/\/yoast.com\/product\/yoast-seo-wordpress\/ -->\n<title>Ensemble r\u00e9sidentiel \u00e0 Granollers - Breinco<\/title>\n<meta name=\"robots\" content=\"index, follow, max-snippet:-1, max-image-preview:large, max-video-preview:-1\" \/>\n<link rel=\"canonical\" href=\"https:\/\/breinco.com\/fr\/proyecto\/ensemble-residentiel-a-granollers\/\" \/>\n<meta property=\"og:locale\" content=\"fr_FR\" \/>\n<meta property=\"og:type\" content=\"article\" \/>\n<meta property=\"og:title\" content=\"Ensemble r\u00e9sidentiel \u00e0 Granollers - Breinco\" \/>\n<meta property=\"og:description\" content=\"Ce bloc d&rsquo;appartements \u00e0 Granollers a \u00e9t\u00e9 con\u00e7u comme un ensemble r\u00e9sidentiel contemporain, o\u00f9 l\u2019architecture recherche un \u00e9quilibre entre fonctionnalit\u00e9, durabilit\u00e9 et pr\u00e9sence esth\u00e9tique au sein de l\u2019environnement urbain. Breinco est intervenu par l\u2019application de la Llosa Vulcano\u00ae en finition parement sur les parois verticales de la fa\u00e7ade, offrant une solution \u00e9l\u00e9gante, r\u00e9sistante et d\u2019un [&hellip;]\" \/>\n<meta property=\"og:url\" content=\"https:\/\/breinco.com\/fr\/proyecto\/ensemble-residentiel-a-granollers\/\" \/>\n<meta property=\"og:site_name\" content=\"Breinco\" \/>\n<meta property=\"article:publisher\" content=\"https:\/\/www.facebook.com\/breincosmart\/\" \/>\n<meta property=\"article:modified_time\" content=\"2026-04-30T16:25:36+00:00\" \/>\n<meta property=\"og:image\" content=\"https:\/\/breinco.com\/wp-content\/uploads\/2026\/02\/1-Llosa-vulcano-aplacado-ceniza-granollers-barcelona.jpg\" \/>\n\t<meta property=\"og:image:width\" content=\"1800\" \/>\n\t<meta property=\"og:image:height\" content=\"1200\" \/>\n\t<meta property=\"og:image:type\" content=\"image\/jpeg\" \/>\n<meta name=\"twitter:card\" content=\"summary_large_image\" \/>\n<meta name=\"twitter:site\" content=\"@breincoGroup\" \/>\n<meta name=\"twitter:label1\" content=\"Dur\u00e9e de lecture estim\u00e9e\" \/>\n\t<meta name=\"twitter:data1\" content=\"1 minute\" \/>\n<script type=\"application\/ld+json\" class=\"yoast-schema-graph\">{\"@context\":\"https:\\\/\\\/schema.org\",\"@graph\":[{\"@type\":\"WebPage\",\"@id\":\"https:\\\/\\\/breinco.com\\\/fr\\\/proyecto\\\/ensemble-residentiel-a-granollers\\\/\",\"url\":\"https:\\\/\\\/breinco.com\\\/fr\\\/proyecto\\\/ensemble-residentiel-a-granollers\\\/\",\"name\":\"Ensemble r\u00e9sidentiel \u00e0 Granollers - Breinco\",\"isPartOf\":{\"@id\":\"https:\\\/\\\/breinco.com\\\/fr\\\/#website\"},\"primaryImageOfPage\":{\"@id\":\"https:\\\/\\\/breinco.com\\\/fr\\\/proyecto\\\/ensemble-residentiel-a-granollers\\\/#primaryimage\"},\"image\":{\"@id\":\"https:\\\/\\\/breinco.com\\\/fr\\\/proyecto\\\/ensemble-residentiel-a-granollers\\\/#primaryimage\"},\"thumbnailUrl\":\"https:\\\/\\\/breinco.com\\\/wp-content\\\/uploads\\\/2026\\\/02\\\/1-Llosa-vulcano-aplacado-ceniza-granollers-barcelona.jpg\",\"datePublished\":\"2026-02-13T11:22:46+00:00\",\"dateModified\":\"2026-04-30T16:25:36+00:00\",\"breadcrumb\":{\"@id\":\"https:\\\/\\\/breinco.com\\\/fr\\\/proyecto\\\/ensemble-residentiel-a-granollers\\\/#breadcrumb\"},\"inLanguage\":\"fr-FR\",\"potentialAction\":[{\"@type\":\"ReadAction\",\"target\":[\"https:\\\/\\\/breinco.com\\\/fr\\\/proyecto\\\/ensemble-residentiel-a-granollers\\\/\"]}]},{\"@type\":\"ImageObject\",\"inLanguage\":\"fr-FR\",\"@id\":\"https:\\\/\\\/breinco.com\\\/fr\\\/proyecto\\\/ensemble-residentiel-a-granollers\\\/#primaryimage\",\"url\":\"https:\\\/\\\/breinco.com\\\/wp-content\\\/uploads\\\/2026\\\/02\\\/1-Llosa-vulcano-aplacado-ceniza-granollers-barcelona.jpg\",\"contentUrl\":\"https:\\\/\\\/breinco.com\\\/wp-content\\\/uploads\\\/2026\\\/02\\\/1-Llosa-vulcano-aplacado-ceniza-granollers-barcelona.jpg\",\"width\":1800,\"height\":1200},{\"@type\":\"BreadcrumbList\",\"@id\":\"https:\\\/\\\/breinco.com\\\/fr\\\/proyecto\\\/ensemble-residentiel-a-granollers\\\/#breadcrumb\",\"itemListElement\":[{\"@type\":\"ListItem\",\"position\":1,\"name\":\"Accueil\",\"item\":\"https:\\\/\\\/breinco.com\\\/fr\\\/\"},{\"@type\":\"ListItem\",\"position\":2,\"name\":\"Proyectos\",\"item\":\"https:\\\/\\\/breinco.com\\\/fr\\\/proyecto\\\/\"},{\"@type\":\"ListItem\",\"position\":3,\"name\":\"Ensemble r\u00e9sidentiel \u00e0 Granollers\"}]},{\"@type\":\"WebSite\",\"@id\":\"https:\\\/\\\/breinco.com\\\/fr\\\/#website\",\"url\":\"https:\\\/\\\/breinco.com\\\/fr\\\/\",\"name\":\"Breinco\",\"description\":\"\",\"publisher\":{\"@id\":\"https:\\\/\\\/breinco.com\\\/fr\\\/#organization\"},\"alternateName\":\"Urban Furniture, Architecture and Landscaping\",\"potentialAction\":[{\"@type\":\"SearchAction\",\"target\":{\"@type\":\"EntryPoint\",\"urlTemplate\":\"https:\\\/\\\/breinco.com\\\/fr\\\/?s={search_term_string}\"},\"query-input\":{\"@type\":\"PropertyValueSpecification\",\"valueRequired\":true,\"valueName\":\"search_term_string\"}}],\"inLanguage\":\"fr-FR\"},{\"@type\":\"Organization\",\"@id\":\"https:\\\/\\\/breinco.com\\\/fr\\\/#organization\",\"name\":\"Breinco\",\"url\":\"https:\\\/\\\/breinco.com\\\/fr\\\/\",\"logo\":{\"@type\":\"ImageObject\",\"inLanguage\":\"fr-FR\",\"@id\":\"https:\\\/\\\/breinco.com\\\/fr\\\/#\\\/schema\\\/logo\\\/image\\\/\",\"url\":\"https:\\\/\\\/breinco.com\\\/wp-content\\\/uploads\\\/2025\\\/04\\\/breinco-brand.svg\",\"contentUrl\":\"https:\\\/\\\/breinco.com\\\/wp-content\\\/uploads\\\/2025\\\/04\\\/breinco-brand.svg\",\"width\":26,\"height\":58,\"caption\":\"Breinco\"},\"image\":{\"@id\":\"https:\\\/\\\/breinco.com\\\/fr\\\/#\\\/schema\\\/logo\\\/image\\\/\"},\"sameAs\":[\"https:\\\/\\\/www.facebook.com\\\/breincosmart\\\/\",\"https:\\\/\\\/x.com\\\/breincoGroup\",\"https:\\\/\\\/www.instagram.com\\\/breinco\\\/\",\"https:\\\/\\\/www.linkedin.com\\\/company\\\/breinco-esp\\\/\"]}]}<\/script>\n<!-- \/ Yoast SEO plugin. -->","yoast_head_json":{"title":"Ensemble r\u00e9sidentiel \u00e0 Granollers - Breinco","robots":{"index":"index","follow":"follow","max-snippet":"max-snippet:-1","max-image-preview":"max-image-preview:large","max-video-preview":"max-video-preview:-1"},"canonical":"https:\/\/breinco.com\/fr\/proyecto\/ensemble-residentiel-a-granollers\/","og_locale":"fr_FR","og_type":"article","og_title":"Ensemble r\u00e9sidentiel \u00e0 Granollers - Breinco","og_description":"Ce bloc d&rsquo;appartements \u00e0 Granollers a \u00e9t\u00e9 con\u00e7u comme un ensemble r\u00e9sidentiel contemporain, o\u00f9 l\u2019architecture recherche un \u00e9quilibre entre fonctionnalit\u00e9, durabilit\u00e9 et pr\u00e9sence esth\u00e9tique au sein de l\u2019environnement urbain. Breinco est intervenu par l\u2019application de la Llosa Vulcano\u00ae en finition parement sur les parois verticales de la fa\u00e7ade, offrant une solution \u00e9l\u00e9gante, r\u00e9sistante et d\u2019un [&hellip;]","og_url":"https:\/\/breinco.com\/fr\/proyecto\/ensemble-residentiel-a-granollers\/","og_site_name":"Breinco","article_publisher":"https:\/\/www.facebook.com\/breincosmart\/","article_modified_time":"2026-04-30T16:25:36+00:00","og_image":[{"width":1800,"height":1200,"url":"https:\/\/breinco.com\/wp-content\/uploads\/2026\/02\/1-Llosa-vulcano-aplacado-ceniza-granollers-barcelona.jpg","type":"image\/jpeg"}],"twitter_card":"summary_large_image","twitter_site":"@breincoGroup","twitter_misc":{"Dur\u00e9e de lecture estim\u00e9e":"1 minute"},"schema":{"@context":"https:\/\/schema.org","@graph":[{"@type":"WebPage","@id":"https:\/\/breinco.com\/fr\/proyecto\/ensemble-residentiel-a-granollers\/","url":"https:\/\/breinco.com\/fr\/proyecto\/ensemble-residentiel-a-granollers\/","name":"Ensemble r\u00e9sidentiel \u00e0 Granollers - Breinco","isPartOf":{"@id":"https:\/\/breinco.com\/fr\/#website"},"primaryImageOfPage":{"@id":"https:\/\/breinco.com\/fr\/proyecto\/ensemble-residentiel-a-granollers\/#primaryimage"},"image":{"@id":"https:\/\/breinco.com\/fr\/proyecto\/ensemble-residentiel-a-granollers\/#primaryimage"},"thumbnailUrl":"https:\/\/breinco.com\/wp-content\/uploads\/2026\/02\/1-Llosa-vulcano-aplacado-ceniza-granollers-barcelona.jpg","datePublished":"2026-02-13T11:22:46+00:00","dateModified":"2026-04-30T16:25:36+00:00","breadcrumb":{"@id":"https:\/\/breinco.com\/fr\/proyecto\/ensemble-residentiel-a-granollers\/#breadcrumb"},"inLanguage":"fr-FR","potentialAction":[{"@type":"ReadAction","target":["https:\/\/breinco.com\/fr\/proyecto\/ensemble-residentiel-a-granollers\/"]}]},{"@type":"ImageObject","inLanguage":"fr-FR","@id":"https:\/\/breinco.com\/fr\/proyecto\/ensemble-residentiel-a-granollers\/#primaryimage","url":"https:\/\/breinco.com\/wp-content\/uploads\/2026\/02\/1-Llosa-vulcano-aplacado-ceniza-granollers-barcelona.jpg","contentUrl":"https:\/\/breinco.com\/wp-content\/uploads\/2026\/02\/1-Llosa-vulcano-aplacado-ceniza-granollers-barcelona.jpg","width":1800,"height":1200},{"@type":"BreadcrumbList","@id":"https:\/\/breinco.com\/fr\/proyecto\/ensemble-residentiel-a-granollers\/#breadcrumb","itemListElement":[{"@type":"ListItem","position":1,"name":"Accueil","item":"https:\/\/breinco.com\/fr\/"},{"@type":"ListItem","position":2,"name":"Proyectos","item":"https:\/\/breinco.com\/fr\/proyecto\/"},{"@type":"ListItem","position":3,"name":"Ensemble r\u00e9sidentiel \u00e0 Granollers"}]},{"@type":"WebSite","@id":"https:\/\/breinco.com\/fr\/#website","url":"https:\/\/breinco.com\/fr\/","name":"Breinco","description":"","publisher":{"@id":"https:\/\/breinco.com\/fr\/#organization"},"alternateName":"Urban Furniture, Architecture and Landscaping","potentialAction":[{"@type":"SearchAction","target":{"@type":"EntryPoint","urlTemplate":"https:\/\/breinco.com\/fr\/?s={search_term_string}"},"query-input":{"@type":"PropertyValueSpecification","valueRequired":true,"valueName":"search_term_string"}}],"inLanguage":"fr-FR"},{"@type":"Organization","@id":"https:\/\/breinco.com\/fr\/#organization","name":"Breinco","url":"https:\/\/breinco.com\/fr\/","logo":{"@type":"ImageObject","inLanguage":"fr-FR","@id":"https:\/\/breinco.com\/fr\/#\/schema\/logo\/image\/","url":"https:\/\/breinco.com\/wp-content\/uploads\/2025\/04\/breinco-brand.svg","contentUrl":"https:\/\/breinco.com\/wp-content\/uploads\/2025\/04\/breinco-brand.svg","width":26,"height":58,"caption":"Breinco"},"image":{"@id":"https:\/\/breinco.com\/fr\/#\/schema\/logo\/image\/"},"sameAs":["https:\/\/www.facebook.com\/breincosmart\/","https:\/\/x.com\/breincoGroup","https:\/\/www.instagram.com\/breinco\/","https:\/\/www.linkedin.com\/company\/breinco-esp\/"]}]}},"_links":{"self":[{"href":"https:\/\/breinco.com\/fr\/wp-json\/wp\/v2\/proyecto\/22989","targetHints":{"allow":["GET"]}}],"collection":[{"href":"https:\/\/breinco.com\/fr\/wp-json\/wp\/v2\/proyecto"}],"about":[{"href":"https:\/\/breinco.com\/fr\/wp-json\/wp\/v2\/types\/proyecto"}],"acf:attachment":[{"embeddable":true,"href":"https:\/\/breinco.com\/fr\/wp-json\/wp\/v2\/media\/22991"},{"embeddable":true,"href":"https:\/\/breinco.com\/fr\/wp-json\/wp\/v2\/media\/22990"}],"acf:post":[{"embeddable":true,"href":"https:\/\/breinco.com\/fr\/wp-json\/wp\/v2\/br_product\/17865"}],"wp:featuredmedia":[{"embeddable":true,"href":"https:\/\/breinco.com\/fr\/wp-json\/wp\/v2\/media\/22990"}],"wp:attachment":[{"href":"https:\/\/breinco.com\/fr\/wp-json\/wp\/v2\/media?parent=22989"}],"wp:term":[{"taxonomy":"post_tag","embeddable":true,"href":"https:\/\/breinco.com\/fr\/wp-json\/wp\/v2\/tags?post=22989"},{"taxonomy":"categoria-proyecto","embeddable":true,"href":"https:\/\/breinco.com\/fr\/wp-json\/wp\/v2\/categoria-proyecto?post=22989"}],"curies":[{"name":"wp","href":"https:\/\/api.w.org\/{rel}","templated":true}]}}