{"id":22994,"date":"2026-02-05T02:57:17","date_gmt":"2026-02-05T01:57:17","guid":{"rendered":"https:\/\/breinco.com\/proyecto\/place-rafael-alberti-a-esplugues-de-llobregat\/"},"modified":"2026-04-30T18:25:36","modified_gmt":"2026-04-30T16:25:36","slug":"place-rafael-alberti-a-esplugues-de-llobregat","status":"publish","type":"proyecto","link":"https:\/\/breinco.com\/fr\/proyecto\/place-rafael-alberti-a-esplugues-de-llobregat\/","title":{"rendered":"Place Rafael Alberti \u00e0 Esplugues de Llobregat"},"content":{"rendered":"\n<p>La <strong>Place Rafael Alberti<\/strong> a \u00e9t\u00e9 r\u00e9nov\u00e9e pour devenir un espace accessible et accueillant pour l\u2019ensemble des citoyens. L\u2019int\u00e9gration de rampes facilite l\u2019acc\u00e8s \u00e0 tous les usagers, tandis que la suppression de l\u2019ancienne rampe situ\u00e9e devant le centre social permet de disposer d\u2019une <strong>sc\u00e8ne pour les \u00e9v\u00e9nements et les activit\u00e9s culturelles<\/strong>. Cette intervention permet d&rsquo;int\u00e9grer pleinement la place dans la vie communautaire de la municipalit\u00e9.<\/p>\n\n<p>Le rev\u00eatement de sol a \u00e9t\u00e9 r\u00e9alis\u00e9 avec le mod\u00e8le <strong>Terana\u00ae six<\/strong>, combinant quatre coloris \u2014<strong>Mediterr\u00e1neo, Arena, Desierto et Cor-ten<\/strong>\u2014 qui apportent une sensation de mouvement et de dynamisme \u00e0 l\u2019ensemble. La palette chromatique permet d&rsquo;organiser visuellement la place, en d\u00e9limitant les parcours, les zones de repos et les aires de jeux pour enfants, tout en apportant de la chaleur et du caract\u00e8re \u00e0 l\u2019espace urbain.<\/p>\n\n<p>La v\u00e9g\u00e9tation joue un r\u00f4le de premier plan: la plantation d\u2019arbustes \u00e0 floraison saisonni\u00e8re et d\u2019arbres strat\u00e9giquement positionn\u00e9s apporte de la couleur et de l\u2019ombre tout au long de l\u2019ann\u00e9e. Cette intervention cr\u00e9e des parcours vari\u00e9s et des zones de repos qui invitent \u00e0 la fl\u00e2nerie, favorisant aussi bien l&rsquo;usage quotidien que la tenue d&rsquo;\u00e9v\u00e9nements communautaires.<\/p>\n\n<p>Gr\u00e2ce \u00e0 cette r\u00e9novation, la place allie accessibilit\u00e9, esth\u00e9tique et fonctionnalit\u00e9, s\u2019affirmant comme un espace urbain polyvalent et vivant, capable de s\u2019adapter aux diff\u00e9rents usages et aux moments cl\u00e9s de l\u2019ann\u00e9e.<\/p>\n\n<p><\/p>\n","protected":false},"featured_media":0,"template":"","meta":{"_acf_changed":false},"tags":[950],"categoria-proyecto":[935],"class_list":["post-22994","proyecto","type-proyecto","status-publish","hentry","tag-terana-six","categoria-proyecto-paysage-urbain"],"acf":{"localitzacio-projecte":"Barcelona","credits-projecte":"","fotografia-projecte":"","producte_resum":"Terana\u00ae six","producte-projecte":"Terana\u00ae six | 20 x 10 x 8 cm | Mediterr\u00e1neo, Arena, Desierto &amp; Cor-ten | Standard\u00ae\r\n\r\n&nbsp;","productes_relacionats":[17099],"galeria-projecte":[12211,12213,12214,12212,12215,12217,12216]},"yoast_head":"<!-- This site is optimized with the Yoast SEO plugin v27.5 - https:\/\/yoast.com\/product\/yoast-seo-wordpress\/ -->\n<title>Place Rafael Alberti \u00e0 Esplugues de Llobregat - Breinco<\/title>\n<meta name=\"robots\" content=\"index, follow, max-snippet:-1, max-image-preview:large, max-video-preview:-1\" \/>\n<link rel=\"canonical\" href=\"https:\/\/breinco.com\/fr\/proyecto\/place-rafael-alberti-a-esplugues-de-llobregat\/\" \/>\n<meta property=\"og:locale\" content=\"fr_FR\" \/>\n<meta property=\"og:type\" content=\"article\" \/>\n<meta property=\"og:title\" content=\"Place Rafael Alberti \u00e0 Esplugues de Llobregat - Breinco\" \/>\n<meta property=\"og:description\" content=\"La Place Rafael Alberti a \u00e9t\u00e9 r\u00e9nov\u00e9e pour devenir un espace accessible et accueillant pour l\u2019ensemble des citoyens. L\u2019int\u00e9gration de rampes facilite l\u2019acc\u00e8s \u00e0 tous les usagers, tandis que la suppression de l\u2019ancienne rampe situ\u00e9e devant le centre social permet de disposer d\u2019une sc\u00e8ne pour les \u00e9v\u00e9nements et les activit\u00e9s culturelles. Cette intervention permet d&rsquo;int\u00e9grer [&hellip;]\" \/>\n<meta property=\"og:url\" content=\"https:\/\/breinco.com\/fr\/proyecto\/place-rafael-alberti-a-esplugues-de-llobregat\/\" \/>\n<meta property=\"og:site_name\" content=\"Breinco\" \/>\n<meta property=\"article:publisher\" content=\"https:\/\/www.facebook.com\/breincosmart\/\" \/>\n<meta property=\"article:modified_time\" content=\"2026-04-30T16:25:36+00:00\" \/>\n<meta property=\"og:image\" content=\"https:\/\/breinco.com\/wp-content\/uploads\/2026\/02\/breinco-feat-img.webp\" \/>\n\t<meta property=\"og:image:width\" content=\"1200\" \/>\n\t<meta property=\"og:image:height\" content=\"800\" \/>\n\t<meta property=\"og:image:type\" content=\"image\/webp\" \/>\n<meta name=\"twitter:card\" content=\"summary_large_image\" \/>\n<meta name=\"twitter:site\" content=\"@breincoGroup\" \/>\n<meta name=\"twitter:label1\" content=\"Dur\u00e9e de lecture estim\u00e9e\" \/>\n\t<meta name=\"twitter:data1\" content=\"1 minute\" \/>\n<script type=\"application\/ld+json\" class=\"yoast-schema-graph\">{\"@context\":\"https:\\\/\\\/schema.org\",\"@graph\":[{\"@type\":\"WebPage\",\"@id\":\"https:\\\/\\\/breinco.com\\\/fr\\\/proyecto\\\/place-rafael-alberti-a-esplugues-de-llobregat\\\/\",\"url\":\"https:\\\/\\\/breinco.com\\\/fr\\\/proyecto\\\/place-rafael-alberti-a-esplugues-de-llobregat\\\/\",\"name\":\"Place Rafael Alberti \u00e0 Esplugues de Llobregat - Breinco\",\"isPartOf\":{\"@id\":\"https:\\\/\\\/breinco.com\\\/fr\\\/#website\"},\"datePublished\":\"2026-02-05T01:57:17+00:00\",\"dateModified\":\"2026-04-30T16:25:36+00:00\",\"breadcrumb\":{\"@id\":\"https:\\\/\\\/breinco.com\\\/fr\\\/proyecto\\\/place-rafael-alberti-a-esplugues-de-llobregat\\\/#breadcrumb\"},\"inLanguage\":\"fr-FR\",\"potentialAction\":[{\"@type\":\"ReadAction\",\"target\":[\"https:\\\/\\\/breinco.com\\\/fr\\\/proyecto\\\/place-rafael-alberti-a-esplugues-de-llobregat\\\/\"]}]},{\"@type\":\"BreadcrumbList\",\"@id\":\"https:\\\/\\\/breinco.com\\\/fr\\\/proyecto\\\/place-rafael-alberti-a-esplugues-de-llobregat\\\/#breadcrumb\",\"itemListElement\":[{\"@type\":\"ListItem\",\"position\":1,\"name\":\"Accueil\",\"item\":\"https:\\\/\\\/breinco.com\\\/fr\\\/\"},{\"@type\":\"ListItem\",\"position\":2,\"name\":\"Proyectos\",\"item\":\"https:\\\/\\\/breinco.com\\\/fr\\\/proyecto\\\/\"},{\"@type\":\"ListItem\",\"position\":3,\"name\":\"Place Rafael Alberti \u00e0 Esplugues de Llobregat\"}]},{\"@type\":\"WebSite\",\"@id\":\"https:\\\/\\\/breinco.com\\\/fr\\\/#website\",\"url\":\"https:\\\/\\\/breinco.com\\\/fr\\\/\",\"name\":\"Breinco\",\"description\":\"\",\"publisher\":{\"@id\":\"https:\\\/\\\/breinco.com\\\/fr\\\/#organization\"},\"alternateName\":\"Urban Furniture, Architecture and Landscaping\",\"potentialAction\":[{\"@type\":\"SearchAction\",\"target\":{\"@type\":\"EntryPoint\",\"urlTemplate\":\"https:\\\/\\\/breinco.com\\\/fr\\\/?s={search_term_string}\"},\"query-input\":{\"@type\":\"PropertyValueSpecification\",\"valueRequired\":true,\"valueName\":\"search_term_string\"}}],\"inLanguage\":\"fr-FR\"},{\"@type\":\"Organization\",\"@id\":\"https:\\\/\\\/breinco.com\\\/fr\\\/#organization\",\"name\":\"Breinco\",\"url\":\"https:\\\/\\\/breinco.com\\\/fr\\\/\",\"logo\":{\"@type\":\"ImageObject\",\"inLanguage\":\"fr-FR\",\"@id\":\"https:\\\/\\\/breinco.com\\\/fr\\\/#\\\/schema\\\/logo\\\/image\\\/\",\"url\":\"https:\\\/\\\/breinco.com\\\/wp-content\\\/uploads\\\/2025\\\/04\\\/breinco-brand.svg\",\"contentUrl\":\"https:\\\/\\\/breinco.com\\\/wp-content\\\/uploads\\\/2025\\\/04\\\/breinco-brand.svg\",\"width\":26,\"height\":58,\"caption\":\"Breinco\"},\"image\":{\"@id\":\"https:\\\/\\\/breinco.com\\\/fr\\\/#\\\/schema\\\/logo\\\/image\\\/\"},\"sameAs\":[\"https:\\\/\\\/www.facebook.com\\\/breincosmart\\\/\",\"https:\\\/\\\/x.com\\\/breincoGroup\",\"https:\\\/\\\/www.instagram.com\\\/breinco\\\/\",\"https:\\\/\\\/www.linkedin.com\\\/company\\\/breinco-esp\\\/\"]}]}<\/script>\n<!-- \/ Yoast SEO plugin. -->","yoast_head_json":{"title":"Place Rafael Alberti \u00e0 Esplugues de Llobregat - Breinco","robots":{"index":"index","follow":"follow","max-snippet":"max-snippet:-1","max-image-preview":"max-image-preview:large","max-video-preview":"max-video-preview:-1"},"canonical":"https:\/\/breinco.com\/fr\/proyecto\/place-rafael-alberti-a-esplugues-de-llobregat\/","og_locale":"fr_FR","og_type":"article","og_title":"Place Rafael Alberti \u00e0 Esplugues de Llobregat - Breinco","og_description":"La Place Rafael Alberti a \u00e9t\u00e9 r\u00e9nov\u00e9e pour devenir un espace accessible et accueillant pour l\u2019ensemble des citoyens. L\u2019int\u00e9gration de rampes facilite l\u2019acc\u00e8s \u00e0 tous les usagers, tandis que la suppression de l\u2019ancienne rampe situ\u00e9e devant le centre social permet de disposer d\u2019une sc\u00e8ne pour les \u00e9v\u00e9nements et les activit\u00e9s culturelles. Cette intervention permet d&rsquo;int\u00e9grer [&hellip;]","og_url":"https:\/\/breinco.com\/fr\/proyecto\/place-rafael-alberti-a-esplugues-de-llobregat\/","og_site_name":"Breinco","article_publisher":"https:\/\/www.facebook.com\/breincosmart\/","article_modified_time":"2026-04-30T16:25:36+00:00","og_image":[{"width":1200,"height":800,"url":"https:\/\/breinco.com\/wp-content\/uploads\/2026\/02\/breinco-feat-img.webp","type":"image\/webp"}],"twitter_card":"summary_large_image","twitter_site":"@breincoGroup","twitter_misc":{"Dur\u00e9e de lecture estim\u00e9e":"1 minute"},"schema":{"@context":"https:\/\/schema.org","@graph":[{"@type":"WebPage","@id":"https:\/\/breinco.com\/fr\/proyecto\/place-rafael-alberti-a-esplugues-de-llobregat\/","url":"https:\/\/breinco.com\/fr\/proyecto\/place-rafael-alberti-a-esplugues-de-llobregat\/","name":"Place Rafael Alberti \u00e0 Esplugues de Llobregat - Breinco","isPartOf":{"@id":"https:\/\/breinco.com\/fr\/#website"},"datePublished":"2026-02-05T01:57:17+00:00","dateModified":"2026-04-30T16:25:36+00:00","breadcrumb":{"@id":"https:\/\/breinco.com\/fr\/proyecto\/place-rafael-alberti-a-esplugues-de-llobregat\/#breadcrumb"},"inLanguage":"fr-FR","potentialAction":[{"@type":"ReadAction","target":["https:\/\/breinco.com\/fr\/proyecto\/place-rafael-alberti-a-esplugues-de-llobregat\/"]}]},{"@type":"BreadcrumbList","@id":"https:\/\/breinco.com\/fr\/proyecto\/place-rafael-alberti-a-esplugues-de-llobregat\/#breadcrumb","itemListElement":[{"@type":"ListItem","position":1,"name":"Accueil","item":"https:\/\/breinco.com\/fr\/"},{"@type":"ListItem","position":2,"name":"Proyectos","item":"https:\/\/breinco.com\/fr\/proyecto\/"},{"@type":"ListItem","position":3,"name":"Place Rafael Alberti \u00e0 Esplugues de Llobregat"}]},{"@type":"WebSite","@id":"https:\/\/breinco.com\/fr\/#website","url":"https:\/\/breinco.com\/fr\/","name":"Breinco","description":"","publisher":{"@id":"https:\/\/breinco.com\/fr\/#organization"},"alternateName":"Urban Furniture, Architecture and Landscaping","potentialAction":[{"@type":"SearchAction","target":{"@type":"EntryPoint","urlTemplate":"https:\/\/breinco.com\/fr\/?s={search_term_string}"},"query-input":{"@type":"PropertyValueSpecification","valueRequired":true,"valueName":"search_term_string"}}],"inLanguage":"fr-FR"},{"@type":"Organization","@id":"https:\/\/breinco.com\/fr\/#organization","name":"Breinco","url":"https:\/\/breinco.com\/fr\/","logo":{"@type":"ImageObject","inLanguage":"fr-FR","@id":"https:\/\/breinco.com\/fr\/#\/schema\/logo\/image\/","url":"https:\/\/breinco.com\/wp-content\/uploads\/2025\/04\/breinco-brand.svg","contentUrl":"https:\/\/breinco.com\/wp-content\/uploads\/2025\/04\/breinco-brand.svg","width":26,"height":58,"caption":"Breinco"},"image":{"@id":"https:\/\/breinco.com\/fr\/#\/schema\/logo\/image\/"},"sameAs":["https:\/\/www.facebook.com\/breincosmart\/","https:\/\/x.com\/breincoGroup","https:\/\/www.instagram.com\/breinco\/","https:\/\/www.linkedin.com\/company\/breinco-esp\/"]}]}},"_links":{"self":[{"href":"https:\/\/breinco.com\/fr\/wp-json\/wp\/v2\/proyecto\/22994","targetHints":{"allow":["GET"]}}],"collection":[{"href":"https:\/\/breinco.com\/fr\/wp-json\/wp\/v2\/proyecto"}],"about":[{"href":"https:\/\/breinco.com\/fr\/wp-json\/wp\/v2\/types\/proyecto"}],"acf:attachment":[{"embeddable":true,"href":"https:\/\/breinco.com\/fr\/wp-json\/wp\/v2\/media\/12216"},{"embeddable":true,"href":"https:\/\/breinco.com\/fr\/wp-json\/wp\/v2\/media\/12217"},{"embeddable":true,"href":"https:\/\/breinco.com\/fr\/wp-json\/wp\/v2\/media\/12215"},{"embeddable":true,"href":"https:\/\/breinco.com\/fr\/wp-json\/wp\/v2\/media\/12212"},{"embeddable":true,"href":"https:\/\/breinco.com\/fr\/wp-json\/wp\/v2\/media\/12214"},{"embeddable":true,"href":"https:\/\/breinco.com\/fr\/wp-json\/wp\/v2\/media\/12213"},{"embeddable":true,"href":"https:\/\/breinco.com\/fr\/wp-json\/wp\/v2\/media\/12211"}],"acf:post":[{"embeddable":true,"href":"https:\/\/breinco.com\/fr\/wp-json\/wp\/v2\/br_product\/17099"}],"wp:attachment":[{"href":"https:\/\/breinco.com\/fr\/wp-json\/wp\/v2\/media?parent=22994"}],"wp:term":[{"taxonomy":"post_tag","embeddable":true,"href":"https:\/\/breinco.com\/fr\/wp-json\/wp\/v2\/tags?post=22994"},{"taxonomy":"categoria-proyecto","embeddable":true,"href":"https:\/\/breinco.com\/fr\/wp-json\/wp\/v2\/categoria-proyecto?post=22994"}],"curies":[{"name":"wp","href":"https:\/\/api.w.org\/{rel}","templated":true}]}}