{"id":23002,"date":"2026-02-13T13:49:11","date_gmt":"2026-02-13T12:49:11","guid":{"rendered":"https:\/\/breinco.com\/proyecto\/rehabilitation-du-parc-daffaires-san-fernando\/"},"modified":"2026-04-30T18:25:36","modified_gmt":"2026-04-30T16:25:36","slug":"rehabilitation-du-parc-daffaires-san-fernando","status":"publish","type":"proyecto","link":"https:\/\/breinco.com\/fr\/proyecto\/rehabilitation-du-parc-daffaires-san-fernando\/","title":{"rendered":"R\u00e9habilitation du Parc d\u2019Affaires San Fernando"},"content":{"rendered":"\n<p>Le Parc d\u2019Affaires San Fernando \u00e0 Madrid s\u2019affirme comme un p\u00f4le d\u2019activit\u00e9 tertiaire moderne, con\u00e7u pour accueillir des bureaux, des zones de services et des espaces communs au sein d\u2019un environnement ouvert, fonctionnel et contemporain. L\u2019intervention dessine un paysage ext\u00e9rieur qui valorise l\u2019accessibilit\u00e9, la qualit\u00e9 environnementale et l\u2019interaction entre les diff\u00e9rents espaces d\u2019usage.<\/p>\n\n<p>Dans cette intervention, les \u00e9l\u00e9ments de mobilier urbain <strong>Pause<\/strong> et <strong>Basic 50<\/strong> ont \u00e9t\u00e9 int\u00e9gr\u00e9s, apportant une nouvelle dimension esth\u00e9tique et fonctionnelle \u00e0 l\u2019ensemble de l\u2019espace ext\u00e9rieur. La combinaison de pavements et de mobilier permet d\u2019articuler les itin\u00e9raires pi\u00e9tonniers, les zones d\u2019attente et les espaces de repos, g\u00e9n\u00e9rant ainsi un environnement plus dynamique, confortable et accueillant pour les travailleurs, les clients et les visiteurs.<\/p>\n\n<p>Le r\u00e9sultat est un espace ext\u00e9rieur qui allie design, fonctionnalit\u00e9 et confort, adaptant le parc d\u2019affaires aux besoins actuels tout en cr\u00e9ant un environnement accessible, esth\u00e9tiquement coh\u00e9rent et attractif, en parfaite ad\u00e9quation avec l\u2019identit\u00e9 d\u2019un complexe tertiaire contemporain \u00e0 Madrid.<\/p>\n\n<p><\/p>\n","protected":false},"featured_media":0,"template":"","meta":{"_acf_changed":false},"tags":[],"categoria-proyecto":[],"class_list":["post-23002","proyecto","type-proyecto","status-publish","hentry"],"acf":{"localitzacio-projecte":"Madrid","credits-projecte":"","fotografia-projecte":"","producte_resum":"Basic 50 y Pause","producte-projecte":"Basic 50 | 140 x 46 x 50 cm | 50 x 46 x 50 cm | Grey Wet | Smooth\u00ae\r\n\r\nPause | 175 x 45 x 60 cm\r\n\r\n&nbsp;\r\n\r\n&nbsp;","productes_relacionats":[18158,17960],"galeria-projecte":[13286,23003,13289]},"yoast_head":"<!-- This site is optimized with the Yoast SEO plugin v27.5 - https:\/\/yoast.com\/product\/yoast-seo-wordpress\/ -->\n<title>R\u00e9habilitation du Parc d\u2019Affaires San Fernando - Breinco<\/title>\n<meta name=\"robots\" content=\"index, follow, max-snippet:-1, max-image-preview:large, max-video-preview:-1\" \/>\n<link rel=\"canonical\" href=\"https:\/\/breinco.com\/fr\/proyecto\/rehabilitation-du-parc-daffaires-san-fernando\/\" \/>\n<meta property=\"og:locale\" content=\"fr_FR\" \/>\n<meta property=\"og:type\" content=\"article\" \/>\n<meta property=\"og:title\" content=\"R\u00e9habilitation du Parc d\u2019Affaires San Fernando - Breinco\" \/>\n<meta property=\"og:description\" content=\"Le Parc d\u2019Affaires San Fernando \u00e0 Madrid s\u2019affirme comme un p\u00f4le d\u2019activit\u00e9 tertiaire moderne, con\u00e7u pour accueillir des bureaux, des zones de services et des espaces communs au sein d\u2019un environnement ouvert, fonctionnel et contemporain. L\u2019intervention dessine un paysage ext\u00e9rieur qui valorise l\u2019accessibilit\u00e9, la qualit\u00e9 environnementale et l\u2019interaction entre les diff\u00e9rents espaces d\u2019usage. Dans cette [&hellip;]\" \/>\n<meta property=\"og:url\" content=\"https:\/\/breinco.com\/fr\/proyecto\/rehabilitation-du-parc-daffaires-san-fernando\/\" \/>\n<meta property=\"og:site_name\" content=\"Breinco\" \/>\n<meta property=\"article:publisher\" content=\"https:\/\/www.facebook.com\/breincosmart\/\" \/>\n<meta property=\"article:modified_time\" content=\"2026-04-30T16:25:36+00:00\" \/>\n<meta property=\"og:image\" content=\"https:\/\/breinco.com\/wp-content\/uploads\/2026\/02\/breinco-feat-img.webp\" \/>\n\t<meta property=\"og:image:width\" content=\"1200\" \/>\n\t<meta property=\"og:image:height\" content=\"800\" \/>\n\t<meta property=\"og:image:type\" content=\"image\/webp\" \/>\n<meta name=\"twitter:card\" content=\"summary_large_image\" \/>\n<meta name=\"twitter:site\" content=\"@breincoGroup\" \/>\n<meta name=\"twitter:label1\" content=\"Dur\u00e9e de lecture estim\u00e9e\" \/>\n\t<meta name=\"twitter:data1\" content=\"1 minute\" \/>\n<script type=\"application\/ld+json\" class=\"yoast-schema-graph\">{\"@context\":\"https:\\\/\\\/schema.org\",\"@graph\":[{\"@type\":\"WebPage\",\"@id\":\"https:\\\/\\\/breinco.com\\\/fr\\\/proyecto\\\/rehabilitation-du-parc-daffaires-san-fernando\\\/\",\"url\":\"https:\\\/\\\/breinco.com\\\/fr\\\/proyecto\\\/rehabilitation-du-parc-daffaires-san-fernando\\\/\",\"name\":\"R\u00e9habilitation du Parc d\u2019Affaires San Fernando - Breinco\",\"isPartOf\":{\"@id\":\"https:\\\/\\\/breinco.com\\\/fr\\\/#website\"},\"datePublished\":\"2026-02-13T12:49:11+00:00\",\"dateModified\":\"2026-04-30T16:25:36+00:00\",\"breadcrumb\":{\"@id\":\"https:\\\/\\\/breinco.com\\\/fr\\\/proyecto\\\/rehabilitation-du-parc-daffaires-san-fernando\\\/#breadcrumb\"},\"inLanguage\":\"fr-FR\",\"potentialAction\":[{\"@type\":\"ReadAction\",\"target\":[\"https:\\\/\\\/breinco.com\\\/fr\\\/proyecto\\\/rehabilitation-du-parc-daffaires-san-fernando\\\/\"]}]},{\"@type\":\"BreadcrumbList\",\"@id\":\"https:\\\/\\\/breinco.com\\\/fr\\\/proyecto\\\/rehabilitation-du-parc-daffaires-san-fernando\\\/#breadcrumb\",\"itemListElement\":[{\"@type\":\"ListItem\",\"position\":1,\"name\":\"Accueil\",\"item\":\"https:\\\/\\\/breinco.com\\\/fr\\\/\"},{\"@type\":\"ListItem\",\"position\":2,\"name\":\"Proyectos\",\"item\":\"https:\\\/\\\/breinco.com\\\/fr\\\/proyecto\\\/\"},{\"@type\":\"ListItem\",\"position\":3,\"name\":\"R\u00e9habilitation du Parc d\u2019Affaires San Fernando\"}]},{\"@type\":\"WebSite\",\"@id\":\"https:\\\/\\\/breinco.com\\\/fr\\\/#website\",\"url\":\"https:\\\/\\\/breinco.com\\\/fr\\\/\",\"name\":\"Breinco\",\"description\":\"\",\"publisher\":{\"@id\":\"https:\\\/\\\/breinco.com\\\/fr\\\/#organization\"},\"alternateName\":\"Urban Furniture, Architecture and Landscaping\",\"potentialAction\":[{\"@type\":\"SearchAction\",\"target\":{\"@type\":\"EntryPoint\",\"urlTemplate\":\"https:\\\/\\\/breinco.com\\\/fr\\\/?s={search_term_string}\"},\"query-input\":{\"@type\":\"PropertyValueSpecification\",\"valueRequired\":true,\"valueName\":\"search_term_string\"}}],\"inLanguage\":\"fr-FR\"},{\"@type\":\"Organization\",\"@id\":\"https:\\\/\\\/breinco.com\\\/fr\\\/#organization\",\"name\":\"Breinco\",\"url\":\"https:\\\/\\\/breinco.com\\\/fr\\\/\",\"logo\":{\"@type\":\"ImageObject\",\"inLanguage\":\"fr-FR\",\"@id\":\"https:\\\/\\\/breinco.com\\\/fr\\\/#\\\/schema\\\/logo\\\/image\\\/\",\"url\":\"https:\\\/\\\/breinco.com\\\/wp-content\\\/uploads\\\/2025\\\/04\\\/breinco-brand.svg\",\"contentUrl\":\"https:\\\/\\\/breinco.com\\\/wp-content\\\/uploads\\\/2025\\\/04\\\/breinco-brand.svg\",\"width\":26,\"height\":58,\"caption\":\"Breinco\"},\"image\":{\"@id\":\"https:\\\/\\\/breinco.com\\\/fr\\\/#\\\/schema\\\/logo\\\/image\\\/\"},\"sameAs\":[\"https:\\\/\\\/www.facebook.com\\\/breincosmart\\\/\",\"https:\\\/\\\/x.com\\\/breincoGroup\",\"https:\\\/\\\/www.instagram.com\\\/breinco\\\/\",\"https:\\\/\\\/www.linkedin.com\\\/company\\\/breinco-esp\\\/\"]}]}<\/script>\n<!-- \/ Yoast SEO plugin. -->","yoast_head_json":{"title":"R\u00e9habilitation du Parc d\u2019Affaires San Fernando - Breinco","robots":{"index":"index","follow":"follow","max-snippet":"max-snippet:-1","max-image-preview":"max-image-preview:large","max-video-preview":"max-video-preview:-1"},"canonical":"https:\/\/breinco.com\/fr\/proyecto\/rehabilitation-du-parc-daffaires-san-fernando\/","og_locale":"fr_FR","og_type":"article","og_title":"R\u00e9habilitation du Parc d\u2019Affaires San Fernando - Breinco","og_description":"Le Parc d\u2019Affaires San Fernando \u00e0 Madrid s\u2019affirme comme un p\u00f4le d\u2019activit\u00e9 tertiaire moderne, con\u00e7u pour accueillir des bureaux, des zones de services et des espaces communs au sein d\u2019un environnement ouvert, fonctionnel et contemporain. L\u2019intervention dessine un paysage ext\u00e9rieur qui valorise l\u2019accessibilit\u00e9, la qualit\u00e9 environnementale et l\u2019interaction entre les diff\u00e9rents espaces d\u2019usage. Dans cette [&hellip;]","og_url":"https:\/\/breinco.com\/fr\/proyecto\/rehabilitation-du-parc-daffaires-san-fernando\/","og_site_name":"Breinco","article_publisher":"https:\/\/www.facebook.com\/breincosmart\/","article_modified_time":"2026-04-30T16:25:36+00:00","og_image":[{"width":1200,"height":800,"url":"https:\/\/breinco.com\/wp-content\/uploads\/2026\/02\/breinco-feat-img.webp","type":"image\/webp"}],"twitter_card":"summary_large_image","twitter_site":"@breincoGroup","twitter_misc":{"Dur\u00e9e de lecture estim\u00e9e":"1 minute"},"schema":{"@context":"https:\/\/schema.org","@graph":[{"@type":"WebPage","@id":"https:\/\/breinco.com\/fr\/proyecto\/rehabilitation-du-parc-daffaires-san-fernando\/","url":"https:\/\/breinco.com\/fr\/proyecto\/rehabilitation-du-parc-daffaires-san-fernando\/","name":"R\u00e9habilitation du Parc d\u2019Affaires San Fernando - Breinco","isPartOf":{"@id":"https:\/\/breinco.com\/fr\/#website"},"datePublished":"2026-02-13T12:49:11+00:00","dateModified":"2026-04-30T16:25:36+00:00","breadcrumb":{"@id":"https:\/\/breinco.com\/fr\/proyecto\/rehabilitation-du-parc-daffaires-san-fernando\/#breadcrumb"},"inLanguage":"fr-FR","potentialAction":[{"@type":"ReadAction","target":["https:\/\/breinco.com\/fr\/proyecto\/rehabilitation-du-parc-daffaires-san-fernando\/"]}]},{"@type":"BreadcrumbList","@id":"https:\/\/breinco.com\/fr\/proyecto\/rehabilitation-du-parc-daffaires-san-fernando\/#breadcrumb","itemListElement":[{"@type":"ListItem","position":1,"name":"Accueil","item":"https:\/\/breinco.com\/fr\/"},{"@type":"ListItem","position":2,"name":"Proyectos","item":"https:\/\/breinco.com\/fr\/proyecto\/"},{"@type":"ListItem","position":3,"name":"R\u00e9habilitation du Parc d\u2019Affaires San Fernando"}]},{"@type":"WebSite","@id":"https:\/\/breinco.com\/fr\/#website","url":"https:\/\/breinco.com\/fr\/","name":"Breinco","description":"","publisher":{"@id":"https:\/\/breinco.com\/fr\/#organization"},"alternateName":"Urban Furniture, Architecture and Landscaping","potentialAction":[{"@type":"SearchAction","target":{"@type":"EntryPoint","urlTemplate":"https:\/\/breinco.com\/fr\/?s={search_term_string}"},"query-input":{"@type":"PropertyValueSpecification","valueRequired":true,"valueName":"search_term_string"}}],"inLanguage":"fr-FR"},{"@type":"Organization","@id":"https:\/\/breinco.com\/fr\/#organization","name":"Breinco","url":"https:\/\/breinco.com\/fr\/","logo":{"@type":"ImageObject","inLanguage":"fr-FR","@id":"https:\/\/breinco.com\/fr\/#\/schema\/logo\/image\/","url":"https:\/\/breinco.com\/wp-content\/uploads\/2025\/04\/breinco-brand.svg","contentUrl":"https:\/\/breinco.com\/wp-content\/uploads\/2025\/04\/breinco-brand.svg","width":26,"height":58,"caption":"Breinco"},"image":{"@id":"https:\/\/breinco.com\/fr\/#\/schema\/logo\/image\/"},"sameAs":["https:\/\/www.facebook.com\/breincosmart\/","https:\/\/x.com\/breincoGroup","https:\/\/www.instagram.com\/breinco\/","https:\/\/www.linkedin.com\/company\/breinco-esp\/"]}]}},"_links":{"self":[{"href":"https:\/\/breinco.com\/fr\/wp-json\/wp\/v2\/proyecto\/23002","targetHints":{"allow":["GET"]}}],"collection":[{"href":"https:\/\/breinco.com\/fr\/wp-json\/wp\/v2\/proyecto"}],"about":[{"href":"https:\/\/breinco.com\/fr\/wp-json\/wp\/v2\/types\/proyecto"}],"acf:attachment":[{"embeddable":true,"href":"https:\/\/breinco.com\/fr\/wp-json\/wp\/v2\/media\/13289"},{"embeddable":true,"href":"https:\/\/breinco.com\/fr\/wp-json\/wp\/v2\/media\/23003"},{"embeddable":true,"href":"https:\/\/breinco.com\/fr\/wp-json\/wp\/v2\/media\/13286"}],"acf:post":[{"embeddable":true,"href":"https:\/\/breinco.com\/fr\/wp-json\/wp\/v2\/br_product\/17960"},{"embeddable":true,"href":"https:\/\/breinco.com\/fr\/wp-json\/wp\/v2\/br_product\/18158"}],"wp:attachment":[{"href":"https:\/\/breinco.com\/fr\/wp-json\/wp\/v2\/media?parent=23002"}],"wp:term":[{"taxonomy":"post_tag","embeddable":true,"href":"https:\/\/breinco.com\/fr\/wp-json\/wp\/v2\/tags?post=23002"},{"taxonomy":"categoria-proyecto","embeddable":true,"href":"https:\/\/breinco.com\/fr\/wp-json\/wp\/v2\/categoria-proyecto?post=23002"}],"curies":[{"name":"wp","href":"https:\/\/api.w.org\/{rel}","templated":true}]}}