{"id":23004,"date":"2025-11-10T09:56:37","date_gmt":"2025-11-10T08:56:37","guid":{"rendered":"https:\/\/breinco.com\/proyecto\/place-dels-germans-sabat-une-zone-de-qualite-pour-le-pieton\/"},"modified":"2026-04-30T18:25:37","modified_gmt":"2026-04-30T16:25:37","slug":"place-dels-germans-sabat-une-zone-de-qualite-pour-le-pieton","status":"publish","type":"proyecto","link":"https:\/\/breinco.com\/fr\/proyecto\/place-dels-germans-sabat-une-zone-de-qualite-pour-le-pieton\/","title":{"rendered":"Place dels Germans S\u00e0bat: une zone de qualit\u00e9 pour le pi\u00e9ton"},"content":{"rendered":"\n<p>La Place dels Germans S\u00e0bat a connu une transformation profonde qui l&rsquo;a convertie en un espace de convivialit\u00e9 pi\u00e9tonnier, fonctionnel et contemporain.<br\/>Le nouveau design red\u00e9finit la place comme un point de rencontre qui favorise la vie sociale, la d\u00e9tente et le commerce local.<\/p>\n\n<p class=\"has-medium-font-size\"><strong>Une place r\u00e9nov\u00e9e pour la vie urbaine<\/strong><\/p>\n\n<p>Autrefois, la place dels Germans S\u00e0bat \u00e9tait une esplanade asphalt\u00e9e destin\u00e9e au trafic routier et au stationnement. Le projet de r\u00e9novation a mis\u00e9 sur le retour du pi\u00e9ton au premier plan, en r\u00e9duisant la circulation des v\u00e9hicules et en introduisant des zones vertes et de repos qui apportent qualit\u00e9 environnementale et confort urbain.<\/p>\n\n<p>Parmi les interventions marquantes, on compte la <strong>plantation d\u2019une quinzaine d\u2019arbres<\/strong>, la cr\u00e9ation d\u2019aires ombrag\u00e9es et l\u2019int\u00e9gration d\u2019<strong>un parking pour v\u00e9los<\/strong>, renfor\u00e7ant ainsi la mobilit\u00e9 durable. De plus, le nouveau design garantit l&rsquo;<strong>accessibilit\u00e9 universelle<\/strong>, en adaptant la place aux personnes \u00e0 mobilit\u00e9 r\u00e9duite.<\/p>\n\n<p class=\"has-medium-font-size\"><strong>Un banc curviligne qui embrasse la place<\/strong><\/p>\n\n<p>L&rsquo;un des \u00e9l\u00e9ments les plus repr\u00e9sentatifs du projet est le <strong>banc curviligne en b\u00e9ton architectural Wetcast\u00ae<\/strong>, con\u00e7u en collaboration avec le d\u00e9partement technique de Breinco. Ce mobilier urbain enveloppe la place d&rsquo;une ligne fluide et organique qui articule les espaces de d\u00e9tente, en les s\u00e9parant des zones de circulation.<\/p>\n\n<p>Le banc est compl\u00e9t\u00e9 par des <strong>dalles de rev\u00eatement Wetcast\u00ae<\/strong>, qui apportent une continuit\u00e9 visuelle et une texture raffin\u00e9e, int\u00e9grant l&rsquo;ensemble \u00e0 l&rsquo;architecture et \u00e0 la v\u00e9g\u00e9tation environnantes.<\/p>\n\n<p class=\"has-medium-font-size\"><strong>Wetcast\u00ae | Polyvalence, design et durabilit\u00e9<\/strong><\/p>\n\n<p>Le b\u00e9ton architectural <strong>Wet-Cast\u00ae<\/strong> de Breinco offre une solution sur mesure pour les projets aux exigences esth\u00e9tiques et fonctionnelles \u00e9lev\u00e9es. Sa technologie permet de fabriquer des pi\u00e8ces uniques, r\u00e9sistantes et de haute qualit\u00e9, adapt\u00e9es \u00e0 n&rsquo;importe quelle g\u00e9om\u00e9trie ou finition.<\/p>\n\n<p>La nouvelle Place dels Germans S\u00e0bat s\u2019affirme comme une zone accueillante, verte et sociale, pens\u00e9e pour le bien-\u00eatre du citoyen.<\/p>\n","protected":false},"featured_media":0,"template":"","meta":{"_acf_changed":false},"tags":[1225,1226,952,937],"categoria-proyecto":[936,935],"class_list":["post-23004","proyecto","type-proyecto","status-publish","hentry","tag-banco","tag-llosa","tag-mobiliario","tag-wetcast","categoria-proyecto-beton-architectonique","categoria-proyecto-paysage-urbain"],"acf":{"localitzacio-projecte":"Girona","credits-projecte":"Ana Coello | Clara Jim\u00e9nez Xiberta","fotografia-projecte":"","producte_resum":"Wet-Cast\u00ae ","producte-projecte":"Banco curvil\u00edneo de hormig\u00f3n arquitect\u00f3nico | Wet-Cast\u00ae\r\n\r\nLosas de hormig\u00f3n arquitect\u00f3nico | WetCast\u00ae\r\n\r\n&nbsp;","productes_relacionats":[17352],"galeria-projecte":[5906,5907,5908,5909,5910]},"yoast_head":"<!-- This site is optimized with the Yoast SEO plugin v27.5 - https:\/\/yoast.com\/product\/yoast-seo-wordpress\/ -->\n<title>Place dels Germans S\u00e0bat: une zone de qualit\u00e9 pour le pi\u00e9ton - Breinco<\/title>\n<meta name=\"robots\" content=\"index, follow, max-snippet:-1, max-image-preview:large, max-video-preview:-1\" \/>\n<link rel=\"canonical\" href=\"https:\/\/breinco.com\/fr\/proyecto\/place-dels-germans-sabat-une-zone-de-qualite-pour-le-pieton\/\" \/>\n<meta property=\"og:locale\" content=\"fr_FR\" \/>\n<meta property=\"og:type\" content=\"article\" \/>\n<meta property=\"og:title\" content=\"Place dels Germans S\u00e0bat: une zone de qualit\u00e9 pour le pi\u00e9ton - Breinco\" \/>\n<meta property=\"og:description\" content=\"La Place dels Germans S\u00e0bat a connu une transformation profonde qui l&rsquo;a convertie en un espace de convivialit\u00e9 pi\u00e9tonnier, fonctionnel et contemporain.Le nouveau design red\u00e9finit la place comme un point de rencontre qui favorise la vie sociale, la d\u00e9tente et le commerce local. Une place r\u00e9nov\u00e9e pour la vie urbaine Autrefois, la place dels Germans [&hellip;]\" \/>\n<meta property=\"og:url\" content=\"https:\/\/breinco.com\/fr\/proyecto\/place-dels-germans-sabat-une-zone-de-qualite-pour-le-pieton\/\" \/>\n<meta property=\"og:site_name\" content=\"Breinco\" \/>\n<meta property=\"article:publisher\" content=\"https:\/\/www.facebook.com\/breincosmart\/\" \/>\n<meta property=\"article:modified_time\" content=\"2026-04-30T16:25:37+00:00\" \/>\n<meta property=\"og:image\" content=\"https:\/\/breinco.com\/wp-content\/uploads\/2026\/02\/breinco-feat-img.webp\" \/>\n\t<meta property=\"og:image:width\" content=\"1200\" \/>\n\t<meta property=\"og:image:height\" content=\"800\" \/>\n\t<meta property=\"og:image:type\" content=\"image\/webp\" \/>\n<meta name=\"twitter:card\" content=\"summary_large_image\" \/>\n<meta name=\"twitter:site\" content=\"@breincoGroup\" \/>\n<meta name=\"twitter:label1\" content=\"Dur\u00e9e de lecture estim\u00e9e\" \/>\n\t<meta name=\"twitter:data1\" content=\"2 minutes\" \/>\n<script type=\"application\/ld+json\" class=\"yoast-schema-graph\">{\"@context\":\"https:\\\/\\\/schema.org\",\"@graph\":[{\"@type\":\"WebPage\",\"@id\":\"https:\\\/\\\/breinco.com\\\/fr\\\/proyecto\\\/place-dels-germans-sabat-une-zone-de-qualite-pour-le-pieton\\\/\",\"url\":\"https:\\\/\\\/breinco.com\\\/fr\\\/proyecto\\\/place-dels-germans-sabat-une-zone-de-qualite-pour-le-pieton\\\/\",\"name\":\"Place dels Germans S\u00e0bat: une zone de qualit\u00e9 pour le pi\u00e9ton - Breinco\",\"isPartOf\":{\"@id\":\"https:\\\/\\\/breinco.com\\\/fr\\\/#website\"},\"datePublished\":\"2025-11-10T08:56:37+00:00\",\"dateModified\":\"2026-04-30T16:25:37+00:00\",\"breadcrumb\":{\"@id\":\"https:\\\/\\\/breinco.com\\\/fr\\\/proyecto\\\/place-dels-germans-sabat-une-zone-de-qualite-pour-le-pieton\\\/#breadcrumb\"},\"inLanguage\":\"fr-FR\",\"potentialAction\":[{\"@type\":\"ReadAction\",\"target\":[\"https:\\\/\\\/breinco.com\\\/fr\\\/proyecto\\\/place-dels-germans-sabat-une-zone-de-qualite-pour-le-pieton\\\/\"]}]},{\"@type\":\"BreadcrumbList\",\"@id\":\"https:\\\/\\\/breinco.com\\\/fr\\\/proyecto\\\/place-dels-germans-sabat-une-zone-de-qualite-pour-le-pieton\\\/#breadcrumb\",\"itemListElement\":[{\"@type\":\"ListItem\",\"position\":1,\"name\":\"Accueil\",\"item\":\"https:\\\/\\\/breinco.com\\\/fr\\\/\"},{\"@type\":\"ListItem\",\"position\":2,\"name\":\"Proyectos\",\"item\":\"https:\\\/\\\/breinco.com\\\/fr\\\/proyecto\\\/\"},{\"@type\":\"ListItem\",\"position\":3,\"name\":\"Place dels Germans S\u00e0bat: une zone de qualit\u00e9 pour le pi\u00e9ton\"}]},{\"@type\":\"WebSite\",\"@id\":\"https:\\\/\\\/breinco.com\\\/fr\\\/#website\",\"url\":\"https:\\\/\\\/breinco.com\\\/fr\\\/\",\"name\":\"Breinco\",\"description\":\"\",\"publisher\":{\"@id\":\"https:\\\/\\\/breinco.com\\\/fr\\\/#organization\"},\"alternateName\":\"Urban Furniture, Architecture and Landscaping\",\"potentialAction\":[{\"@type\":\"SearchAction\",\"target\":{\"@type\":\"EntryPoint\",\"urlTemplate\":\"https:\\\/\\\/breinco.com\\\/fr\\\/?s={search_term_string}\"},\"query-input\":{\"@type\":\"PropertyValueSpecification\",\"valueRequired\":true,\"valueName\":\"search_term_string\"}}],\"inLanguage\":\"fr-FR\"},{\"@type\":\"Organization\",\"@id\":\"https:\\\/\\\/breinco.com\\\/fr\\\/#organization\",\"name\":\"Breinco\",\"url\":\"https:\\\/\\\/breinco.com\\\/fr\\\/\",\"logo\":{\"@type\":\"ImageObject\",\"inLanguage\":\"fr-FR\",\"@id\":\"https:\\\/\\\/breinco.com\\\/fr\\\/#\\\/schema\\\/logo\\\/image\\\/\",\"url\":\"https:\\\/\\\/breinco.com\\\/wp-content\\\/uploads\\\/2025\\\/04\\\/breinco-brand.svg\",\"contentUrl\":\"https:\\\/\\\/breinco.com\\\/wp-content\\\/uploads\\\/2025\\\/04\\\/breinco-brand.svg\",\"width\":26,\"height\":58,\"caption\":\"Breinco\"},\"image\":{\"@id\":\"https:\\\/\\\/breinco.com\\\/fr\\\/#\\\/schema\\\/logo\\\/image\\\/\"},\"sameAs\":[\"https:\\\/\\\/www.facebook.com\\\/breincosmart\\\/\",\"https:\\\/\\\/x.com\\\/breincoGroup\",\"https:\\\/\\\/www.instagram.com\\\/breinco\\\/\",\"https:\\\/\\\/www.linkedin.com\\\/company\\\/breinco-esp\\\/\"]}]}<\/script>\n<!-- \/ Yoast SEO plugin. -->","yoast_head_json":{"title":"Place dels Germans S\u00e0bat: une zone de qualit\u00e9 pour le pi\u00e9ton - Breinco","robots":{"index":"index","follow":"follow","max-snippet":"max-snippet:-1","max-image-preview":"max-image-preview:large","max-video-preview":"max-video-preview:-1"},"canonical":"https:\/\/breinco.com\/fr\/proyecto\/place-dels-germans-sabat-une-zone-de-qualite-pour-le-pieton\/","og_locale":"fr_FR","og_type":"article","og_title":"Place dels Germans S\u00e0bat: une zone de qualit\u00e9 pour le pi\u00e9ton - Breinco","og_description":"La Place dels Germans S\u00e0bat a connu une transformation profonde qui l&rsquo;a convertie en un espace de convivialit\u00e9 pi\u00e9tonnier, fonctionnel et contemporain.Le nouveau design red\u00e9finit la place comme un point de rencontre qui favorise la vie sociale, la d\u00e9tente et le commerce local. Une place r\u00e9nov\u00e9e pour la vie urbaine Autrefois, la place dels Germans [&hellip;]","og_url":"https:\/\/breinco.com\/fr\/proyecto\/place-dels-germans-sabat-une-zone-de-qualite-pour-le-pieton\/","og_site_name":"Breinco","article_publisher":"https:\/\/www.facebook.com\/breincosmart\/","article_modified_time":"2026-04-30T16:25:37+00:00","og_image":[{"width":1200,"height":800,"url":"https:\/\/breinco.com\/wp-content\/uploads\/2026\/02\/breinco-feat-img.webp","type":"image\/webp"}],"twitter_card":"summary_large_image","twitter_site":"@breincoGroup","twitter_misc":{"Dur\u00e9e de lecture estim\u00e9e":"2 minutes"},"schema":{"@context":"https:\/\/schema.org","@graph":[{"@type":"WebPage","@id":"https:\/\/breinco.com\/fr\/proyecto\/place-dels-germans-sabat-une-zone-de-qualite-pour-le-pieton\/","url":"https:\/\/breinco.com\/fr\/proyecto\/place-dels-germans-sabat-une-zone-de-qualite-pour-le-pieton\/","name":"Place dels Germans S\u00e0bat: une zone de qualit\u00e9 pour le pi\u00e9ton - Breinco","isPartOf":{"@id":"https:\/\/breinco.com\/fr\/#website"},"datePublished":"2025-11-10T08:56:37+00:00","dateModified":"2026-04-30T16:25:37+00:00","breadcrumb":{"@id":"https:\/\/breinco.com\/fr\/proyecto\/place-dels-germans-sabat-une-zone-de-qualite-pour-le-pieton\/#breadcrumb"},"inLanguage":"fr-FR","potentialAction":[{"@type":"ReadAction","target":["https:\/\/breinco.com\/fr\/proyecto\/place-dels-germans-sabat-une-zone-de-qualite-pour-le-pieton\/"]}]},{"@type":"BreadcrumbList","@id":"https:\/\/breinco.com\/fr\/proyecto\/place-dels-germans-sabat-une-zone-de-qualite-pour-le-pieton\/#breadcrumb","itemListElement":[{"@type":"ListItem","position":1,"name":"Accueil","item":"https:\/\/breinco.com\/fr\/"},{"@type":"ListItem","position":2,"name":"Proyectos","item":"https:\/\/breinco.com\/fr\/proyecto\/"},{"@type":"ListItem","position":3,"name":"Place dels Germans S\u00e0bat: une zone de qualit\u00e9 pour le pi\u00e9ton"}]},{"@type":"WebSite","@id":"https:\/\/breinco.com\/fr\/#website","url":"https:\/\/breinco.com\/fr\/","name":"Breinco","description":"","publisher":{"@id":"https:\/\/breinco.com\/fr\/#organization"},"alternateName":"Urban Furniture, Architecture and Landscaping","potentialAction":[{"@type":"SearchAction","target":{"@type":"EntryPoint","urlTemplate":"https:\/\/breinco.com\/fr\/?s={search_term_string}"},"query-input":{"@type":"PropertyValueSpecification","valueRequired":true,"valueName":"search_term_string"}}],"inLanguage":"fr-FR"},{"@type":"Organization","@id":"https:\/\/breinco.com\/fr\/#organization","name":"Breinco","url":"https:\/\/breinco.com\/fr\/","logo":{"@type":"ImageObject","inLanguage":"fr-FR","@id":"https:\/\/breinco.com\/fr\/#\/schema\/logo\/image\/","url":"https:\/\/breinco.com\/wp-content\/uploads\/2025\/04\/breinco-brand.svg","contentUrl":"https:\/\/breinco.com\/wp-content\/uploads\/2025\/04\/breinco-brand.svg","width":26,"height":58,"caption":"Breinco"},"image":{"@id":"https:\/\/breinco.com\/fr\/#\/schema\/logo\/image\/"},"sameAs":["https:\/\/www.facebook.com\/breincosmart\/","https:\/\/x.com\/breincoGroup","https:\/\/www.instagram.com\/breinco\/","https:\/\/www.linkedin.com\/company\/breinco-esp\/"]}]}},"_links":{"self":[{"href":"https:\/\/breinco.com\/fr\/wp-json\/wp\/v2\/proyecto\/23004","targetHints":{"allow":["GET"]}}],"collection":[{"href":"https:\/\/breinco.com\/fr\/wp-json\/wp\/v2\/proyecto"}],"about":[{"href":"https:\/\/breinco.com\/fr\/wp-json\/wp\/v2\/types\/proyecto"}],"acf:attachment":[{"embeddable":true,"href":"https:\/\/breinco.com\/fr\/wp-json\/wp\/v2\/media\/5910"},{"embeddable":true,"href":"https:\/\/breinco.com\/fr\/wp-json\/wp\/v2\/media\/5909"},{"embeddable":true,"href":"https:\/\/breinco.com\/fr\/wp-json\/wp\/v2\/media\/5908"},{"embeddable":true,"href":"https:\/\/breinco.com\/fr\/wp-json\/wp\/v2\/media\/5907"},{"embeddable":true,"href":"https:\/\/breinco.com\/fr\/wp-json\/wp\/v2\/media\/5906"}],"acf:post":[{"embeddable":true,"href":"https:\/\/breinco.com\/fr\/wp-json\/wp\/v2\/br_product\/17352"}],"wp:attachment":[{"href":"https:\/\/breinco.com\/fr\/wp-json\/wp\/v2\/media?parent=23004"}],"wp:term":[{"taxonomy":"post_tag","embeddable":true,"href":"https:\/\/breinco.com\/fr\/wp-json\/wp\/v2\/tags?post=23004"},{"taxonomy":"categoria-proyecto","embeddable":true,"href":"https:\/\/breinco.com\/fr\/wp-json\/wp\/v2\/categoria-proyecto?post=23004"}],"curies":[{"name":"wp","href":"https:\/\/api.w.org\/{rel}","templated":true}]}}