{"id":23010,"date":"2026-02-05T02:21:48","date_gmt":"2026-02-05T01:21:48","guid":{"rendered":"https:\/\/breinco.com\/proyecto\/can-bonastre-wine-resort-a-masquefa\/"},"modified":"2026-04-30T18:25:37","modified_gmt":"2026-04-30T16:25:37","slug":"can-bonastre-wine-resort-a-masquefa","status":"publish","type":"proyecto","link":"https:\/\/breinco.com\/fr\/proyecto\/can-bonastre-wine-resort-a-masquefa\/","title":{"rendered":"Can Bonastre Wine Resort \u00e0 Masquefa"},"content":{"rendered":"\n<p><strong>Can Bonastre Wine Resort<\/strong>, un h\u00f4tel \u0153notouristique de r\u00e9f\u00e9rence situ\u00e9 \u00e0 Masquefa, au c\u0153ur du Pened\u00e8s. Une ancienne m\u00e9tairie du XVIe si\u00e8cle r\u00e9habilit\u00e9e avec sensibilit\u00e9, o\u00f9 l\u2019architecture, le paysage et l\u2019exp\u00e9rience se fondent dans un environnement marqu\u00e9 par les vignobles et la pr\u00e9sence imposante de la montagne de Montserrat.<\/p>\n\n<p>L\u2019intervention se concentre sur le traitement int\u00e9gral des <strong>espaces ext\u00e9rieurs<\/strong>, r\u00e9solvant les acc\u00e8s, les parcours et les zones de d\u00e9tente gr\u00e2ce \u00e0 une combinaison de <strong>Tegula\u00ae light en coloris Mediterr\u00e1neo et Desierto<\/strong>. Appliqu\u00e9 \u00e0 l\u2019entr\u00e9e principale, aux sentiers et aux aires communes, ce rev\u00eatement apporte une continuit\u00e9 visuelle, de la chaleur et une int\u00e9gration naturelle avec l\u2019environnement rural et viticole.<\/p>\n\n<p>Le projet se compl\u00e8te par l\u2019incorporation du mod\u00e8le <strong>Terana<strong>\u00ae<\/strong> green<\/strong>, un pav\u00e9 avec <strong>joint enherb\u00e9 int\u00e9gr\u00e9<\/strong>, qui introduit la v\u00e9g\u00e9tation directement dans le rev\u00eatement. Cette solution permet l\u2019infiltration et l\u2019\u00e9vaporation de l\u2019eau de pluie, favorisant un microclimat plus confortable et durable, tout en renfor\u00e7ant la perception naturelle de l\u2019espace ext\u00e9rieur. Les distanceurs int\u00e9gr\u00e9s garantissent une pose pr\u00e9cise et stable, \u00e9vitant les d\u00e9placements et assurant la durabilit\u00e9 de l\u2019ensemble.<\/p>\n\n<p>La combinaison des mat\u00e9riaux cr\u00e9e un paysage pav\u00e9 \u00e9quilibr\u00e9, o\u00f9 les zones de d\u00e9tente, les parcours et les espaces ext\u00e9rieurs dialoguent avec l\u2019architecture historique de la m\u00e9tairie et le paysage de vignobles qui l\u2019entoure. Le r\u00e9sultat est un espace ext\u00e9rieur serein et fonctionnel, pens\u00e9 pour accompagner l\u2019exp\u00e9rience sensorielle du resort et renforcer son caract\u00e8re exclusif et accueillant.<\/p>\n\n<p><\/p>\n","protected":false},"featured_media":0,"template":"","meta":{"_acf_changed":false},"tags":[1230,1231],"categoria-proyecto":[],"class_list":["post-23010","proyecto","type-proyecto","status-publish","hentry","tag-tegula-light","tag-terana-green"],"acf":{"localitzacio-projecte":"Barcelona","credits-projecte":"","fotografia-projecte":"","producte_resum":"Tegula\u00ae light y Terana\u00ae green","producte-projecte":"Tegula\u00ae light | 24 x 16 x 5 cm | 16 x 16 x 5 cm | 12 x 16 x 5 cm | Mediterr\u00e1neo &amp; Desierto | Standard\u00ae\r\n\r\nTerana\u00ae green | 20,8 x 11,8 x 7 cm | Grey | Standard\u00ae","productes_relacionats":[17519,17210],"galeria-projecte":[12166,12168,23011,12167,14130]},"yoast_head":"<!-- This site is optimized with the Yoast SEO plugin v27.5 - https:\/\/yoast.com\/product\/yoast-seo-wordpress\/ -->\n<title>Can Bonastre Wine Resort \u00e0 Masquefa - Breinco<\/title>\n<meta name=\"robots\" content=\"index, follow, max-snippet:-1, max-image-preview:large, max-video-preview:-1\" \/>\n<link rel=\"canonical\" href=\"https:\/\/breinco.com\/fr\/proyecto\/can-bonastre-wine-resort-a-masquefa\/\" \/>\n<meta property=\"og:locale\" content=\"fr_FR\" \/>\n<meta property=\"og:type\" content=\"article\" \/>\n<meta property=\"og:title\" content=\"Can Bonastre Wine Resort \u00e0 Masquefa - Breinco\" \/>\n<meta property=\"og:description\" content=\"Can Bonastre Wine Resort, un h\u00f4tel \u0153notouristique de r\u00e9f\u00e9rence situ\u00e9 \u00e0 Masquefa, au c\u0153ur du Pened\u00e8s. Une ancienne m\u00e9tairie du XVIe si\u00e8cle r\u00e9habilit\u00e9e avec sensibilit\u00e9, o\u00f9 l\u2019architecture, le paysage et l\u2019exp\u00e9rience se fondent dans un environnement marqu\u00e9 par les vignobles et la pr\u00e9sence imposante de la montagne de Montserrat. L\u2019intervention se concentre sur le traitement [&hellip;]\" \/>\n<meta property=\"og:url\" content=\"https:\/\/breinco.com\/fr\/proyecto\/can-bonastre-wine-resort-a-masquefa\/\" \/>\n<meta property=\"og:site_name\" content=\"Breinco\" \/>\n<meta property=\"article:publisher\" content=\"https:\/\/www.facebook.com\/breincosmart\/\" \/>\n<meta property=\"article:modified_time\" content=\"2026-04-30T16:25:37+00:00\" \/>\n<meta property=\"og:image\" content=\"https:\/\/breinco.com\/wp-content\/uploads\/2026\/02\/breinco-feat-img.webp\" \/>\n\t<meta property=\"og:image:width\" content=\"1200\" \/>\n\t<meta property=\"og:image:height\" content=\"800\" \/>\n\t<meta property=\"og:image:type\" content=\"image\/webp\" \/>\n<meta name=\"twitter:card\" content=\"summary_large_image\" \/>\n<meta name=\"twitter:site\" content=\"@breincoGroup\" \/>\n<meta name=\"twitter:label1\" content=\"Dur\u00e9e de lecture estim\u00e9e\" \/>\n\t<meta name=\"twitter:data1\" content=\"1 minute\" \/>\n<script type=\"application\/ld+json\" class=\"yoast-schema-graph\">{\"@context\":\"https:\\\/\\\/schema.org\",\"@graph\":[{\"@type\":\"WebPage\",\"@id\":\"https:\\\/\\\/breinco.com\\\/fr\\\/proyecto\\\/can-bonastre-wine-resort-a-masquefa\\\/\",\"url\":\"https:\\\/\\\/breinco.com\\\/fr\\\/proyecto\\\/can-bonastre-wine-resort-a-masquefa\\\/\",\"name\":\"Can Bonastre Wine Resort \u00e0 Masquefa - Breinco\",\"isPartOf\":{\"@id\":\"https:\\\/\\\/breinco.com\\\/fr\\\/#website\"},\"datePublished\":\"2026-02-05T01:21:48+00:00\",\"dateModified\":\"2026-04-30T16:25:37+00:00\",\"breadcrumb\":{\"@id\":\"https:\\\/\\\/breinco.com\\\/fr\\\/proyecto\\\/can-bonastre-wine-resort-a-masquefa\\\/#breadcrumb\"},\"inLanguage\":\"fr-FR\",\"potentialAction\":[{\"@type\":\"ReadAction\",\"target\":[\"https:\\\/\\\/breinco.com\\\/fr\\\/proyecto\\\/can-bonastre-wine-resort-a-masquefa\\\/\"]}]},{\"@type\":\"BreadcrumbList\",\"@id\":\"https:\\\/\\\/breinco.com\\\/fr\\\/proyecto\\\/can-bonastre-wine-resort-a-masquefa\\\/#breadcrumb\",\"itemListElement\":[{\"@type\":\"ListItem\",\"position\":1,\"name\":\"Accueil\",\"item\":\"https:\\\/\\\/breinco.com\\\/fr\\\/\"},{\"@type\":\"ListItem\",\"position\":2,\"name\":\"Proyectos\",\"item\":\"https:\\\/\\\/breinco.com\\\/fr\\\/proyecto\\\/\"},{\"@type\":\"ListItem\",\"position\":3,\"name\":\"Can Bonastre Wine Resort \u00e0 Masquefa\"}]},{\"@type\":\"WebSite\",\"@id\":\"https:\\\/\\\/breinco.com\\\/fr\\\/#website\",\"url\":\"https:\\\/\\\/breinco.com\\\/fr\\\/\",\"name\":\"Breinco\",\"description\":\"\",\"publisher\":{\"@id\":\"https:\\\/\\\/breinco.com\\\/fr\\\/#organization\"},\"alternateName\":\"Urban Furniture, Architecture and Landscaping\",\"potentialAction\":[{\"@type\":\"SearchAction\",\"target\":{\"@type\":\"EntryPoint\",\"urlTemplate\":\"https:\\\/\\\/breinco.com\\\/fr\\\/?s={search_term_string}\"},\"query-input\":{\"@type\":\"PropertyValueSpecification\",\"valueRequired\":true,\"valueName\":\"search_term_string\"}}],\"inLanguage\":\"fr-FR\"},{\"@type\":\"Organization\",\"@id\":\"https:\\\/\\\/breinco.com\\\/fr\\\/#organization\",\"name\":\"Breinco\",\"url\":\"https:\\\/\\\/breinco.com\\\/fr\\\/\",\"logo\":{\"@type\":\"ImageObject\",\"inLanguage\":\"fr-FR\",\"@id\":\"https:\\\/\\\/breinco.com\\\/fr\\\/#\\\/schema\\\/logo\\\/image\\\/\",\"url\":\"https:\\\/\\\/breinco.com\\\/wp-content\\\/uploads\\\/2025\\\/04\\\/breinco-brand.svg\",\"contentUrl\":\"https:\\\/\\\/breinco.com\\\/wp-content\\\/uploads\\\/2025\\\/04\\\/breinco-brand.svg\",\"width\":26,\"height\":58,\"caption\":\"Breinco\"},\"image\":{\"@id\":\"https:\\\/\\\/breinco.com\\\/fr\\\/#\\\/schema\\\/logo\\\/image\\\/\"},\"sameAs\":[\"https:\\\/\\\/www.facebook.com\\\/breincosmart\\\/\",\"https:\\\/\\\/x.com\\\/breincoGroup\",\"https:\\\/\\\/www.instagram.com\\\/breinco\\\/\",\"https:\\\/\\\/www.linkedin.com\\\/company\\\/breinco-esp\\\/\"]}]}<\/script>\n<!-- \/ Yoast SEO plugin. -->","yoast_head_json":{"title":"Can Bonastre Wine Resort \u00e0 Masquefa - Breinco","robots":{"index":"index","follow":"follow","max-snippet":"max-snippet:-1","max-image-preview":"max-image-preview:large","max-video-preview":"max-video-preview:-1"},"canonical":"https:\/\/breinco.com\/fr\/proyecto\/can-bonastre-wine-resort-a-masquefa\/","og_locale":"fr_FR","og_type":"article","og_title":"Can Bonastre Wine Resort \u00e0 Masquefa - Breinco","og_description":"Can Bonastre Wine Resort, un h\u00f4tel \u0153notouristique de r\u00e9f\u00e9rence situ\u00e9 \u00e0 Masquefa, au c\u0153ur du Pened\u00e8s. Une ancienne m\u00e9tairie du XVIe si\u00e8cle r\u00e9habilit\u00e9e avec sensibilit\u00e9, o\u00f9 l\u2019architecture, le paysage et l\u2019exp\u00e9rience se fondent dans un environnement marqu\u00e9 par les vignobles et la pr\u00e9sence imposante de la montagne de Montserrat. L\u2019intervention se concentre sur le traitement [&hellip;]","og_url":"https:\/\/breinco.com\/fr\/proyecto\/can-bonastre-wine-resort-a-masquefa\/","og_site_name":"Breinco","article_publisher":"https:\/\/www.facebook.com\/breincosmart\/","article_modified_time":"2026-04-30T16:25:37+00:00","og_image":[{"width":1200,"height":800,"url":"https:\/\/breinco.com\/wp-content\/uploads\/2026\/02\/breinco-feat-img.webp","type":"image\/webp"}],"twitter_card":"summary_large_image","twitter_site":"@breincoGroup","twitter_misc":{"Dur\u00e9e de lecture estim\u00e9e":"1 minute"},"schema":{"@context":"https:\/\/schema.org","@graph":[{"@type":"WebPage","@id":"https:\/\/breinco.com\/fr\/proyecto\/can-bonastre-wine-resort-a-masquefa\/","url":"https:\/\/breinco.com\/fr\/proyecto\/can-bonastre-wine-resort-a-masquefa\/","name":"Can Bonastre Wine Resort \u00e0 Masquefa - Breinco","isPartOf":{"@id":"https:\/\/breinco.com\/fr\/#website"},"datePublished":"2026-02-05T01:21:48+00:00","dateModified":"2026-04-30T16:25:37+00:00","breadcrumb":{"@id":"https:\/\/breinco.com\/fr\/proyecto\/can-bonastre-wine-resort-a-masquefa\/#breadcrumb"},"inLanguage":"fr-FR","potentialAction":[{"@type":"ReadAction","target":["https:\/\/breinco.com\/fr\/proyecto\/can-bonastre-wine-resort-a-masquefa\/"]}]},{"@type":"BreadcrumbList","@id":"https:\/\/breinco.com\/fr\/proyecto\/can-bonastre-wine-resort-a-masquefa\/#breadcrumb","itemListElement":[{"@type":"ListItem","position":1,"name":"Accueil","item":"https:\/\/breinco.com\/fr\/"},{"@type":"ListItem","position":2,"name":"Proyectos","item":"https:\/\/breinco.com\/fr\/proyecto\/"},{"@type":"ListItem","position":3,"name":"Can Bonastre Wine Resort \u00e0 Masquefa"}]},{"@type":"WebSite","@id":"https:\/\/breinco.com\/fr\/#website","url":"https:\/\/breinco.com\/fr\/","name":"Breinco","description":"","publisher":{"@id":"https:\/\/breinco.com\/fr\/#organization"},"alternateName":"Urban Furniture, Architecture and Landscaping","potentialAction":[{"@type":"SearchAction","target":{"@type":"EntryPoint","urlTemplate":"https:\/\/breinco.com\/fr\/?s={search_term_string}"},"query-input":{"@type":"PropertyValueSpecification","valueRequired":true,"valueName":"search_term_string"}}],"inLanguage":"fr-FR"},{"@type":"Organization","@id":"https:\/\/breinco.com\/fr\/#organization","name":"Breinco","url":"https:\/\/breinco.com\/fr\/","logo":{"@type":"ImageObject","inLanguage":"fr-FR","@id":"https:\/\/breinco.com\/fr\/#\/schema\/logo\/image\/","url":"https:\/\/breinco.com\/wp-content\/uploads\/2025\/04\/breinco-brand.svg","contentUrl":"https:\/\/breinco.com\/wp-content\/uploads\/2025\/04\/breinco-brand.svg","width":26,"height":58,"caption":"Breinco"},"image":{"@id":"https:\/\/breinco.com\/fr\/#\/schema\/logo\/image\/"},"sameAs":["https:\/\/www.facebook.com\/breincosmart\/","https:\/\/x.com\/breincoGroup","https:\/\/www.instagram.com\/breinco\/","https:\/\/www.linkedin.com\/company\/breinco-esp\/"]}]}},"_links":{"self":[{"href":"https:\/\/breinco.com\/fr\/wp-json\/wp\/v2\/proyecto\/23010","targetHints":{"allow":["GET"]}}],"collection":[{"href":"https:\/\/breinco.com\/fr\/wp-json\/wp\/v2\/proyecto"}],"about":[{"href":"https:\/\/breinco.com\/fr\/wp-json\/wp\/v2\/types\/proyecto"}],"acf:attachment":[{"embeddable":true,"href":"https:\/\/breinco.com\/fr\/wp-json\/wp\/v2\/media\/14130"},{"embeddable":true,"href":"https:\/\/breinco.com\/fr\/wp-json\/wp\/v2\/media\/12167"},{"embeddable":true,"href":"https:\/\/breinco.com\/fr\/wp-json\/wp\/v2\/media\/23011"},{"embeddable":true,"href":"https:\/\/breinco.com\/fr\/wp-json\/wp\/v2\/media\/12168"},{"embeddable":true,"href":"https:\/\/breinco.com\/fr\/wp-json\/wp\/v2\/media\/12166"}],"acf:post":[{"embeddable":true,"href":"https:\/\/breinco.com\/fr\/wp-json\/wp\/v2\/br_product\/17210"},{"embeddable":true,"href":"https:\/\/breinco.com\/fr\/wp-json\/wp\/v2\/br_product\/17519"}],"wp:attachment":[{"href":"https:\/\/breinco.com\/fr\/wp-json\/wp\/v2\/media?parent=23010"}],"wp:term":[{"taxonomy":"post_tag","embeddable":true,"href":"https:\/\/breinco.com\/fr\/wp-json\/wp\/v2\/tags?post=23010"},{"taxonomy":"categoria-proyecto","embeddable":true,"href":"https:\/\/breinco.com\/fr\/wp-json\/wp\/v2\/categoria-proyecto?post=23010"}],"curies":[{"name":"wp","href":"https:\/\/api.w.org\/{rel}","templated":true}]}}