{"id":23014,"date":"2025-11-10T11:09:26","date_gmt":"2025-11-10T10:09:26","guid":{"rendered":"https:\/\/breinco.com\/proyecto\/jardins-de-larche-a-paris\/"},"modified":"2026-04-30T18:25:37","modified_gmt":"2026-04-30T16:25:37","slug":"jardins-de-larche-a-paris","status":"publish","type":"proyecto","link":"https:\/\/breinco.com\/fr\/proyecto\/jardins-de-larche-a-paris\/","title":{"rendered":"Jardins de l\u2019Arche \u00e0 Paris"},"content":{"rendered":"\n<p>Au c\u0153ur du quartier d\u2019affaires le plus important d\u2019Europe, le projet de <strong>la promenade des Jardins de l\u2019Arche<\/strong> red\u00e9finit l\u2019espace public de <strong>La D\u00e9fense<\/strong> comme un grand axe vert reliant les quartiers de Nanterre et Puteaux. L\u2019intervention transforme une zone au caract\u00e8re infrastructurel en un environnement accueillant, pi\u00e9tonnier et contemporain, o\u00f9 l\u2019architecture et le paysage se fondent avec naturel.<\/p>\n\n<p class=\"has-medium-font-size\">Une continuit\u00e9 urbaine et paysag\u00e8re<\/p>\n\n<p>La nouvelle promenade, con\u00e7ue par l\u2019agence <strong>AWP<\/strong>, est imagin\u00e9e comme une grande rampe paysag\u00e8re qui relie les diff\u00e9rents niveaux du quartier, g\u00e9n\u00e9rant une s\u00e9quence fluide d\u2019espaces publics. Jardins, places et parcours s\u2019alternent pour cr\u00e9er un paysage dynamique qui invite \u00e0 la d\u00e9ambulation et \u00e0 la d\u00e9couverte de nouvelles perspectives sur l\u2019environnement urbain.<\/p>\n\n<p>Le projet agit comme un grand espace connecteur entre les \u00e9difices du quartier et la future <strong>Arena 92<\/strong>, favorisant la relation entre l\u2019architecture existante et les nouveaux d\u00e9veloppements. \u00c0 travers la lumi\u00e8re, le relief et la mat\u00e9rialit\u00e9, se construit une atmosph\u00e8re qui conjugue monumentalit\u00e9 et \u00e9chelle humaine.<\/p>\n\n<p class=\"has-medium-font-size\">Rev\u00eatement et mobilier sur mesure<\/p>\n\n<p>Pour cette intervention, <strong>Breinco<\/strong> a collabor\u00e9 \u00e0 la fabrication de <strong>dalles en b\u00e9ton architectonique, de bancs et d&rsquo;escaliers<\/strong>, con\u00e7us sur mesure pour s&rsquo;int\u00e9grer dans le paysage urbain du projet.<\/p>\n\n<p>Les dalles, de <strong>115x50x15 cm<\/strong>, ont \u00e9t\u00e9 r\u00e9alis\u00e9es en trois teintes \u2014<strong>White, Fusi\u00f3n et Ceniza<\/strong>\u2014 qui apportent un jeu chromatique subtil et \u00e9l\u00e9gant. Leur composition int\u00e8gre <strong>20 % d&rsquo;agr\u00e9gats recycl\u00e9s<\/strong>, refl\u00e9tant ainsi l&rsquo;engagement environnemental du projet.<\/p>\n\n<p>Les bancs et les marches, fabriqu\u00e9s avec la technologie <strong>WetCast\u00ae<\/strong>, pr\u00e9sentent des finitions de haute pr\u00e9cision et des surfaces douces qui invitent \u00e0 l&rsquo;usage quotidien. Les pi\u00e8ces sont produites en <strong>b\u00e9ton blanc \u00e0 hautes performances<\/strong>, garantissant durabilit\u00e9 et puret\u00e9 esth\u00e9tique dans un environnement urbain \u00e0 forte exigence.<\/p>\n\n<p class=\"has-medium-font-size\">Un espace public pour le futur<\/p>\n\n<p>La promenade des Jardins de l\u2019Arche symbolise l\u2019ambition du <strong>Grand Paris<\/strong>: un mod\u00e8le de ville durable, accessible et connect\u00e9e. Dans ce vaste espace public, la technique, le design et la durabilit\u00e9 se conjuguent pour cr\u00e9er un paysage urbain qui respire la modernit\u00e9 et l\u2019\u00e9quilibre.<\/p>\n","protected":false},"featured_media":0,"template":"","meta":{"_acf_changed":false},"tags":[961,1232,1233,952,937],"categoria-proyecto":[936],"class_list":["post-23014","proyecto","type-proyecto","status-publish","hentry","tag-bancos","tag-escaleras","tag-losa","tag-mobiliario","tag-wetcast","categoria-proyecto-beton-architectonique"],"acf":{"localitzacio-projecte":"Paris","credits-projecte":"Oficina AWP","fotografia-projecte":"Uatxut","producte_resum":"WetCast\u00ae\u00a0","producte-projecte":"Losas de hormig\u00f3n arquitect\u00f3nico | 115 x 50 x 15 cm | White, Fusi\u00f3n &amp; Ceniza | WetCast\u00ae\r\n\r\nBancos de hormig\u00f3n arquitect\u00f3nico | White, Fusi\u00f3n &amp; Ceniza | WetCast\u00ae\r\n\r\nEscaleras de hormig\u00f3n arquitect\u00f3nico | White, Fusi\u00f3n &amp; Ceniza | WetCast\u00ae","productes_relacionats":[17352],"galeria-projecte":[4879,4880,4881,4882,4883,4884,4885,4886]},"yoast_head":"<!-- This site is optimized with the Yoast SEO plugin v27.5 - https:\/\/yoast.com\/product\/yoast-seo-wordpress\/ -->\n<title>Jardins de l\u2019Arche \u00e0 Paris - Breinco<\/title>\n<meta name=\"robots\" content=\"index, follow, max-snippet:-1, max-image-preview:large, max-video-preview:-1\" \/>\n<link rel=\"canonical\" href=\"https:\/\/breinco.com\/fr\/proyecto\/jardins-de-larche-a-paris\/\" \/>\n<meta property=\"og:locale\" content=\"fr_FR\" \/>\n<meta property=\"og:type\" content=\"article\" \/>\n<meta property=\"og:title\" content=\"Jardins de l\u2019Arche \u00e0 Paris - Breinco\" \/>\n<meta property=\"og:description\" content=\"Au c\u0153ur du quartier d\u2019affaires le plus important d\u2019Europe, le projet de la promenade des Jardins de l\u2019Arche red\u00e9finit l\u2019espace public de La D\u00e9fense comme un grand axe vert reliant les quartiers de Nanterre et Puteaux. L\u2019intervention transforme une zone au caract\u00e8re infrastructurel en un environnement accueillant, pi\u00e9tonnier et contemporain, o\u00f9 l\u2019architecture et le paysage [&hellip;]\" \/>\n<meta property=\"og:url\" content=\"https:\/\/breinco.com\/fr\/proyecto\/jardins-de-larche-a-paris\/\" \/>\n<meta property=\"og:site_name\" content=\"Breinco\" \/>\n<meta property=\"article:publisher\" content=\"https:\/\/www.facebook.com\/breincosmart\/\" \/>\n<meta property=\"article:modified_time\" content=\"2026-04-30T16:25:37+00:00\" \/>\n<meta property=\"og:image\" content=\"https:\/\/breinco.com\/wp-content\/uploads\/2026\/02\/breinco-feat-img.webp\" \/>\n\t<meta property=\"og:image:width\" content=\"1200\" \/>\n\t<meta property=\"og:image:height\" content=\"800\" \/>\n\t<meta property=\"og:image:type\" content=\"image\/webp\" \/>\n<meta name=\"twitter:card\" content=\"summary_large_image\" \/>\n<meta name=\"twitter:site\" content=\"@breincoGroup\" \/>\n<meta name=\"twitter:label1\" content=\"Dur\u00e9e de lecture estim\u00e9e\" \/>\n\t<meta name=\"twitter:data1\" content=\"2 minutes\" \/>\n<script type=\"application\/ld+json\" class=\"yoast-schema-graph\">{\"@context\":\"https:\\\/\\\/schema.org\",\"@graph\":[{\"@type\":\"WebPage\",\"@id\":\"https:\\\/\\\/breinco.com\\\/fr\\\/proyecto\\\/jardins-de-larche-a-paris\\\/\",\"url\":\"https:\\\/\\\/breinco.com\\\/fr\\\/proyecto\\\/jardins-de-larche-a-paris\\\/\",\"name\":\"Jardins de l\u2019Arche \u00e0 Paris - Breinco\",\"isPartOf\":{\"@id\":\"https:\\\/\\\/breinco.com\\\/fr\\\/#website\"},\"datePublished\":\"2025-11-10T10:09:26+00:00\",\"dateModified\":\"2026-04-30T16:25:37+00:00\",\"breadcrumb\":{\"@id\":\"https:\\\/\\\/breinco.com\\\/fr\\\/proyecto\\\/jardins-de-larche-a-paris\\\/#breadcrumb\"},\"inLanguage\":\"fr-FR\",\"potentialAction\":[{\"@type\":\"ReadAction\",\"target\":[\"https:\\\/\\\/breinco.com\\\/fr\\\/proyecto\\\/jardins-de-larche-a-paris\\\/\"]}]},{\"@type\":\"BreadcrumbList\",\"@id\":\"https:\\\/\\\/breinco.com\\\/fr\\\/proyecto\\\/jardins-de-larche-a-paris\\\/#breadcrumb\",\"itemListElement\":[{\"@type\":\"ListItem\",\"position\":1,\"name\":\"Accueil\",\"item\":\"https:\\\/\\\/breinco.com\\\/fr\\\/\"},{\"@type\":\"ListItem\",\"position\":2,\"name\":\"Proyectos\",\"item\":\"https:\\\/\\\/breinco.com\\\/fr\\\/proyecto\\\/\"},{\"@type\":\"ListItem\",\"position\":3,\"name\":\"Jardins de l\u2019Arche \u00e0 Paris\"}]},{\"@type\":\"WebSite\",\"@id\":\"https:\\\/\\\/breinco.com\\\/fr\\\/#website\",\"url\":\"https:\\\/\\\/breinco.com\\\/fr\\\/\",\"name\":\"Breinco\",\"description\":\"\",\"publisher\":{\"@id\":\"https:\\\/\\\/breinco.com\\\/fr\\\/#organization\"},\"alternateName\":\"Urban Furniture, Architecture and Landscaping\",\"potentialAction\":[{\"@type\":\"SearchAction\",\"target\":{\"@type\":\"EntryPoint\",\"urlTemplate\":\"https:\\\/\\\/breinco.com\\\/fr\\\/?s={search_term_string}\"},\"query-input\":{\"@type\":\"PropertyValueSpecification\",\"valueRequired\":true,\"valueName\":\"search_term_string\"}}],\"inLanguage\":\"fr-FR\"},{\"@type\":\"Organization\",\"@id\":\"https:\\\/\\\/breinco.com\\\/fr\\\/#organization\",\"name\":\"Breinco\",\"url\":\"https:\\\/\\\/breinco.com\\\/fr\\\/\",\"logo\":{\"@type\":\"ImageObject\",\"inLanguage\":\"fr-FR\",\"@id\":\"https:\\\/\\\/breinco.com\\\/fr\\\/#\\\/schema\\\/logo\\\/image\\\/\",\"url\":\"https:\\\/\\\/breinco.com\\\/wp-content\\\/uploads\\\/2025\\\/04\\\/breinco-brand.svg\",\"contentUrl\":\"https:\\\/\\\/breinco.com\\\/wp-content\\\/uploads\\\/2025\\\/04\\\/breinco-brand.svg\",\"width\":26,\"height\":58,\"caption\":\"Breinco\"},\"image\":{\"@id\":\"https:\\\/\\\/breinco.com\\\/fr\\\/#\\\/schema\\\/logo\\\/image\\\/\"},\"sameAs\":[\"https:\\\/\\\/www.facebook.com\\\/breincosmart\\\/\",\"https:\\\/\\\/x.com\\\/breincoGroup\",\"https:\\\/\\\/www.instagram.com\\\/breinco\\\/\",\"https:\\\/\\\/www.linkedin.com\\\/company\\\/breinco-esp\\\/\"]}]}<\/script>\n<!-- \/ Yoast SEO plugin. -->","yoast_head_json":{"title":"Jardins de l\u2019Arche \u00e0 Paris - Breinco","robots":{"index":"index","follow":"follow","max-snippet":"max-snippet:-1","max-image-preview":"max-image-preview:large","max-video-preview":"max-video-preview:-1"},"canonical":"https:\/\/breinco.com\/fr\/proyecto\/jardins-de-larche-a-paris\/","og_locale":"fr_FR","og_type":"article","og_title":"Jardins de l\u2019Arche \u00e0 Paris - Breinco","og_description":"Au c\u0153ur du quartier d\u2019affaires le plus important d\u2019Europe, le projet de la promenade des Jardins de l\u2019Arche red\u00e9finit l\u2019espace public de La D\u00e9fense comme un grand axe vert reliant les quartiers de Nanterre et Puteaux. L\u2019intervention transforme une zone au caract\u00e8re infrastructurel en un environnement accueillant, pi\u00e9tonnier et contemporain, o\u00f9 l\u2019architecture et le paysage [&hellip;]","og_url":"https:\/\/breinco.com\/fr\/proyecto\/jardins-de-larche-a-paris\/","og_site_name":"Breinco","article_publisher":"https:\/\/www.facebook.com\/breincosmart\/","article_modified_time":"2026-04-30T16:25:37+00:00","og_image":[{"width":1200,"height":800,"url":"https:\/\/breinco.com\/wp-content\/uploads\/2026\/02\/breinco-feat-img.webp","type":"image\/webp"}],"twitter_card":"summary_large_image","twitter_site":"@breincoGroup","twitter_misc":{"Dur\u00e9e de lecture estim\u00e9e":"2 minutes"},"schema":{"@context":"https:\/\/schema.org","@graph":[{"@type":"WebPage","@id":"https:\/\/breinco.com\/fr\/proyecto\/jardins-de-larche-a-paris\/","url":"https:\/\/breinco.com\/fr\/proyecto\/jardins-de-larche-a-paris\/","name":"Jardins de l\u2019Arche \u00e0 Paris - Breinco","isPartOf":{"@id":"https:\/\/breinco.com\/fr\/#website"},"datePublished":"2025-11-10T10:09:26+00:00","dateModified":"2026-04-30T16:25:37+00:00","breadcrumb":{"@id":"https:\/\/breinco.com\/fr\/proyecto\/jardins-de-larche-a-paris\/#breadcrumb"},"inLanguage":"fr-FR","potentialAction":[{"@type":"ReadAction","target":["https:\/\/breinco.com\/fr\/proyecto\/jardins-de-larche-a-paris\/"]}]},{"@type":"BreadcrumbList","@id":"https:\/\/breinco.com\/fr\/proyecto\/jardins-de-larche-a-paris\/#breadcrumb","itemListElement":[{"@type":"ListItem","position":1,"name":"Accueil","item":"https:\/\/breinco.com\/fr\/"},{"@type":"ListItem","position":2,"name":"Proyectos","item":"https:\/\/breinco.com\/fr\/proyecto\/"},{"@type":"ListItem","position":3,"name":"Jardins de l\u2019Arche \u00e0 Paris"}]},{"@type":"WebSite","@id":"https:\/\/breinco.com\/fr\/#website","url":"https:\/\/breinco.com\/fr\/","name":"Breinco","description":"","publisher":{"@id":"https:\/\/breinco.com\/fr\/#organization"},"alternateName":"Urban Furniture, Architecture and Landscaping","potentialAction":[{"@type":"SearchAction","target":{"@type":"EntryPoint","urlTemplate":"https:\/\/breinco.com\/fr\/?s={search_term_string}"},"query-input":{"@type":"PropertyValueSpecification","valueRequired":true,"valueName":"search_term_string"}}],"inLanguage":"fr-FR"},{"@type":"Organization","@id":"https:\/\/breinco.com\/fr\/#organization","name":"Breinco","url":"https:\/\/breinco.com\/fr\/","logo":{"@type":"ImageObject","inLanguage":"fr-FR","@id":"https:\/\/breinco.com\/fr\/#\/schema\/logo\/image\/","url":"https:\/\/breinco.com\/wp-content\/uploads\/2025\/04\/breinco-brand.svg","contentUrl":"https:\/\/breinco.com\/wp-content\/uploads\/2025\/04\/breinco-brand.svg","width":26,"height":58,"caption":"Breinco"},"image":{"@id":"https:\/\/breinco.com\/fr\/#\/schema\/logo\/image\/"},"sameAs":["https:\/\/www.facebook.com\/breincosmart\/","https:\/\/x.com\/breincoGroup","https:\/\/www.instagram.com\/breinco\/","https:\/\/www.linkedin.com\/company\/breinco-esp\/"]}]}},"_links":{"self":[{"href":"https:\/\/breinco.com\/fr\/wp-json\/wp\/v2\/proyecto\/23014","targetHints":{"allow":["GET"]}}],"collection":[{"href":"https:\/\/breinco.com\/fr\/wp-json\/wp\/v2\/proyecto"}],"about":[{"href":"https:\/\/breinco.com\/fr\/wp-json\/wp\/v2\/types\/proyecto"}],"acf:attachment":[{"embeddable":true,"href":"https:\/\/breinco.com\/fr\/wp-json\/wp\/v2\/media\/4886"},{"embeddable":true,"href":"https:\/\/breinco.com\/fr\/wp-json\/wp\/v2\/media\/4885"},{"embeddable":true,"href":"https:\/\/breinco.com\/fr\/wp-json\/wp\/v2\/media\/4884"},{"embeddable":true,"href":"https:\/\/breinco.com\/fr\/wp-json\/wp\/v2\/media\/4883"},{"embeddable":true,"href":"https:\/\/breinco.com\/fr\/wp-json\/wp\/v2\/media\/4882"},{"embeddable":true,"href":"https:\/\/breinco.com\/fr\/wp-json\/wp\/v2\/media\/4881"},{"embeddable":true,"href":"https:\/\/breinco.com\/fr\/wp-json\/wp\/v2\/media\/4880"},{"embeddable":true,"href":"https:\/\/breinco.com\/fr\/wp-json\/wp\/v2\/media\/4879"}],"acf:post":[{"embeddable":true,"href":"https:\/\/breinco.com\/fr\/wp-json\/wp\/v2\/br_product\/17352"}],"wp:attachment":[{"href":"https:\/\/breinco.com\/fr\/wp-json\/wp\/v2\/media?parent=23014"}],"wp:term":[{"taxonomy":"post_tag","embeddable":true,"href":"https:\/\/breinco.com\/fr\/wp-json\/wp\/v2\/tags?post=23014"},{"taxonomy":"categoria-proyecto","embeddable":true,"href":"https:\/\/breinco.com\/fr\/wp-json\/wp\/v2\/categoria-proyecto?post=23014"}],"curies":[{"name":"wp","href":"https:\/\/api.w.org\/{rel}","templated":true}]}}