{"id":23032,"date":"2025-11-18T12:15:50","date_gmt":"2025-11-18T11:15:50","guid":{"rendered":"https:\/\/breinco.com\/proyecto\/delta-business-center-a-viladecans\/"},"modified":"2026-04-30T18:25:38","modified_gmt":"2026-04-30T16:25:38","slug":"delta-business-center-a-viladecans","status":"publish","type":"proyecto","link":"https:\/\/breinco.com\/fr\/proyecto\/delta-business-center-a-viladecans\/","title":{"rendered":"Delta Business Center \u00e0 Viladecans"},"content":{"rendered":"\n<p><strong>Delta Business Center<\/strong> est un immeuble de bureaux contemporain situ\u00e9 \u00e0 Viladecans, au c\u0153ur de l&rsquo;environnement naturel du delta du Llobregat. Le projet, d\u00e9velopp\u00e9 par <strong>PichArchitects<\/strong>, repose sur une id\u00e9e claire: cr\u00e9er un b\u00e2timent fonctionnel, flexible et durable qui dialogue avec le paysage tout en am\u00e9liorant l&rsquo;exp\u00e9rience quotidienne de ses usagers.<\/p>\n\n<p>L\u2019\u00e9difice s\u2019\u00e9l\u00e8ve sur pilotis, lib\u00e9rant le sol et pr\u00e9servant la v\u00e9g\u00e9tation. Ce geste architectural r\u00e9pond \u00e0 des crit\u00e8res environnementaux et urbains : il favorise la continuit\u00e9 \u00e9cologique, am\u00e9liore la gestion naturelle des eaux pluviales et g\u00e9n\u00e8re des espaces ext\u00e9rieurs de transition qui apportent un confort climatique.<\/p>\n\n<p>Chaque \u00e9tage int\u00e8gre des terrasses et des espaces ext\u00e9rieurs qui fonctionnent comme un <strong>prolongement naturel des bureaux<\/strong>. Ces espaces ouverts favorisent le bien-\u00eatre des usagers, les relations interpersonnelles et le contact constant avec la lumi\u00e8re naturelle, l&rsquo;air et le paysage. Le b\u00e2timent se vit ainsi comme une s\u00e9quence continue d&rsquo;int\u00e9rieurs et d&rsquo;ext\u00e9rieurs, o\u00f9 travailler, se r\u00e9unir ou se reposer font partie d&rsquo;une seule et m\u00eame exp\u00e9rience spatiale.<\/p>\n\n<p>Les bureaux sont organis\u00e9s comme des espaces ouverts et flexibles, pr\u00eats \u00e0 s&rsquo;adapter aux futurs changements d&rsquo;usage. L&rsquo;abondante entr\u00e9e de lumi\u00e8re naturelle, la ventilation crois\u00e9e et les vues d\u00e9gag\u00e9es cr\u00e9ent un environnement de travail sain et confortable, en phase avec les crit\u00e8res contemporains de durabilit\u00e9 et de bien-\u00eatre.<\/p>\n\n<p>Dans ce projet, les toitures jouent un r\u00f4le fondamental. Sur les diff\u00e9rents niveaux du b\u00e2timent, la <strong>Llosa Infinity<\/strong> a \u00e9t\u00e9 incorpor\u00e9e aux toitures terrasses, les transformant en espaces accessibles, s\u00fbrs et pleinement exploitables. Ce syst\u00e8me de toiture invers\u00e9e int\u00e8gre en une seule pi\u00e8ce l\u2019isolation thermique et la finition de surface, apportant confort, stabilit\u00e9 et une image architecturale soign\u00e9e.<\/p>\n\n<p>L\u2019utilisation de la Llosa Infinity permet aux toitures de fonctionner comme une extension des espaces de travail et de rencontre, \u00e9largissant les zones de s\u00e9jour en plein air et renfor\u00e7ant le caract\u00e8re flexible du b\u00e2timent. Ses performances en mati\u00e8re de drainage de l\u2019eau, de r\u00e9sistance aux variations thermiques et \u00e0 l\u2019usage continu contribuent \u00e0 la durabilit\u00e9 de l\u2019ensemble et \u00e0 la r\u00e9duction de la maintenance, s\u2019alignant ainsi sur les objectifs de durabilit\u00e9 du projet.<\/p>\n\n<p>Le Delta Business Center s&rsquo;affirme ainsi comme un exemple d&rsquo;architecture de bureaux contemporaine, o\u00f9 design, efficacit\u00e9 et respect de l&rsquo;environnement s&rsquo;int\u00e8grent de mani\u00e8re coh\u00e9rente. Un b\u00e2timent pens\u00e9 pour le pr\u00e9sent et le futur, qui con\u00e7oit l&rsquo;architecture comme un outil pour am\u00e9liorer le bien-\u00eatre, optimiser les ressources et cr\u00e9er de la valeur \u00e0 long terme.<\/p>\n","protected":false},"featured_media":0,"template":"","meta":{"_acf_changed":false},"tags":[981],"categoria-proyecto":[935],"class_list":["post-23032","proyecto","type-proyecto","status-publish","hentry","tag-llosa-infinity","categoria-proyecto-paysage-urbain"],"acf":{"localitzacio-projecte":"Barcelona","credits-projecte":"Carolina Louren\u00e7o | Pich Aguilera","fotografia-projecte":"","producte_resum":"Losa Infinity","producte-projecte":"Losa Infinity | 60 x 40 x 14 cm | Ceniza &amp; Metal | Standard\u00ae","productes_relacionats":[17932],"galeria-projecte":[14736,23033,14741,14740,14739,5534,5537,14742,14734,14735,5540,5538]},"yoast_head":"<!-- This site is optimized with the Yoast SEO plugin v27.5 - https:\/\/yoast.com\/product\/yoast-seo-wordpress\/ -->\n<title>Delta Business Center \u00e0 Viladecans - Breinco<\/title>\n<meta name=\"robots\" content=\"index, follow, max-snippet:-1, max-image-preview:large, max-video-preview:-1\" \/>\n<link rel=\"canonical\" href=\"https:\/\/breinco.com\/fr\/proyecto\/delta-business-center-a-viladecans\/\" \/>\n<meta property=\"og:locale\" content=\"fr_FR\" \/>\n<meta property=\"og:type\" content=\"article\" \/>\n<meta property=\"og:title\" content=\"Delta Business Center \u00e0 Viladecans - Breinco\" \/>\n<meta property=\"og:description\" content=\"Delta Business Center est un immeuble de bureaux contemporain situ\u00e9 \u00e0 Viladecans, au c\u0153ur de l&rsquo;environnement naturel du delta du Llobregat. Le projet, d\u00e9velopp\u00e9 par PichArchitects, repose sur une id\u00e9e claire: cr\u00e9er un b\u00e2timent fonctionnel, flexible et durable qui dialogue avec le paysage tout en am\u00e9liorant l&rsquo;exp\u00e9rience quotidienne de ses usagers. L\u2019\u00e9difice s\u2019\u00e9l\u00e8ve sur pilotis, [&hellip;]\" \/>\n<meta property=\"og:url\" content=\"https:\/\/breinco.com\/fr\/proyecto\/delta-business-center-a-viladecans\/\" \/>\n<meta property=\"og:site_name\" content=\"Breinco\" \/>\n<meta property=\"article:publisher\" content=\"https:\/\/www.facebook.com\/breincosmart\/\" \/>\n<meta property=\"article:modified_time\" content=\"2026-04-30T16:25:38+00:00\" \/>\n<meta property=\"og:image\" content=\"https:\/\/breinco.com\/wp-content\/uploads\/2026\/02\/breinco-feat-img.webp\" \/>\n\t<meta property=\"og:image:width\" content=\"1200\" \/>\n\t<meta property=\"og:image:height\" content=\"800\" \/>\n\t<meta property=\"og:image:type\" content=\"image\/webp\" \/>\n<meta name=\"twitter:card\" content=\"summary_large_image\" \/>\n<meta name=\"twitter:site\" content=\"@breincoGroup\" \/>\n<meta name=\"twitter:label1\" content=\"Dur\u00e9e de lecture estim\u00e9e\" \/>\n\t<meta name=\"twitter:data1\" content=\"2 minutes\" \/>\n<script type=\"application\/ld+json\" class=\"yoast-schema-graph\">{\"@context\":\"https:\\\/\\\/schema.org\",\"@graph\":[{\"@type\":\"WebPage\",\"@id\":\"https:\\\/\\\/breinco.com\\\/fr\\\/proyecto\\\/delta-business-center-a-viladecans\\\/\",\"url\":\"https:\\\/\\\/breinco.com\\\/fr\\\/proyecto\\\/delta-business-center-a-viladecans\\\/\",\"name\":\"Delta Business Center \u00e0 Viladecans - Breinco\",\"isPartOf\":{\"@id\":\"https:\\\/\\\/breinco.com\\\/fr\\\/#website\"},\"datePublished\":\"2025-11-18T11:15:50+00:00\",\"dateModified\":\"2026-04-30T16:25:38+00:00\",\"breadcrumb\":{\"@id\":\"https:\\\/\\\/breinco.com\\\/fr\\\/proyecto\\\/delta-business-center-a-viladecans\\\/#breadcrumb\"},\"inLanguage\":\"fr-FR\",\"potentialAction\":[{\"@type\":\"ReadAction\",\"target\":[\"https:\\\/\\\/breinco.com\\\/fr\\\/proyecto\\\/delta-business-center-a-viladecans\\\/\"]}]},{\"@type\":\"BreadcrumbList\",\"@id\":\"https:\\\/\\\/breinco.com\\\/fr\\\/proyecto\\\/delta-business-center-a-viladecans\\\/#breadcrumb\",\"itemListElement\":[{\"@type\":\"ListItem\",\"position\":1,\"name\":\"Accueil\",\"item\":\"https:\\\/\\\/breinco.com\\\/fr\\\/\"},{\"@type\":\"ListItem\",\"position\":2,\"name\":\"Proyectos\",\"item\":\"https:\\\/\\\/breinco.com\\\/fr\\\/proyecto\\\/\"},{\"@type\":\"ListItem\",\"position\":3,\"name\":\"Delta Business Center \u00e0 Viladecans\"}]},{\"@type\":\"WebSite\",\"@id\":\"https:\\\/\\\/breinco.com\\\/fr\\\/#website\",\"url\":\"https:\\\/\\\/breinco.com\\\/fr\\\/\",\"name\":\"Breinco\",\"description\":\"\",\"publisher\":{\"@id\":\"https:\\\/\\\/breinco.com\\\/fr\\\/#organization\"},\"alternateName\":\"Urban Furniture, Architecture and Landscaping\",\"potentialAction\":[{\"@type\":\"SearchAction\",\"target\":{\"@type\":\"EntryPoint\",\"urlTemplate\":\"https:\\\/\\\/breinco.com\\\/fr\\\/?s={search_term_string}\"},\"query-input\":{\"@type\":\"PropertyValueSpecification\",\"valueRequired\":true,\"valueName\":\"search_term_string\"}}],\"inLanguage\":\"fr-FR\"},{\"@type\":\"Organization\",\"@id\":\"https:\\\/\\\/breinco.com\\\/fr\\\/#organization\",\"name\":\"Breinco\",\"url\":\"https:\\\/\\\/breinco.com\\\/fr\\\/\",\"logo\":{\"@type\":\"ImageObject\",\"inLanguage\":\"fr-FR\",\"@id\":\"https:\\\/\\\/breinco.com\\\/fr\\\/#\\\/schema\\\/logo\\\/image\\\/\",\"url\":\"https:\\\/\\\/breinco.com\\\/wp-content\\\/uploads\\\/2025\\\/04\\\/breinco-brand.svg\",\"contentUrl\":\"https:\\\/\\\/breinco.com\\\/wp-content\\\/uploads\\\/2025\\\/04\\\/breinco-brand.svg\",\"width\":26,\"height\":58,\"caption\":\"Breinco\"},\"image\":{\"@id\":\"https:\\\/\\\/breinco.com\\\/fr\\\/#\\\/schema\\\/logo\\\/image\\\/\"},\"sameAs\":[\"https:\\\/\\\/www.facebook.com\\\/breincosmart\\\/\",\"https:\\\/\\\/x.com\\\/breincoGroup\",\"https:\\\/\\\/www.instagram.com\\\/breinco\\\/\",\"https:\\\/\\\/www.linkedin.com\\\/company\\\/breinco-esp\\\/\"]}]}<\/script>\n<!-- \/ Yoast SEO plugin. -->","yoast_head_json":{"title":"Delta Business Center \u00e0 Viladecans - Breinco","robots":{"index":"index","follow":"follow","max-snippet":"max-snippet:-1","max-image-preview":"max-image-preview:large","max-video-preview":"max-video-preview:-1"},"canonical":"https:\/\/breinco.com\/fr\/proyecto\/delta-business-center-a-viladecans\/","og_locale":"fr_FR","og_type":"article","og_title":"Delta Business Center \u00e0 Viladecans - Breinco","og_description":"Delta Business Center est un immeuble de bureaux contemporain situ\u00e9 \u00e0 Viladecans, au c\u0153ur de l&rsquo;environnement naturel du delta du Llobregat. Le projet, d\u00e9velopp\u00e9 par PichArchitects, repose sur une id\u00e9e claire: cr\u00e9er un b\u00e2timent fonctionnel, flexible et durable qui dialogue avec le paysage tout en am\u00e9liorant l&rsquo;exp\u00e9rience quotidienne de ses usagers. L\u2019\u00e9difice s\u2019\u00e9l\u00e8ve sur pilotis, [&hellip;]","og_url":"https:\/\/breinco.com\/fr\/proyecto\/delta-business-center-a-viladecans\/","og_site_name":"Breinco","article_publisher":"https:\/\/www.facebook.com\/breincosmart\/","article_modified_time":"2026-04-30T16:25:38+00:00","og_image":[{"width":1200,"height":800,"url":"https:\/\/breinco.com\/wp-content\/uploads\/2026\/02\/breinco-feat-img.webp","type":"image\/webp"}],"twitter_card":"summary_large_image","twitter_site":"@breincoGroup","twitter_misc":{"Dur\u00e9e de lecture estim\u00e9e":"2 minutes"},"schema":{"@context":"https:\/\/schema.org","@graph":[{"@type":"WebPage","@id":"https:\/\/breinco.com\/fr\/proyecto\/delta-business-center-a-viladecans\/","url":"https:\/\/breinco.com\/fr\/proyecto\/delta-business-center-a-viladecans\/","name":"Delta Business Center \u00e0 Viladecans - Breinco","isPartOf":{"@id":"https:\/\/breinco.com\/fr\/#website"},"datePublished":"2025-11-18T11:15:50+00:00","dateModified":"2026-04-30T16:25:38+00:00","breadcrumb":{"@id":"https:\/\/breinco.com\/fr\/proyecto\/delta-business-center-a-viladecans\/#breadcrumb"},"inLanguage":"fr-FR","potentialAction":[{"@type":"ReadAction","target":["https:\/\/breinco.com\/fr\/proyecto\/delta-business-center-a-viladecans\/"]}]},{"@type":"BreadcrumbList","@id":"https:\/\/breinco.com\/fr\/proyecto\/delta-business-center-a-viladecans\/#breadcrumb","itemListElement":[{"@type":"ListItem","position":1,"name":"Accueil","item":"https:\/\/breinco.com\/fr\/"},{"@type":"ListItem","position":2,"name":"Proyectos","item":"https:\/\/breinco.com\/fr\/proyecto\/"},{"@type":"ListItem","position":3,"name":"Delta Business Center \u00e0 Viladecans"}]},{"@type":"WebSite","@id":"https:\/\/breinco.com\/fr\/#website","url":"https:\/\/breinco.com\/fr\/","name":"Breinco","description":"","publisher":{"@id":"https:\/\/breinco.com\/fr\/#organization"},"alternateName":"Urban Furniture, Architecture and Landscaping","potentialAction":[{"@type":"SearchAction","target":{"@type":"EntryPoint","urlTemplate":"https:\/\/breinco.com\/fr\/?s={search_term_string}"},"query-input":{"@type":"PropertyValueSpecification","valueRequired":true,"valueName":"search_term_string"}}],"inLanguage":"fr-FR"},{"@type":"Organization","@id":"https:\/\/breinco.com\/fr\/#organization","name":"Breinco","url":"https:\/\/breinco.com\/fr\/","logo":{"@type":"ImageObject","inLanguage":"fr-FR","@id":"https:\/\/breinco.com\/fr\/#\/schema\/logo\/image\/","url":"https:\/\/breinco.com\/wp-content\/uploads\/2025\/04\/breinco-brand.svg","contentUrl":"https:\/\/breinco.com\/wp-content\/uploads\/2025\/04\/breinco-brand.svg","width":26,"height":58,"caption":"Breinco"},"image":{"@id":"https:\/\/breinco.com\/fr\/#\/schema\/logo\/image\/"},"sameAs":["https:\/\/www.facebook.com\/breincosmart\/","https:\/\/x.com\/breincoGroup","https:\/\/www.instagram.com\/breinco\/","https:\/\/www.linkedin.com\/company\/breinco-esp\/"]}]}},"_links":{"self":[{"href":"https:\/\/breinco.com\/fr\/wp-json\/wp\/v2\/proyecto\/23032","targetHints":{"allow":["GET"]}}],"collection":[{"href":"https:\/\/breinco.com\/fr\/wp-json\/wp\/v2\/proyecto"}],"about":[{"href":"https:\/\/breinco.com\/fr\/wp-json\/wp\/v2\/types\/proyecto"}],"acf:attachment":[{"embeddable":true,"href":"https:\/\/breinco.com\/fr\/wp-json\/wp\/v2\/media\/5538"},{"embeddable":true,"href":"https:\/\/breinco.com\/fr\/wp-json\/wp\/v2\/media\/5540"},{"embeddable":true,"href":"https:\/\/breinco.com\/fr\/wp-json\/wp\/v2\/media\/14735"},{"embeddable":true,"href":"https:\/\/breinco.com\/fr\/wp-json\/wp\/v2\/media\/14734"},{"embeddable":true,"href":"https:\/\/breinco.com\/fr\/wp-json\/wp\/v2\/media\/14742"},{"embeddable":true,"href":"https:\/\/breinco.com\/fr\/wp-json\/wp\/v2\/media\/5537"},{"embeddable":true,"href":"https:\/\/breinco.com\/fr\/wp-json\/wp\/v2\/media\/5534"},{"embeddable":true,"href":"https:\/\/breinco.com\/fr\/wp-json\/wp\/v2\/media\/14739"},{"embeddable":true,"href":"https:\/\/breinco.com\/fr\/wp-json\/wp\/v2\/media\/14740"},{"embeddable":true,"href":"https:\/\/breinco.com\/fr\/wp-json\/wp\/v2\/media\/14741"},{"embeddable":true,"href":"https:\/\/breinco.com\/fr\/wp-json\/wp\/v2\/media\/23033"},{"embeddable":true,"href":"https:\/\/breinco.com\/fr\/wp-json\/wp\/v2\/media\/14736"}],"acf:post":[{"embeddable":true,"href":"https:\/\/breinco.com\/fr\/wp-json\/wp\/v2\/br_product\/17932"}],"wp:attachment":[{"href":"https:\/\/breinco.com\/fr\/wp-json\/wp\/v2\/media?parent=23032"}],"wp:term":[{"taxonomy":"post_tag","embeddable":true,"href":"https:\/\/breinco.com\/fr\/wp-json\/wp\/v2\/tags?post=23032"},{"taxonomy":"categoria-proyecto","embeddable":true,"href":"https:\/\/breinco.com\/fr\/wp-json\/wp\/v2\/categoria-proyecto?post=23032"}],"curies":[{"name":"wp","href":"https:\/\/api.w.org\/{rel}","templated":true}]}}