{"id":23034,"date":"2026-02-11T18:44:30","date_gmt":"2026-02-11T17:44:30","guid":{"rendered":"https:\/\/breinco.com\/proyecto\/remodelage-de-la-rue-joan-de-batlle\/"},"modified":"2026-04-30T18:25:38","modified_gmt":"2026-04-30T16:25:38","slug":"remodelage-de-la-rue-joan-de-batlle","status":"publish","type":"proyecto","link":"https:\/\/breinco.com\/fr\/proyecto\/remodelage-de-la-rue-joan-de-batlle\/","title":{"rendered":"Remodelage de la rue Joan de Batlle"},"content":{"rendered":"\n<p>L\u2019intervention dans la rue Joan de Batlle, situ\u00e9e \u00e0 Sant Feliu de Llobregat, r\u00e9pond \u00e0 la volont\u00e9 de r\u00e9nover l\u2019espace public pour le rendre plus accessible, fonctionnel et accueillant pour les riverains. Le projet mise sur une r\u00e9organisation claire des parcours pi\u00e9tons et sur la cr\u00e9ation de nouvelles zones de d\u00e9tente qui favorisent l\u2019usage quotidien et la convivialit\u00e9.<\/p>\n\n<p>Le rev\u00eatement combine diff\u00e9rentes teintes et textures, g\u00e9n\u00e9rant une lecture ordonn\u00e9e de l\u2019espace et diff\u00e9renciant les zones de passage des aires de repos. L\u2019int\u00e9gration de la Llosa Vulcano\u00ae apporte r\u00e9sistance, durabilit\u00e9 et une esth\u00e9tique contemporaine qui s\u2019int\u00e8gre harmonieusement \u00e0 l\u2019environnement urbain existant.<\/p>\n\n<p>Le mobilier urbain, mod\u00e8les Basic 50 et 60, est r\u00e9parti strat\u00e9giquement pour cr\u00e9er des points de rencontre et de d\u00e9tente tout au long de la place. Leurs volumes g\u00e9om\u00e9triques et leur design sobre renforcent l\u2019identit\u00e9 moderne de l\u2019espace, offrant \u00e0 la fois fonctionnalit\u00e9 et robustez. Les bancs sont compl\u00e9t\u00e9s par de nouveaux espaces paysagers et du mobilier v\u00e9g\u00e9tal, qui contribuent \u00e0 am\u00e9liorer le confort environnemental et la qualit\u00e9 paysag\u00e8re.<\/p>\n\n<p>L\u2019intervention donne \u00e9galement la priorit\u00e9 \u00e0 l\u2019accessibilit\u00e9 universelle, en \u00e9liminant les barri\u00e8res architecturales et en garantissant des itin\u00e9raires confortables et s\u00fbrs pour tous. Le r\u00e9sultat est une place r\u00e9nov\u00e9e, pens\u00e9e comme un espace de relation, de repos et de dynamisation du quartier, qui am\u00e9liore la qualit\u00e9 urbaine et renforce le tissu social de Sant Feliu de Llobregat.<\/p>\n\n<p><\/p>\n","protected":false},"featured_media":0,"template":"","meta":{"_acf_changed":false},"tags":[1237,1238],"categoria-proyecto":[],"class_list":["post-23034","proyecto","type-proyecto","status-publish","hentry","tag-basic-50","tag-basic-60"],"acf":{"localitzacio-projecte":"Barcelona","credits-projecte":"","fotografia-projecte":"","producte_resum":"Basic 50 y Basic 60","producte-projecte":"Basic 50 | 50 x 46 x 50 cm | White wet | Smooth\u00ae\r\n\r\nBasic 60 | 120 x 46 x 120 cm | 300 x 46 x 60 cm | White wet | Smooth\u00ae\r\n\r\n&nbsp;","productes_relacionats":[18097,18158],"galeria-projecte":[12673,12674,23035,12676]},"yoast_head":"<!-- This site is optimized with the Yoast SEO plugin v27.5 - https:\/\/yoast.com\/product\/yoast-seo-wordpress\/ -->\n<title>Remodelage de la rue Joan de Batlle - Breinco<\/title>\n<meta name=\"robots\" content=\"index, follow, max-snippet:-1, max-image-preview:large, max-video-preview:-1\" \/>\n<link rel=\"canonical\" href=\"https:\/\/breinco.com\/fr\/proyecto\/remodelage-de-la-rue-joan-de-batlle\/\" \/>\n<meta property=\"og:locale\" content=\"fr_FR\" \/>\n<meta property=\"og:type\" content=\"article\" \/>\n<meta property=\"og:title\" content=\"Remodelage de la rue Joan de Batlle - Breinco\" \/>\n<meta property=\"og:description\" content=\"L\u2019intervention dans la rue Joan de Batlle, situ\u00e9e \u00e0 Sant Feliu de Llobregat, r\u00e9pond \u00e0 la volont\u00e9 de r\u00e9nover l\u2019espace public pour le rendre plus accessible, fonctionnel et accueillant pour les riverains. Le projet mise sur une r\u00e9organisation claire des parcours pi\u00e9tons et sur la cr\u00e9ation de nouvelles zones de d\u00e9tente qui favorisent l\u2019usage quotidien [&hellip;]\" \/>\n<meta property=\"og:url\" content=\"https:\/\/breinco.com\/fr\/proyecto\/remodelage-de-la-rue-joan-de-batlle\/\" \/>\n<meta property=\"og:site_name\" content=\"Breinco\" \/>\n<meta property=\"article:publisher\" content=\"https:\/\/www.facebook.com\/breincosmart\/\" \/>\n<meta property=\"article:modified_time\" content=\"2026-04-30T16:25:38+00:00\" \/>\n<meta property=\"og:image\" content=\"https:\/\/breinco.com\/wp-content\/uploads\/2026\/02\/breinco-feat-img.webp\" \/>\n\t<meta property=\"og:image:width\" content=\"1200\" \/>\n\t<meta property=\"og:image:height\" content=\"800\" \/>\n\t<meta property=\"og:image:type\" content=\"image\/webp\" \/>\n<meta name=\"twitter:card\" content=\"summary_large_image\" \/>\n<meta name=\"twitter:site\" content=\"@breincoGroup\" \/>\n<meta name=\"twitter:label1\" content=\"Dur\u00e9e de lecture estim\u00e9e\" \/>\n\t<meta name=\"twitter:data1\" content=\"1 minute\" \/>\n<script type=\"application\/ld+json\" class=\"yoast-schema-graph\">{\"@context\":\"https:\\\/\\\/schema.org\",\"@graph\":[{\"@type\":\"WebPage\",\"@id\":\"https:\\\/\\\/breinco.com\\\/fr\\\/proyecto\\\/remodelage-de-la-rue-joan-de-batlle\\\/\",\"url\":\"https:\\\/\\\/breinco.com\\\/fr\\\/proyecto\\\/remodelage-de-la-rue-joan-de-batlle\\\/\",\"name\":\"Remodelage de la rue Joan de Batlle - Breinco\",\"isPartOf\":{\"@id\":\"https:\\\/\\\/breinco.com\\\/fr\\\/#website\"},\"datePublished\":\"2026-02-11T17:44:30+00:00\",\"dateModified\":\"2026-04-30T16:25:38+00:00\",\"breadcrumb\":{\"@id\":\"https:\\\/\\\/breinco.com\\\/fr\\\/proyecto\\\/remodelage-de-la-rue-joan-de-batlle\\\/#breadcrumb\"},\"inLanguage\":\"fr-FR\",\"potentialAction\":[{\"@type\":\"ReadAction\",\"target\":[\"https:\\\/\\\/breinco.com\\\/fr\\\/proyecto\\\/remodelage-de-la-rue-joan-de-batlle\\\/\"]}]},{\"@type\":\"BreadcrumbList\",\"@id\":\"https:\\\/\\\/breinco.com\\\/fr\\\/proyecto\\\/remodelage-de-la-rue-joan-de-batlle\\\/#breadcrumb\",\"itemListElement\":[{\"@type\":\"ListItem\",\"position\":1,\"name\":\"Accueil\",\"item\":\"https:\\\/\\\/breinco.com\\\/fr\\\/\"},{\"@type\":\"ListItem\",\"position\":2,\"name\":\"Proyectos\",\"item\":\"https:\\\/\\\/breinco.com\\\/fr\\\/proyecto\\\/\"},{\"@type\":\"ListItem\",\"position\":3,\"name\":\"Remodelage de la rue Joan de Batlle\"}]},{\"@type\":\"WebSite\",\"@id\":\"https:\\\/\\\/breinco.com\\\/fr\\\/#website\",\"url\":\"https:\\\/\\\/breinco.com\\\/fr\\\/\",\"name\":\"Breinco\",\"description\":\"\",\"publisher\":{\"@id\":\"https:\\\/\\\/breinco.com\\\/fr\\\/#organization\"},\"alternateName\":\"Urban Furniture, Architecture and Landscaping\",\"potentialAction\":[{\"@type\":\"SearchAction\",\"target\":{\"@type\":\"EntryPoint\",\"urlTemplate\":\"https:\\\/\\\/breinco.com\\\/fr\\\/?s={search_term_string}\"},\"query-input\":{\"@type\":\"PropertyValueSpecification\",\"valueRequired\":true,\"valueName\":\"search_term_string\"}}],\"inLanguage\":\"fr-FR\"},{\"@type\":\"Organization\",\"@id\":\"https:\\\/\\\/breinco.com\\\/fr\\\/#organization\",\"name\":\"Breinco\",\"url\":\"https:\\\/\\\/breinco.com\\\/fr\\\/\",\"logo\":{\"@type\":\"ImageObject\",\"inLanguage\":\"fr-FR\",\"@id\":\"https:\\\/\\\/breinco.com\\\/fr\\\/#\\\/schema\\\/logo\\\/image\\\/\",\"url\":\"https:\\\/\\\/breinco.com\\\/wp-content\\\/uploads\\\/2025\\\/04\\\/breinco-brand.svg\",\"contentUrl\":\"https:\\\/\\\/breinco.com\\\/wp-content\\\/uploads\\\/2025\\\/04\\\/breinco-brand.svg\",\"width\":26,\"height\":58,\"caption\":\"Breinco\"},\"image\":{\"@id\":\"https:\\\/\\\/breinco.com\\\/fr\\\/#\\\/schema\\\/logo\\\/image\\\/\"},\"sameAs\":[\"https:\\\/\\\/www.facebook.com\\\/breincosmart\\\/\",\"https:\\\/\\\/x.com\\\/breincoGroup\",\"https:\\\/\\\/www.instagram.com\\\/breinco\\\/\",\"https:\\\/\\\/www.linkedin.com\\\/company\\\/breinco-esp\\\/\"]}]}<\/script>\n<!-- \/ Yoast SEO plugin. -->","yoast_head_json":{"title":"Remodelage de la rue Joan de Batlle - Breinco","robots":{"index":"index","follow":"follow","max-snippet":"max-snippet:-1","max-image-preview":"max-image-preview:large","max-video-preview":"max-video-preview:-1"},"canonical":"https:\/\/breinco.com\/fr\/proyecto\/remodelage-de-la-rue-joan-de-batlle\/","og_locale":"fr_FR","og_type":"article","og_title":"Remodelage de la rue Joan de Batlle - Breinco","og_description":"L\u2019intervention dans la rue Joan de Batlle, situ\u00e9e \u00e0 Sant Feliu de Llobregat, r\u00e9pond \u00e0 la volont\u00e9 de r\u00e9nover l\u2019espace public pour le rendre plus accessible, fonctionnel et accueillant pour les riverains. Le projet mise sur une r\u00e9organisation claire des parcours pi\u00e9tons et sur la cr\u00e9ation de nouvelles zones de d\u00e9tente qui favorisent l\u2019usage quotidien [&hellip;]","og_url":"https:\/\/breinco.com\/fr\/proyecto\/remodelage-de-la-rue-joan-de-batlle\/","og_site_name":"Breinco","article_publisher":"https:\/\/www.facebook.com\/breincosmart\/","article_modified_time":"2026-04-30T16:25:38+00:00","og_image":[{"width":1200,"height":800,"url":"https:\/\/breinco.com\/wp-content\/uploads\/2026\/02\/breinco-feat-img.webp","type":"image\/webp"}],"twitter_card":"summary_large_image","twitter_site":"@breincoGroup","twitter_misc":{"Dur\u00e9e de lecture estim\u00e9e":"1 minute"},"schema":{"@context":"https:\/\/schema.org","@graph":[{"@type":"WebPage","@id":"https:\/\/breinco.com\/fr\/proyecto\/remodelage-de-la-rue-joan-de-batlle\/","url":"https:\/\/breinco.com\/fr\/proyecto\/remodelage-de-la-rue-joan-de-batlle\/","name":"Remodelage de la rue Joan de Batlle - Breinco","isPartOf":{"@id":"https:\/\/breinco.com\/fr\/#website"},"datePublished":"2026-02-11T17:44:30+00:00","dateModified":"2026-04-30T16:25:38+00:00","breadcrumb":{"@id":"https:\/\/breinco.com\/fr\/proyecto\/remodelage-de-la-rue-joan-de-batlle\/#breadcrumb"},"inLanguage":"fr-FR","potentialAction":[{"@type":"ReadAction","target":["https:\/\/breinco.com\/fr\/proyecto\/remodelage-de-la-rue-joan-de-batlle\/"]}]},{"@type":"BreadcrumbList","@id":"https:\/\/breinco.com\/fr\/proyecto\/remodelage-de-la-rue-joan-de-batlle\/#breadcrumb","itemListElement":[{"@type":"ListItem","position":1,"name":"Accueil","item":"https:\/\/breinco.com\/fr\/"},{"@type":"ListItem","position":2,"name":"Proyectos","item":"https:\/\/breinco.com\/fr\/proyecto\/"},{"@type":"ListItem","position":3,"name":"Remodelage de la rue Joan de Batlle"}]},{"@type":"WebSite","@id":"https:\/\/breinco.com\/fr\/#website","url":"https:\/\/breinco.com\/fr\/","name":"Breinco","description":"","publisher":{"@id":"https:\/\/breinco.com\/fr\/#organization"},"alternateName":"Urban Furniture, Architecture and Landscaping","potentialAction":[{"@type":"SearchAction","target":{"@type":"EntryPoint","urlTemplate":"https:\/\/breinco.com\/fr\/?s={search_term_string}"},"query-input":{"@type":"PropertyValueSpecification","valueRequired":true,"valueName":"search_term_string"}}],"inLanguage":"fr-FR"},{"@type":"Organization","@id":"https:\/\/breinco.com\/fr\/#organization","name":"Breinco","url":"https:\/\/breinco.com\/fr\/","logo":{"@type":"ImageObject","inLanguage":"fr-FR","@id":"https:\/\/breinco.com\/fr\/#\/schema\/logo\/image\/","url":"https:\/\/breinco.com\/wp-content\/uploads\/2025\/04\/breinco-brand.svg","contentUrl":"https:\/\/breinco.com\/wp-content\/uploads\/2025\/04\/breinco-brand.svg","width":26,"height":58,"caption":"Breinco"},"image":{"@id":"https:\/\/breinco.com\/fr\/#\/schema\/logo\/image\/"},"sameAs":["https:\/\/www.facebook.com\/breincosmart\/","https:\/\/x.com\/breincoGroup","https:\/\/www.instagram.com\/breinco\/","https:\/\/www.linkedin.com\/company\/breinco-esp\/"]}]}},"_links":{"self":[{"href":"https:\/\/breinco.com\/fr\/wp-json\/wp\/v2\/proyecto\/23034","targetHints":{"allow":["GET"]}}],"collection":[{"href":"https:\/\/breinco.com\/fr\/wp-json\/wp\/v2\/proyecto"}],"about":[{"href":"https:\/\/breinco.com\/fr\/wp-json\/wp\/v2\/types\/proyecto"}],"acf:attachment":[{"embeddable":true,"href":"https:\/\/breinco.com\/fr\/wp-json\/wp\/v2\/media\/12676"},{"embeddable":true,"href":"https:\/\/breinco.com\/fr\/wp-json\/wp\/v2\/media\/23035"},{"embeddable":true,"href":"https:\/\/breinco.com\/fr\/wp-json\/wp\/v2\/media\/12674"},{"embeddable":true,"href":"https:\/\/breinco.com\/fr\/wp-json\/wp\/v2\/media\/12673"}],"acf:post":[{"embeddable":true,"href":"https:\/\/breinco.com\/fr\/wp-json\/wp\/v2\/br_product\/18158"},{"embeddable":true,"href":"https:\/\/breinco.com\/fr\/wp-json\/wp\/v2\/br_product\/18097"}],"wp:attachment":[{"href":"https:\/\/breinco.com\/fr\/wp-json\/wp\/v2\/media?parent=23034"}],"wp:term":[{"taxonomy":"post_tag","embeddable":true,"href":"https:\/\/breinco.com\/fr\/wp-json\/wp\/v2\/tags?post=23034"},{"taxonomy":"categoria-proyecto","embeddable":true,"href":"https:\/\/breinco.com\/fr\/wp-json\/wp\/v2\/categoria-proyecto?post=23034"}],"curies":[{"name":"wp","href":"https:\/\/api.w.org\/{rel}","templated":true}]}}