{"id":23040,"date":"2026-02-05T02:45:30","date_gmt":"2026-02-05T01:45:30","guid":{"rendered":"https:\/\/breinco.com\/proyecto\/maison-particuliere-a-collbato\/"},"modified":"2026-04-30T18:25:38","modified_gmt":"2026-04-30T16:25:38","slug":"maison-particuliere-a-collbato","status":"publish","type":"proyecto","link":"https:\/\/breinco.com\/fr\/proyecto\/maison-particuliere-a-collbato\/","title":{"rendered":"Maison particuli\u00e8re \u00e0 Collbat\u00f3"},"content":{"rendered":"\n<p>Projet r\u00e9sidentiel situ\u00e9 dans un lotissement de Collbat\u00f3, con\u00e7u comme une habitation int\u00e9gr\u00e9e dans l\u2019environnement naturel et articul\u00e9e autour d\u2019un espace ext\u00e9rieur soigneusement dessin\u00e9.<\/p>\n\n<p>L\u2019intervention met un accent particulier sur l\u2019am\u00e9nagement du jardin et des acc\u00e8s \u00e0 la maison, cr\u00e9ant une transition fluide entre l\u2019architecture et le paysage. Le projet int\u00e8gre une rampe d\u2019entr\u00e9e qui organise le parcours vers l\u2019habitation et structure les diff\u00e9rents usages de l\u2019espace ext\u00e9rieur.<\/p>\n\n<p>Pour le rev\u00eatement, le mod\u00e8le <strong> Tegula\u00ae art<\/strong> a \u00e9t\u00e9 utilis\u00e9, apportant caract\u00e8re, sobri\u00e9t\u00e9 et durabilit\u00e9, tout en permettant de configurer un jardin fonctionnel et esth\u00e9tiquement \u00e9quilibr\u00e9. Ce pav\u00e9 \u00e0 l\u2019aspect vieilli permet de cr\u00e9er diff\u00e9rentes ambiances: des zones de repos, des aires de jeux, des terrasses \u00e9l\u00e9gantes, des espaces de barbecue et des chemins d&rsquo;acc\u00e8s qui structurent l&rsquo;ensemble.<\/p>\n\n<p>La conception du jardin pr\u00e9voit \u00e9galement l\u2019int\u00e9gration d\u2019\u00e9l\u00e9ments tels que des jardini\u00e8res, des fontaines ou des bassins, incorporant tous les d\u00e9tails n\u00e9cessaires pour cr\u00e9er un espace ext\u00e9rieur de qualit\u00e9, pens\u00e9 pour le plaisir et le bien-\u00eatre quotidien.<\/p>\n\n<p>Le r\u00e9sultat est un environnement paysager qui renforce la relation entre l\u2019habitation et son contexte, apportant confort, identit\u00e9 et qualit\u00e9 de vie.<\/p>\n\n<p><\/p>\n","protected":false},"featured_media":0,"template":"","meta":{"_acf_changed":false},"tags":[999],"categoria-proyecto":[958],"class_list":["post-23040","proyecto","type-proyecto","status-publish","hentry","tag-tegula-art","categoria-proyecto-residence-privee-a-vallvidrera"],"acf":{"localitzacio-projecte":"Barcelona","credits-projecte":"","fotografia-projecte":"","producte_resum":"Tegula\u00ae art","producte-projecte":"Tegula\u00ae art | 24 x 16 x 7 cm | 12 x 16 x 7 cm | Black | Standard\u00ae","productes_relacionats":[17279],"galeria-projecte":[12183,12184,12185,12186]},"yoast_head":"<!-- This site is optimized with the Yoast SEO plugin v27.5 - https:\/\/yoast.com\/product\/yoast-seo-wordpress\/ -->\n<title>Maison particuli\u00e8re \u00e0 Collbat\u00f3 - Breinco<\/title>\n<meta name=\"robots\" content=\"index, follow, max-snippet:-1, max-image-preview:large, max-video-preview:-1\" \/>\n<link rel=\"canonical\" href=\"https:\/\/breinco.com\/fr\/proyecto\/maison-particuliere-a-collbato\/\" \/>\n<meta property=\"og:locale\" content=\"fr_FR\" \/>\n<meta property=\"og:type\" content=\"article\" \/>\n<meta property=\"og:title\" content=\"Maison particuli\u00e8re \u00e0 Collbat\u00f3 - Breinco\" \/>\n<meta property=\"og:description\" content=\"Projet r\u00e9sidentiel situ\u00e9 dans un lotissement de Collbat\u00f3, con\u00e7u comme une habitation int\u00e9gr\u00e9e dans l\u2019environnement naturel et articul\u00e9e autour d\u2019un espace ext\u00e9rieur soigneusement dessin\u00e9. L\u2019intervention met un accent particulier sur l\u2019am\u00e9nagement du jardin et des acc\u00e8s \u00e0 la maison, cr\u00e9ant une transition fluide entre l\u2019architecture et le paysage. Le projet int\u00e8gre une rampe d\u2019entr\u00e9e qui [&hellip;]\" \/>\n<meta property=\"og:url\" content=\"https:\/\/breinco.com\/fr\/proyecto\/maison-particuliere-a-collbato\/\" \/>\n<meta property=\"og:site_name\" content=\"Breinco\" \/>\n<meta property=\"article:publisher\" content=\"https:\/\/www.facebook.com\/breincosmart\/\" \/>\n<meta property=\"article:modified_time\" content=\"2026-04-30T16:25:38+00:00\" \/>\n<meta property=\"og:image\" content=\"https:\/\/breinco.com\/wp-content\/uploads\/2026\/02\/breinco-feat-img.webp\" \/>\n\t<meta property=\"og:image:width\" content=\"1200\" \/>\n\t<meta property=\"og:image:height\" content=\"800\" \/>\n\t<meta property=\"og:image:type\" content=\"image\/webp\" \/>\n<meta name=\"twitter:card\" content=\"summary_large_image\" \/>\n<meta name=\"twitter:site\" content=\"@breincoGroup\" \/>\n<meta name=\"twitter:label1\" content=\"Dur\u00e9e de lecture estim\u00e9e\" \/>\n\t<meta name=\"twitter:data1\" content=\"1 minute\" \/>\n<script type=\"application\/ld+json\" class=\"yoast-schema-graph\">{\"@context\":\"https:\\\/\\\/schema.org\",\"@graph\":[{\"@type\":\"WebPage\",\"@id\":\"https:\\\/\\\/breinco.com\\\/fr\\\/proyecto\\\/maison-particuliere-a-collbato\\\/\",\"url\":\"https:\\\/\\\/breinco.com\\\/fr\\\/proyecto\\\/maison-particuliere-a-collbato\\\/\",\"name\":\"Maison particuli\u00e8re \u00e0 Collbat\u00f3 - Breinco\",\"isPartOf\":{\"@id\":\"https:\\\/\\\/breinco.com\\\/fr\\\/#website\"},\"datePublished\":\"2026-02-05T01:45:30+00:00\",\"dateModified\":\"2026-04-30T16:25:38+00:00\",\"breadcrumb\":{\"@id\":\"https:\\\/\\\/breinco.com\\\/fr\\\/proyecto\\\/maison-particuliere-a-collbato\\\/#breadcrumb\"},\"inLanguage\":\"fr-FR\",\"potentialAction\":[{\"@type\":\"ReadAction\",\"target\":[\"https:\\\/\\\/breinco.com\\\/fr\\\/proyecto\\\/maison-particuliere-a-collbato\\\/\"]}]},{\"@type\":\"BreadcrumbList\",\"@id\":\"https:\\\/\\\/breinco.com\\\/fr\\\/proyecto\\\/maison-particuliere-a-collbato\\\/#breadcrumb\",\"itemListElement\":[{\"@type\":\"ListItem\",\"position\":1,\"name\":\"Accueil\",\"item\":\"https:\\\/\\\/breinco.com\\\/fr\\\/\"},{\"@type\":\"ListItem\",\"position\":2,\"name\":\"Proyectos\",\"item\":\"https:\\\/\\\/breinco.com\\\/fr\\\/proyecto\\\/\"},{\"@type\":\"ListItem\",\"position\":3,\"name\":\"Maison particuli\u00e8re \u00e0 Collbat\u00f3\"}]},{\"@type\":\"WebSite\",\"@id\":\"https:\\\/\\\/breinco.com\\\/fr\\\/#website\",\"url\":\"https:\\\/\\\/breinco.com\\\/fr\\\/\",\"name\":\"Breinco\",\"description\":\"\",\"publisher\":{\"@id\":\"https:\\\/\\\/breinco.com\\\/fr\\\/#organization\"},\"alternateName\":\"Urban Furniture, Architecture and Landscaping\",\"potentialAction\":[{\"@type\":\"SearchAction\",\"target\":{\"@type\":\"EntryPoint\",\"urlTemplate\":\"https:\\\/\\\/breinco.com\\\/fr\\\/?s={search_term_string}\"},\"query-input\":{\"@type\":\"PropertyValueSpecification\",\"valueRequired\":true,\"valueName\":\"search_term_string\"}}],\"inLanguage\":\"fr-FR\"},{\"@type\":\"Organization\",\"@id\":\"https:\\\/\\\/breinco.com\\\/fr\\\/#organization\",\"name\":\"Breinco\",\"url\":\"https:\\\/\\\/breinco.com\\\/fr\\\/\",\"logo\":{\"@type\":\"ImageObject\",\"inLanguage\":\"fr-FR\",\"@id\":\"https:\\\/\\\/breinco.com\\\/fr\\\/#\\\/schema\\\/logo\\\/image\\\/\",\"url\":\"https:\\\/\\\/breinco.com\\\/wp-content\\\/uploads\\\/2025\\\/04\\\/breinco-brand.svg\",\"contentUrl\":\"https:\\\/\\\/breinco.com\\\/wp-content\\\/uploads\\\/2025\\\/04\\\/breinco-brand.svg\",\"width\":26,\"height\":58,\"caption\":\"Breinco\"},\"image\":{\"@id\":\"https:\\\/\\\/breinco.com\\\/fr\\\/#\\\/schema\\\/logo\\\/image\\\/\"},\"sameAs\":[\"https:\\\/\\\/www.facebook.com\\\/breincosmart\\\/\",\"https:\\\/\\\/x.com\\\/breincoGroup\",\"https:\\\/\\\/www.instagram.com\\\/breinco\\\/\",\"https:\\\/\\\/www.linkedin.com\\\/company\\\/breinco-esp\\\/\"]}]}<\/script>\n<!-- \/ Yoast SEO plugin. -->","yoast_head_json":{"title":"Maison particuli\u00e8re \u00e0 Collbat\u00f3 - Breinco","robots":{"index":"index","follow":"follow","max-snippet":"max-snippet:-1","max-image-preview":"max-image-preview:large","max-video-preview":"max-video-preview:-1"},"canonical":"https:\/\/breinco.com\/fr\/proyecto\/maison-particuliere-a-collbato\/","og_locale":"fr_FR","og_type":"article","og_title":"Maison particuli\u00e8re \u00e0 Collbat\u00f3 - Breinco","og_description":"Projet r\u00e9sidentiel situ\u00e9 dans un lotissement de Collbat\u00f3, con\u00e7u comme une habitation int\u00e9gr\u00e9e dans l\u2019environnement naturel et articul\u00e9e autour d\u2019un espace ext\u00e9rieur soigneusement dessin\u00e9. L\u2019intervention met un accent particulier sur l\u2019am\u00e9nagement du jardin et des acc\u00e8s \u00e0 la maison, cr\u00e9ant une transition fluide entre l\u2019architecture et le paysage. Le projet int\u00e8gre une rampe d\u2019entr\u00e9e qui [&hellip;]","og_url":"https:\/\/breinco.com\/fr\/proyecto\/maison-particuliere-a-collbato\/","og_site_name":"Breinco","article_publisher":"https:\/\/www.facebook.com\/breincosmart\/","article_modified_time":"2026-04-30T16:25:38+00:00","og_image":[{"width":1200,"height":800,"url":"https:\/\/breinco.com\/wp-content\/uploads\/2026\/02\/breinco-feat-img.webp","type":"image\/webp"}],"twitter_card":"summary_large_image","twitter_site":"@breincoGroup","twitter_misc":{"Dur\u00e9e de lecture estim\u00e9e":"1 minute"},"schema":{"@context":"https:\/\/schema.org","@graph":[{"@type":"WebPage","@id":"https:\/\/breinco.com\/fr\/proyecto\/maison-particuliere-a-collbato\/","url":"https:\/\/breinco.com\/fr\/proyecto\/maison-particuliere-a-collbato\/","name":"Maison particuli\u00e8re \u00e0 Collbat\u00f3 - Breinco","isPartOf":{"@id":"https:\/\/breinco.com\/fr\/#website"},"datePublished":"2026-02-05T01:45:30+00:00","dateModified":"2026-04-30T16:25:38+00:00","breadcrumb":{"@id":"https:\/\/breinco.com\/fr\/proyecto\/maison-particuliere-a-collbato\/#breadcrumb"},"inLanguage":"fr-FR","potentialAction":[{"@type":"ReadAction","target":["https:\/\/breinco.com\/fr\/proyecto\/maison-particuliere-a-collbato\/"]}]},{"@type":"BreadcrumbList","@id":"https:\/\/breinco.com\/fr\/proyecto\/maison-particuliere-a-collbato\/#breadcrumb","itemListElement":[{"@type":"ListItem","position":1,"name":"Accueil","item":"https:\/\/breinco.com\/fr\/"},{"@type":"ListItem","position":2,"name":"Proyectos","item":"https:\/\/breinco.com\/fr\/proyecto\/"},{"@type":"ListItem","position":3,"name":"Maison particuli\u00e8re \u00e0 Collbat\u00f3"}]},{"@type":"WebSite","@id":"https:\/\/breinco.com\/fr\/#website","url":"https:\/\/breinco.com\/fr\/","name":"Breinco","description":"","publisher":{"@id":"https:\/\/breinco.com\/fr\/#organization"},"alternateName":"Urban Furniture, Architecture and Landscaping","potentialAction":[{"@type":"SearchAction","target":{"@type":"EntryPoint","urlTemplate":"https:\/\/breinco.com\/fr\/?s={search_term_string}"},"query-input":{"@type":"PropertyValueSpecification","valueRequired":true,"valueName":"search_term_string"}}],"inLanguage":"fr-FR"},{"@type":"Organization","@id":"https:\/\/breinco.com\/fr\/#organization","name":"Breinco","url":"https:\/\/breinco.com\/fr\/","logo":{"@type":"ImageObject","inLanguage":"fr-FR","@id":"https:\/\/breinco.com\/fr\/#\/schema\/logo\/image\/","url":"https:\/\/breinco.com\/wp-content\/uploads\/2025\/04\/breinco-brand.svg","contentUrl":"https:\/\/breinco.com\/wp-content\/uploads\/2025\/04\/breinco-brand.svg","width":26,"height":58,"caption":"Breinco"},"image":{"@id":"https:\/\/breinco.com\/fr\/#\/schema\/logo\/image\/"},"sameAs":["https:\/\/www.facebook.com\/breincosmart\/","https:\/\/x.com\/breincoGroup","https:\/\/www.instagram.com\/breinco\/","https:\/\/www.linkedin.com\/company\/breinco-esp\/"]}]}},"_links":{"self":[{"href":"https:\/\/breinco.com\/fr\/wp-json\/wp\/v2\/proyecto\/23040","targetHints":{"allow":["GET"]}}],"collection":[{"href":"https:\/\/breinco.com\/fr\/wp-json\/wp\/v2\/proyecto"}],"about":[{"href":"https:\/\/breinco.com\/fr\/wp-json\/wp\/v2\/types\/proyecto"}],"acf:attachment":[{"embeddable":true,"href":"https:\/\/breinco.com\/fr\/wp-json\/wp\/v2\/media\/12186"},{"embeddable":true,"href":"https:\/\/breinco.com\/fr\/wp-json\/wp\/v2\/media\/12185"},{"embeddable":true,"href":"https:\/\/breinco.com\/fr\/wp-json\/wp\/v2\/media\/12184"},{"embeddable":true,"href":"https:\/\/breinco.com\/fr\/wp-json\/wp\/v2\/media\/12183"}],"acf:post":[{"embeddable":true,"href":"https:\/\/breinco.com\/fr\/wp-json\/wp\/v2\/br_product\/17279"}],"wp:attachment":[{"href":"https:\/\/breinco.com\/fr\/wp-json\/wp\/v2\/media?parent=23040"}],"wp:term":[{"taxonomy":"post_tag","embeddable":true,"href":"https:\/\/breinco.com\/fr\/wp-json\/wp\/v2\/tags?post=23040"},{"taxonomy":"categoria-proyecto","embeddable":true,"href":"https:\/\/breinco.com\/fr\/wp-json\/wp\/v2\/categoria-proyecto?post=23040"}],"curies":[{"name":"wp","href":"https:\/\/api.w.org\/{rel}","templated":true}]}}