{"id":23050,"date":"2026-02-04T23:30:14","date_gmt":"2026-02-04T22:30:14","guid":{"rendered":"https:\/\/breinco.com\/proyecto\/renovation-de-la-place-den-clos-a-ripollet\/"},"modified":"2026-04-30T18:25:39","modified_gmt":"2026-04-30T16:25:39","slug":"renovation-de-la-place-den-clos-a-ripollet","status":"publish","type":"proyecto","link":"https:\/\/breinco.com\/fr\/proyecto\/renovation-de-la-place-den-clos-a-ripollet\/","title":{"rendered":"R\u00e9novation de la Place De&rsquo;n Clos \u00e0 Ripollet"},"content":{"rendered":"\n<p>La Place d\u2019en Clos est un espace urbain aux dimensions r\u00e9duites situ\u00e9 sur la commune de Ripollet, con\u00e7u comme un point de rencontre quotidien o\u00f9 cohabitent la circulation automobile et l&rsquo;usage pi\u00e9tonnier. Le projet propose une transformation de l&rsquo;espace public avec l&rsquo;objectif de donner la <strong>priorit\u00e9 au pi\u00e9ton<\/strong>, tout en maintenant la fonctionnalit\u00e9 des flux routiers existants et en dotant la place d&rsquo;une identit\u00e9 claire et reconnaissable.<\/p>\n\n<p>L\u2019intervention repose sur la cr\u00e9ation d\u2019une <strong>surface continue<\/strong>, trait\u00e9e avec un type unique de pavage qui agit comme un \u00e9l\u00e9ment unificateur de l\u2019ensemble et renforce la perception d\u2019amplitude de l\u2019espace. Sur cette base, un \u00e9l\u00e9ment lin\u00e9aire singulier est introduit pour organiser la place, d\u00e9limiter les zones et prot\u00e9ger les parcours pi\u00e9tonniers, \u00e9vitant ainsi la fragmentation de l\u2019espace.<\/p>\n\n<p>Dans ce projet, Breinco a int\u00e9gr\u00e9 le <strong>pav\u00e9 Terana\u00ae art en couleur Ceniza<\/strong>, pos\u00e9 selon un calepinage al\u00e9atoire qui apporte un dynamisme visuel et un caract\u00e8re contemporain au rev\u00eatement. Il s&rsquo;agit d&rsquo;une solution particuli\u00e8rement adapt\u00e9e aux espaces publics, capable d&rsquo;offrir <strong>r\u00e9sistance, durabilit\u00e9 et stabilit\u00e9 esth\u00e9tique<\/strong> face \u00e0 un usage intensif et au passage du temps. Aux points de rencontre avec les rues adjacentes, le pavage s&rsquo;adapte au moyen de bateaux qui garantissent l&rsquo;accessibilit\u00e9 et une transition fluide entre les niveaux.<\/p>\n\n<p>Le design se compl\u00e8te par l&rsquo;incorporation d&rsquo;un \u00e9l\u00e9ment m\u00e9tallique perfor\u00e9 avec \u00e9clairage LED int\u00e9gr\u00e9, qui agit comme d\u00e9limiteur entre les zones pi\u00e9tonnes et la circulation automobile, guidant le flux aussi bien de jour que de nuit. Cet \u00e9l\u00e9ment multifonctionnel int\u00e8gre des zones de repos gr\u00e2ce \u00e0 des assises rev\u00eatues de pierre naturelle et culmine en une colonne de lumi\u00e8re qui \u00e9claire l&rsquo;espace central de la place.<\/p>\n\n<p>L\u2019intervention int\u00e8gre \u00e9galement une nouvelle disposition de la v\u00e9g\u00e9tation, avec la plantation de <strong>Ceratonia siliqua (caroubiers)<\/strong>, am\u00e9liorant ainsi le confort environnemental et l\u2019apport d\u2019ombre. L\u2019utilisation du pav\u00e9 <strong>Terana\u00ae art<\/strong> permet de configurer un espace polyvalent et accueillant, con\u00e7u pour le repos, la promenade et la convivialit\u00e9, contribuant \u00e0 la cr\u00e9ation d\u2019une place urbaine fonctionnelle, accessible et de haute qualit\u00e9.<\/p>\n\n<p><\/p>\n","protected":false},"featured_media":0,"template":"","meta":{"_acf_changed":false},"tags":[934],"categoria-proyecto":[],"class_list":["post-23050","proyecto","type-proyecto","status-publish","hentry","tag-terana-art"],"acf":{"localitzacio-projecte":"Barcelona","credits-projecte":"","fotografia-projecte":"","producte_resum":"Terana\u00ae art","producte-projecte":"Terana\u00ae art | 16 x 12 x 7 cm | Ceniza | Standard\u00ae","productes_relacionats":[17133],"galeria-projecte":[17156,12072,12073]},"yoast_head":"<!-- This site is optimized with the Yoast SEO plugin v27.5 - https:\/\/yoast.com\/product\/yoast-seo-wordpress\/ -->\n<title>R\u00e9novation de la Place De&#039;n Clos \u00e0 Ripollet - Breinco<\/title>\n<meta name=\"robots\" content=\"index, follow, max-snippet:-1, max-image-preview:large, max-video-preview:-1\" \/>\n<link rel=\"canonical\" href=\"https:\/\/breinco.com\/fr\/proyecto\/renovation-de-la-place-den-clos-a-ripollet\/\" \/>\n<meta property=\"og:locale\" content=\"fr_FR\" \/>\n<meta property=\"og:type\" content=\"article\" \/>\n<meta property=\"og:title\" content=\"R\u00e9novation de la Place De&#039;n Clos \u00e0 Ripollet - Breinco\" \/>\n<meta property=\"og:description\" content=\"La Place d\u2019en Clos est un espace urbain aux dimensions r\u00e9duites situ\u00e9 sur la commune de Ripollet, con\u00e7u comme un point de rencontre quotidien o\u00f9 cohabitent la circulation automobile et l&rsquo;usage pi\u00e9tonnier. Le projet propose une transformation de l&rsquo;espace public avec l&rsquo;objectif de donner la priorit\u00e9 au pi\u00e9ton, tout en maintenant la fonctionnalit\u00e9 des flux [&hellip;]\" \/>\n<meta property=\"og:url\" content=\"https:\/\/breinco.com\/fr\/proyecto\/renovation-de-la-place-den-clos-a-ripollet\/\" \/>\n<meta property=\"og:site_name\" content=\"Breinco\" \/>\n<meta property=\"article:publisher\" content=\"https:\/\/www.facebook.com\/breincosmart\/\" \/>\n<meta property=\"article:modified_time\" content=\"2026-04-30T16:25:39+00:00\" \/>\n<meta property=\"og:image\" content=\"https:\/\/breinco.com\/wp-content\/uploads\/2026\/02\/breinco-feat-img.webp\" \/>\n\t<meta property=\"og:image:width\" content=\"1200\" \/>\n\t<meta property=\"og:image:height\" content=\"800\" \/>\n\t<meta property=\"og:image:type\" content=\"image\/webp\" \/>\n<meta name=\"twitter:card\" content=\"summary_large_image\" \/>\n<meta name=\"twitter:site\" content=\"@breincoGroup\" \/>\n<meta name=\"twitter:label1\" content=\"Dur\u00e9e de lecture estim\u00e9e\" \/>\n\t<meta name=\"twitter:data1\" content=\"2 minutes\" \/>\n<script type=\"application\/ld+json\" class=\"yoast-schema-graph\">{\"@context\":\"https:\\\/\\\/schema.org\",\"@graph\":[{\"@type\":\"WebPage\",\"@id\":\"https:\\\/\\\/breinco.com\\\/fr\\\/proyecto\\\/renovation-de-la-place-den-clos-a-ripollet\\\/\",\"url\":\"https:\\\/\\\/breinco.com\\\/fr\\\/proyecto\\\/renovation-de-la-place-den-clos-a-ripollet\\\/\",\"name\":\"R\u00e9novation de la Place De'n Clos \u00e0 Ripollet - Breinco\",\"isPartOf\":{\"@id\":\"https:\\\/\\\/breinco.com\\\/fr\\\/#website\"},\"datePublished\":\"2026-02-04T22:30:14+00:00\",\"dateModified\":\"2026-04-30T16:25:39+00:00\",\"breadcrumb\":{\"@id\":\"https:\\\/\\\/breinco.com\\\/fr\\\/proyecto\\\/renovation-de-la-place-den-clos-a-ripollet\\\/#breadcrumb\"},\"inLanguage\":\"fr-FR\",\"potentialAction\":[{\"@type\":\"ReadAction\",\"target\":[\"https:\\\/\\\/breinco.com\\\/fr\\\/proyecto\\\/renovation-de-la-place-den-clos-a-ripollet\\\/\"]}]},{\"@type\":\"BreadcrumbList\",\"@id\":\"https:\\\/\\\/breinco.com\\\/fr\\\/proyecto\\\/renovation-de-la-place-den-clos-a-ripollet\\\/#breadcrumb\",\"itemListElement\":[{\"@type\":\"ListItem\",\"position\":1,\"name\":\"Accueil\",\"item\":\"https:\\\/\\\/breinco.com\\\/fr\\\/\"},{\"@type\":\"ListItem\",\"position\":2,\"name\":\"Proyectos\",\"item\":\"https:\\\/\\\/breinco.com\\\/fr\\\/proyecto\\\/\"},{\"@type\":\"ListItem\",\"position\":3,\"name\":\"R\u00e9novation de la Place De&rsquo;n Clos \u00e0 Ripollet\"}]},{\"@type\":\"WebSite\",\"@id\":\"https:\\\/\\\/breinco.com\\\/fr\\\/#website\",\"url\":\"https:\\\/\\\/breinco.com\\\/fr\\\/\",\"name\":\"Breinco\",\"description\":\"\",\"publisher\":{\"@id\":\"https:\\\/\\\/breinco.com\\\/fr\\\/#organization\"},\"alternateName\":\"Urban Furniture, Architecture and Landscaping\",\"potentialAction\":[{\"@type\":\"SearchAction\",\"target\":{\"@type\":\"EntryPoint\",\"urlTemplate\":\"https:\\\/\\\/breinco.com\\\/fr\\\/?s={search_term_string}\"},\"query-input\":{\"@type\":\"PropertyValueSpecification\",\"valueRequired\":true,\"valueName\":\"search_term_string\"}}],\"inLanguage\":\"fr-FR\"},{\"@type\":\"Organization\",\"@id\":\"https:\\\/\\\/breinco.com\\\/fr\\\/#organization\",\"name\":\"Breinco\",\"url\":\"https:\\\/\\\/breinco.com\\\/fr\\\/\",\"logo\":{\"@type\":\"ImageObject\",\"inLanguage\":\"fr-FR\",\"@id\":\"https:\\\/\\\/breinco.com\\\/fr\\\/#\\\/schema\\\/logo\\\/image\\\/\",\"url\":\"https:\\\/\\\/breinco.com\\\/wp-content\\\/uploads\\\/2025\\\/04\\\/breinco-brand.svg\",\"contentUrl\":\"https:\\\/\\\/breinco.com\\\/wp-content\\\/uploads\\\/2025\\\/04\\\/breinco-brand.svg\",\"width\":26,\"height\":58,\"caption\":\"Breinco\"},\"image\":{\"@id\":\"https:\\\/\\\/breinco.com\\\/fr\\\/#\\\/schema\\\/logo\\\/image\\\/\"},\"sameAs\":[\"https:\\\/\\\/www.facebook.com\\\/breincosmart\\\/\",\"https:\\\/\\\/x.com\\\/breincoGroup\",\"https:\\\/\\\/www.instagram.com\\\/breinco\\\/\",\"https:\\\/\\\/www.linkedin.com\\\/company\\\/breinco-esp\\\/\"]}]}<\/script>\n<!-- \/ Yoast SEO plugin. -->","yoast_head_json":{"title":"R\u00e9novation de la Place De'n Clos \u00e0 Ripollet - Breinco","robots":{"index":"index","follow":"follow","max-snippet":"max-snippet:-1","max-image-preview":"max-image-preview:large","max-video-preview":"max-video-preview:-1"},"canonical":"https:\/\/breinco.com\/fr\/proyecto\/renovation-de-la-place-den-clos-a-ripollet\/","og_locale":"fr_FR","og_type":"article","og_title":"R\u00e9novation de la Place De'n Clos \u00e0 Ripollet - Breinco","og_description":"La Place d\u2019en Clos est un espace urbain aux dimensions r\u00e9duites situ\u00e9 sur la commune de Ripollet, con\u00e7u comme un point de rencontre quotidien o\u00f9 cohabitent la circulation automobile et l&rsquo;usage pi\u00e9tonnier. Le projet propose une transformation de l&rsquo;espace public avec l&rsquo;objectif de donner la priorit\u00e9 au pi\u00e9ton, tout en maintenant la fonctionnalit\u00e9 des flux [&hellip;]","og_url":"https:\/\/breinco.com\/fr\/proyecto\/renovation-de-la-place-den-clos-a-ripollet\/","og_site_name":"Breinco","article_publisher":"https:\/\/www.facebook.com\/breincosmart\/","article_modified_time":"2026-04-30T16:25:39+00:00","og_image":[{"width":1200,"height":800,"url":"https:\/\/breinco.com\/wp-content\/uploads\/2026\/02\/breinco-feat-img.webp","type":"image\/webp"}],"twitter_card":"summary_large_image","twitter_site":"@breincoGroup","twitter_misc":{"Dur\u00e9e de lecture estim\u00e9e":"2 minutes"},"schema":{"@context":"https:\/\/schema.org","@graph":[{"@type":"WebPage","@id":"https:\/\/breinco.com\/fr\/proyecto\/renovation-de-la-place-den-clos-a-ripollet\/","url":"https:\/\/breinco.com\/fr\/proyecto\/renovation-de-la-place-den-clos-a-ripollet\/","name":"R\u00e9novation de la Place De'n Clos \u00e0 Ripollet - Breinco","isPartOf":{"@id":"https:\/\/breinco.com\/fr\/#website"},"datePublished":"2026-02-04T22:30:14+00:00","dateModified":"2026-04-30T16:25:39+00:00","breadcrumb":{"@id":"https:\/\/breinco.com\/fr\/proyecto\/renovation-de-la-place-den-clos-a-ripollet\/#breadcrumb"},"inLanguage":"fr-FR","potentialAction":[{"@type":"ReadAction","target":["https:\/\/breinco.com\/fr\/proyecto\/renovation-de-la-place-den-clos-a-ripollet\/"]}]},{"@type":"BreadcrumbList","@id":"https:\/\/breinco.com\/fr\/proyecto\/renovation-de-la-place-den-clos-a-ripollet\/#breadcrumb","itemListElement":[{"@type":"ListItem","position":1,"name":"Accueil","item":"https:\/\/breinco.com\/fr\/"},{"@type":"ListItem","position":2,"name":"Proyectos","item":"https:\/\/breinco.com\/fr\/proyecto\/"},{"@type":"ListItem","position":3,"name":"R\u00e9novation de la Place De&rsquo;n Clos \u00e0 Ripollet"}]},{"@type":"WebSite","@id":"https:\/\/breinco.com\/fr\/#website","url":"https:\/\/breinco.com\/fr\/","name":"Breinco","description":"","publisher":{"@id":"https:\/\/breinco.com\/fr\/#organization"},"alternateName":"Urban Furniture, Architecture and Landscaping","potentialAction":[{"@type":"SearchAction","target":{"@type":"EntryPoint","urlTemplate":"https:\/\/breinco.com\/fr\/?s={search_term_string}"},"query-input":{"@type":"PropertyValueSpecification","valueRequired":true,"valueName":"search_term_string"}}],"inLanguage":"fr-FR"},{"@type":"Organization","@id":"https:\/\/breinco.com\/fr\/#organization","name":"Breinco","url":"https:\/\/breinco.com\/fr\/","logo":{"@type":"ImageObject","inLanguage":"fr-FR","@id":"https:\/\/breinco.com\/fr\/#\/schema\/logo\/image\/","url":"https:\/\/breinco.com\/wp-content\/uploads\/2025\/04\/breinco-brand.svg","contentUrl":"https:\/\/breinco.com\/wp-content\/uploads\/2025\/04\/breinco-brand.svg","width":26,"height":58,"caption":"Breinco"},"image":{"@id":"https:\/\/breinco.com\/fr\/#\/schema\/logo\/image\/"},"sameAs":["https:\/\/www.facebook.com\/breincosmart\/","https:\/\/x.com\/breincoGroup","https:\/\/www.instagram.com\/breinco\/","https:\/\/www.linkedin.com\/company\/breinco-esp\/"]}]}},"_links":{"self":[{"href":"https:\/\/breinco.com\/fr\/wp-json\/wp\/v2\/proyecto\/23050","targetHints":{"allow":["GET"]}}],"collection":[{"href":"https:\/\/breinco.com\/fr\/wp-json\/wp\/v2\/proyecto"}],"about":[{"href":"https:\/\/breinco.com\/fr\/wp-json\/wp\/v2\/types\/proyecto"}],"acf:attachment":[{"embeddable":true,"href":"https:\/\/breinco.com\/fr\/wp-json\/wp\/v2\/media\/12073"},{"embeddable":true,"href":"https:\/\/breinco.com\/fr\/wp-json\/wp\/v2\/media\/12072"},{"embeddable":true,"href":"https:\/\/breinco.com\/fr\/wp-json\/wp\/v2\/media\/17156"}],"acf:post":[{"embeddable":true,"href":"https:\/\/breinco.com\/fr\/wp-json\/wp\/v2\/br_product\/17133"}],"wp:attachment":[{"href":"https:\/\/breinco.com\/fr\/wp-json\/wp\/v2\/media?parent=23050"}],"wp:term":[{"taxonomy":"post_tag","embeddable":true,"href":"https:\/\/breinco.com\/fr\/wp-json\/wp\/v2\/tags?post=23050"},{"taxonomy":"categoria-proyecto","embeddable":true,"href":"https:\/\/breinco.com\/fr\/wp-json\/wp\/v2\/categoria-proyecto?post=23050"}],"curies":[{"name":"wp","href":"https:\/\/api.w.org\/{rel}","templated":true}]}}