{"id":23062,"date":"2026-02-04T23:41:20","date_gmt":"2026-02-04T22:41:20","guid":{"rendered":"https:\/\/breinco.com\/proyecto\/transformation-des-espaces-publics-dans-le-district-de-sants\/"},"modified":"2026-04-30T18:25:40","modified_gmt":"2026-04-30T16:25:40","slug":"transformation-des-espaces-publics-dans-le-district-de-sants","status":"publish","type":"proyecto","link":"https:\/\/breinco.com\/fr\/proyecto\/transformation-des-espaces-publics-dans-le-district-de-sants\/","title":{"rendered":"Transformation des espaces publics dans le district de Sants"},"content":{"rendered":"\n<p>Le quartier de Sants, l\u2019un des districts poss\u00e9dant la plus forte identit\u00e9 et la vie urbaine la plus riche de Barcelone, a fait l\u2019objet de diverses interventions d\u2019am\u00e9lioration de l\u2019espace public. Celles-ci visent \u00e0 renforcer la qualit\u00e9 urbaine, l\u2019accessibilit\u00e9 et l\u2019usage citoyen des rues, des places et des \u00e9quipements de r\u00e9f\u00e9rence, tels que le March\u00e9 de Sants.<\/p>\n\n<p>Les interventions se sont d\u00e9roul\u00e9es dans diff\u00e9rents secteurs du quartier, englobant des <strong>rues, des places et des espaces de rencontre<\/strong>, avec pour objectif de cr\u00e9er des environnements plus agr\u00e9ables pour le pi\u00e9ton, de favoriser la convivialit\u00e9 et de dynamiser l&rsquo;activit\u00e9 commerciale et sociale caract\u00e9ristique de Sants. Le projet mise sur une image urbaine coh\u00e9rente, capable d&rsquo;unifier des espaces divers gr\u00e2ce \u00e0 une mat\u00e9rialit\u00e9 commune.<\/p>\n\n<p>Breinco a int\u00e9gr\u00e9 le <strong>pav\u00e9 Terana\u00ae art<\/strong>, une solution sp\u00e9cialement con\u00e7ue pour l&rsquo;urbanisation des espaces publics. Son design permet de cr\u00e9er des surfaces continues, accessibles et visuellement \u00e9quilibr\u00e9es, adapt\u00e9es aussi bien aux zones pi\u00e9tonnes qu&rsquo;aux aires de transit occasionnel de v\u00e9hicules. <strong>Terana\u00ae art<\/strong> se distingue par sa r\u00e9sistance, sa durabilit\u00e9 et sa stabilit\u00e9 chromatique, des qualit\u00e9s essentielles dans des environnements urbains \u00e0 usage intensif tels que les rues commer\u00e7antes, les places et les march\u00e9s municipaux.<\/p>\n\n<p>La <strong>Llosa Vulcano\u00ae<\/strong> a \u00e9t\u00e9 utilis\u00e9e, \u00e9largissant les possibilit\u00e9s de composition du pavage et apportant une continuit\u00e9 visuelle \u00e0 l&rsquo;ensemble des espaces concern\u00e9s. Ces deux produits int\u00e8grent la protection Air Clean\u00ae, une technologie bas\u00e9e sur des <strong>mat\u00e9riaux photocatalytiques<\/strong> qui contribue activement \u00e0 l&rsquo;am\u00e9lioration de la qualit\u00e9 de l&rsquo;air dans l&rsquo;environnement urbain.<\/p>\n\n<p>Les rev\u00eatements <strong>Air Clean\u00ae<\/strong> r\u00e9duisent la pollution atmosph\u00e9rique gr\u00e2ce \u00e0 un agent d\u00e9polluant par photocatalyse qui, sous l\u2019effet de la lumi\u00e8re du soleil, provoque la d\u00e9composition des oxydes polluants (NOx) en sous-produits \u00e9vacu\u00e9s naturellement par les eaux pluviales. De plus, les traitements photocatalytiques aident \u00e0 r\u00e9duire les bact\u00e9ries et \u00e0 combattre les germes, prenant ainsi soin des personnes, de l&rsquo;environnement et des espaces communs.<\/p>\n\n<p>L\u2019utilisation combin\u00e9e de <strong>Terana\u00ae art<\/strong> et de la <strong>Llosa Vulcano\u00ae Air Clean\u00ae<\/strong> permet d\u2019unifier visuellement divers espaces du district de Sants. Ces solutions s&rsquo;int\u00e8grent naturellement dans un tissu urbain consolid\u00e9, offrant une r\u00e9ponse qui allie design, r\u00e9sistance et engagement environnemental. Le r\u00e9sultat est un r\u00e9seau d\u2019espaces publics plus sains, accessibles et pens\u00e9s pour les personnes, mettant en valeur des lieux aussi repr\u00e9sentatifs que la rue Antoni de Capmany et le March\u00e9 de Sants.<\/p>\n\n<p>Le r\u00e9sultat est un r\u00e9seau d&rsquo;espaces publics r\u00e9nov\u00e9s qui am\u00e9liore l&rsquo;exp\u00e9rience urbaine \u00e0 Sants, en mettant en valeur ses rues, ses places et ses \u00e9quipements embl\u00e9matiques, tout en consolidant un mod\u00e8le de ville plus accessible, fonctionnel et pens\u00e9 pour les personnes.<\/p>\n\n<p><\/p>\n","protected":false},"featured_media":0,"template":"","meta":{"_acf_changed":false},"tags":[948,942,938,934],"categoria-proyecto":[935],"class_list":["post-23062","proyecto","type-proyecto","status-publish","hentry","tag-air-clean","tag-airclean","tag-llosa-vulcano","tag-terana-art","categoria-proyecto-paysage-urbain"],"acf":{"localitzacio-projecte":"Barcelona","credits-projecte":"","fotografia-projecte":"","producte_resum":"Terana\u00ae art y Llosa Vulcano\u00ae | Air Clean\u00ae","producte-projecte":"Terana\u00ae art | 16 x 12 x 7 cm | 16 x 16 x 7 cm | 24 x 16 x 7 cm | Ceniza | Air Clean\u00ae\r\n\r\nLlosa Vulcano\u00ae | 20 x 20 x 8 cm | 30 x 20 x 10 cm | 20 x 10 x 10 cm | Ceniza | Air Clean\u00ae\r\n\r\n&nbsp;","productes_relacionats":[17133,17046,18110],"galeria-projecte":[12076,12077,23063,12081,12087,12086,12078,12079,12080,12082,12084,12085]},"yoast_head":"<!-- This site is optimized with the Yoast SEO plugin v27.5 - https:\/\/yoast.com\/product\/yoast-seo-wordpress\/ -->\n<title>Transformation des espaces publics dans le district de Sants - Breinco<\/title>\n<meta name=\"robots\" content=\"index, follow, max-snippet:-1, max-image-preview:large, max-video-preview:-1\" \/>\n<link rel=\"canonical\" href=\"https:\/\/breinco.com\/fr\/proyecto\/transformation-des-espaces-publics-dans-le-district-de-sants\/\" \/>\n<meta property=\"og:locale\" content=\"fr_FR\" \/>\n<meta property=\"og:type\" content=\"article\" \/>\n<meta property=\"og:title\" content=\"Transformation des espaces publics dans le district de Sants - Breinco\" \/>\n<meta property=\"og:description\" content=\"Le quartier de Sants, l\u2019un des districts poss\u00e9dant la plus forte identit\u00e9 et la vie urbaine la plus riche de Barcelone, a fait l\u2019objet de diverses interventions d\u2019am\u00e9lioration de l\u2019espace public. Celles-ci visent \u00e0 renforcer la qualit\u00e9 urbaine, l\u2019accessibilit\u00e9 et l\u2019usage citoyen des rues, des places et des \u00e9quipements de r\u00e9f\u00e9rence, tels que le March\u00e9 [&hellip;]\" \/>\n<meta property=\"og:url\" content=\"https:\/\/breinco.com\/fr\/proyecto\/transformation-des-espaces-publics-dans-le-district-de-sants\/\" \/>\n<meta property=\"og:site_name\" content=\"Breinco\" \/>\n<meta property=\"article:publisher\" content=\"https:\/\/www.facebook.com\/breincosmart\/\" \/>\n<meta property=\"article:modified_time\" content=\"2026-04-30T16:25:40+00:00\" \/>\n<meta property=\"og:image\" content=\"https:\/\/breinco.com\/wp-content\/uploads\/2026\/02\/breinco-feat-img.webp\" \/>\n\t<meta property=\"og:image:width\" content=\"1200\" \/>\n\t<meta property=\"og:image:height\" content=\"800\" \/>\n\t<meta property=\"og:image:type\" content=\"image\/webp\" \/>\n<meta name=\"twitter:card\" content=\"summary_large_image\" \/>\n<meta name=\"twitter:site\" content=\"@breincoGroup\" \/>\n<meta name=\"twitter:label1\" content=\"Dur\u00e9e de lecture estim\u00e9e\" \/>\n\t<meta name=\"twitter:data1\" content=\"2 minutes\" \/>\n<script type=\"application\/ld+json\" class=\"yoast-schema-graph\">{\"@context\":\"https:\\\/\\\/schema.org\",\"@graph\":[{\"@type\":\"WebPage\",\"@id\":\"https:\\\/\\\/breinco.com\\\/fr\\\/proyecto\\\/transformation-des-espaces-publics-dans-le-district-de-sants\\\/\",\"url\":\"https:\\\/\\\/breinco.com\\\/fr\\\/proyecto\\\/transformation-des-espaces-publics-dans-le-district-de-sants\\\/\",\"name\":\"Transformation des espaces publics dans le district de Sants - Breinco\",\"isPartOf\":{\"@id\":\"https:\\\/\\\/breinco.com\\\/fr\\\/#website\"},\"datePublished\":\"2026-02-04T22:41:20+00:00\",\"dateModified\":\"2026-04-30T16:25:40+00:00\",\"breadcrumb\":{\"@id\":\"https:\\\/\\\/breinco.com\\\/fr\\\/proyecto\\\/transformation-des-espaces-publics-dans-le-district-de-sants\\\/#breadcrumb\"},\"inLanguage\":\"fr-FR\",\"potentialAction\":[{\"@type\":\"ReadAction\",\"target\":[\"https:\\\/\\\/breinco.com\\\/fr\\\/proyecto\\\/transformation-des-espaces-publics-dans-le-district-de-sants\\\/\"]}]},{\"@type\":\"BreadcrumbList\",\"@id\":\"https:\\\/\\\/breinco.com\\\/fr\\\/proyecto\\\/transformation-des-espaces-publics-dans-le-district-de-sants\\\/#breadcrumb\",\"itemListElement\":[{\"@type\":\"ListItem\",\"position\":1,\"name\":\"Accueil\",\"item\":\"https:\\\/\\\/breinco.com\\\/fr\\\/\"},{\"@type\":\"ListItem\",\"position\":2,\"name\":\"Proyectos\",\"item\":\"https:\\\/\\\/breinco.com\\\/fr\\\/proyecto\\\/\"},{\"@type\":\"ListItem\",\"position\":3,\"name\":\"Transformation des espaces publics dans le district de Sants\"}]},{\"@type\":\"WebSite\",\"@id\":\"https:\\\/\\\/breinco.com\\\/fr\\\/#website\",\"url\":\"https:\\\/\\\/breinco.com\\\/fr\\\/\",\"name\":\"Breinco\",\"description\":\"\",\"publisher\":{\"@id\":\"https:\\\/\\\/breinco.com\\\/fr\\\/#organization\"},\"alternateName\":\"Urban Furniture, Architecture and Landscaping\",\"potentialAction\":[{\"@type\":\"SearchAction\",\"target\":{\"@type\":\"EntryPoint\",\"urlTemplate\":\"https:\\\/\\\/breinco.com\\\/fr\\\/?s={search_term_string}\"},\"query-input\":{\"@type\":\"PropertyValueSpecification\",\"valueRequired\":true,\"valueName\":\"search_term_string\"}}],\"inLanguage\":\"fr-FR\"},{\"@type\":\"Organization\",\"@id\":\"https:\\\/\\\/breinco.com\\\/fr\\\/#organization\",\"name\":\"Breinco\",\"url\":\"https:\\\/\\\/breinco.com\\\/fr\\\/\",\"logo\":{\"@type\":\"ImageObject\",\"inLanguage\":\"fr-FR\",\"@id\":\"https:\\\/\\\/breinco.com\\\/fr\\\/#\\\/schema\\\/logo\\\/image\\\/\",\"url\":\"https:\\\/\\\/breinco.com\\\/wp-content\\\/uploads\\\/2025\\\/04\\\/breinco-brand.svg\",\"contentUrl\":\"https:\\\/\\\/breinco.com\\\/wp-content\\\/uploads\\\/2025\\\/04\\\/breinco-brand.svg\",\"width\":26,\"height\":58,\"caption\":\"Breinco\"},\"image\":{\"@id\":\"https:\\\/\\\/breinco.com\\\/fr\\\/#\\\/schema\\\/logo\\\/image\\\/\"},\"sameAs\":[\"https:\\\/\\\/www.facebook.com\\\/breincosmart\\\/\",\"https:\\\/\\\/x.com\\\/breincoGroup\",\"https:\\\/\\\/www.instagram.com\\\/breinco\\\/\",\"https:\\\/\\\/www.linkedin.com\\\/company\\\/breinco-esp\\\/\"]}]}<\/script>\n<!-- \/ Yoast SEO plugin. -->","yoast_head_json":{"title":"Transformation des espaces publics dans le district de Sants - Breinco","robots":{"index":"index","follow":"follow","max-snippet":"max-snippet:-1","max-image-preview":"max-image-preview:large","max-video-preview":"max-video-preview:-1"},"canonical":"https:\/\/breinco.com\/fr\/proyecto\/transformation-des-espaces-publics-dans-le-district-de-sants\/","og_locale":"fr_FR","og_type":"article","og_title":"Transformation des espaces publics dans le district de Sants - Breinco","og_description":"Le quartier de Sants, l\u2019un des districts poss\u00e9dant la plus forte identit\u00e9 et la vie urbaine la plus riche de Barcelone, a fait l\u2019objet de diverses interventions d\u2019am\u00e9lioration de l\u2019espace public. Celles-ci visent \u00e0 renforcer la qualit\u00e9 urbaine, l\u2019accessibilit\u00e9 et l\u2019usage citoyen des rues, des places et des \u00e9quipements de r\u00e9f\u00e9rence, tels que le March\u00e9 [&hellip;]","og_url":"https:\/\/breinco.com\/fr\/proyecto\/transformation-des-espaces-publics-dans-le-district-de-sants\/","og_site_name":"Breinco","article_publisher":"https:\/\/www.facebook.com\/breincosmart\/","article_modified_time":"2026-04-30T16:25:40+00:00","og_image":[{"width":1200,"height":800,"url":"https:\/\/breinco.com\/wp-content\/uploads\/2026\/02\/breinco-feat-img.webp","type":"image\/webp"}],"twitter_card":"summary_large_image","twitter_site":"@breincoGroup","twitter_misc":{"Dur\u00e9e de lecture estim\u00e9e":"2 minutes"},"schema":{"@context":"https:\/\/schema.org","@graph":[{"@type":"WebPage","@id":"https:\/\/breinco.com\/fr\/proyecto\/transformation-des-espaces-publics-dans-le-district-de-sants\/","url":"https:\/\/breinco.com\/fr\/proyecto\/transformation-des-espaces-publics-dans-le-district-de-sants\/","name":"Transformation des espaces publics dans le district de Sants - Breinco","isPartOf":{"@id":"https:\/\/breinco.com\/fr\/#website"},"datePublished":"2026-02-04T22:41:20+00:00","dateModified":"2026-04-30T16:25:40+00:00","breadcrumb":{"@id":"https:\/\/breinco.com\/fr\/proyecto\/transformation-des-espaces-publics-dans-le-district-de-sants\/#breadcrumb"},"inLanguage":"fr-FR","potentialAction":[{"@type":"ReadAction","target":["https:\/\/breinco.com\/fr\/proyecto\/transformation-des-espaces-publics-dans-le-district-de-sants\/"]}]},{"@type":"BreadcrumbList","@id":"https:\/\/breinco.com\/fr\/proyecto\/transformation-des-espaces-publics-dans-le-district-de-sants\/#breadcrumb","itemListElement":[{"@type":"ListItem","position":1,"name":"Accueil","item":"https:\/\/breinco.com\/fr\/"},{"@type":"ListItem","position":2,"name":"Proyectos","item":"https:\/\/breinco.com\/fr\/proyecto\/"},{"@type":"ListItem","position":3,"name":"Transformation des espaces publics dans le district de Sants"}]},{"@type":"WebSite","@id":"https:\/\/breinco.com\/fr\/#website","url":"https:\/\/breinco.com\/fr\/","name":"Breinco","description":"","publisher":{"@id":"https:\/\/breinco.com\/fr\/#organization"},"alternateName":"Urban Furniture, Architecture and Landscaping","potentialAction":[{"@type":"SearchAction","target":{"@type":"EntryPoint","urlTemplate":"https:\/\/breinco.com\/fr\/?s={search_term_string}"},"query-input":{"@type":"PropertyValueSpecification","valueRequired":true,"valueName":"search_term_string"}}],"inLanguage":"fr-FR"},{"@type":"Organization","@id":"https:\/\/breinco.com\/fr\/#organization","name":"Breinco","url":"https:\/\/breinco.com\/fr\/","logo":{"@type":"ImageObject","inLanguage":"fr-FR","@id":"https:\/\/breinco.com\/fr\/#\/schema\/logo\/image\/","url":"https:\/\/breinco.com\/wp-content\/uploads\/2025\/04\/breinco-brand.svg","contentUrl":"https:\/\/breinco.com\/wp-content\/uploads\/2025\/04\/breinco-brand.svg","width":26,"height":58,"caption":"Breinco"},"image":{"@id":"https:\/\/breinco.com\/fr\/#\/schema\/logo\/image\/"},"sameAs":["https:\/\/www.facebook.com\/breincosmart\/","https:\/\/x.com\/breincoGroup","https:\/\/www.instagram.com\/breinco\/","https:\/\/www.linkedin.com\/company\/breinco-esp\/"]}]}},"_links":{"self":[{"href":"https:\/\/breinco.com\/fr\/wp-json\/wp\/v2\/proyecto\/23062","targetHints":{"allow":["GET"]}}],"collection":[{"href":"https:\/\/breinco.com\/fr\/wp-json\/wp\/v2\/proyecto"}],"about":[{"href":"https:\/\/breinco.com\/fr\/wp-json\/wp\/v2\/types\/proyecto"}],"acf:attachment":[{"embeddable":true,"href":"https:\/\/breinco.com\/fr\/wp-json\/wp\/v2\/media\/12085"},{"embeddable":true,"href":"https:\/\/breinco.com\/fr\/wp-json\/wp\/v2\/media\/12084"},{"embeddable":true,"href":"https:\/\/breinco.com\/fr\/wp-json\/wp\/v2\/media\/12082"},{"embeddable":true,"href":"https:\/\/breinco.com\/fr\/wp-json\/wp\/v2\/media\/12080"},{"embeddable":true,"href":"https:\/\/breinco.com\/fr\/wp-json\/wp\/v2\/media\/12079"},{"embeddable":true,"href":"https:\/\/breinco.com\/fr\/wp-json\/wp\/v2\/media\/12078"},{"embeddable":true,"href":"https:\/\/breinco.com\/fr\/wp-json\/wp\/v2\/media\/12086"},{"embeddable":true,"href":"https:\/\/breinco.com\/fr\/wp-json\/wp\/v2\/media\/12087"},{"embeddable":true,"href":"https:\/\/breinco.com\/fr\/wp-json\/wp\/v2\/media\/12081"},{"embeddable":true,"href":"https:\/\/breinco.com\/fr\/wp-json\/wp\/v2\/media\/23063"},{"embeddable":true,"href":"https:\/\/breinco.com\/fr\/wp-json\/wp\/v2\/media\/12077"},{"embeddable":true,"href":"https:\/\/breinco.com\/fr\/wp-json\/wp\/v2\/media\/12076"}],"acf:post":[{"embeddable":true,"href":"https:\/\/breinco.com\/fr\/wp-json\/wp\/v2\/br_product\/18110"},{"embeddable":true,"href":"https:\/\/breinco.com\/fr\/wp-json\/wp\/v2\/br_product\/17046"},{"embeddable":true,"href":"https:\/\/breinco.com\/fr\/wp-json\/wp\/v2\/br_product\/17133"}],"wp:attachment":[{"href":"https:\/\/breinco.com\/fr\/wp-json\/wp\/v2\/media?parent=23062"}],"wp:term":[{"taxonomy":"post_tag","embeddable":true,"href":"https:\/\/breinco.com\/fr\/wp-json\/wp\/v2\/tags?post=23062"},{"taxonomy":"categoria-proyecto","embeddable":true,"href":"https:\/\/breinco.com\/fr\/wp-json\/wp\/v2\/categoria-proyecto?post=23062"}],"curies":[{"name":"wp","href":"https:\/\/api.w.org\/{rel}","templated":true}]}}