{"id":23068,"date":"2026-02-05T00:53:51","date_gmt":"2026-02-04T23:53:51","guid":{"rendered":"https:\/\/breinco.com\/proyecto\/hotel-mas-albereda-a-sant-julia-de-vilatorta\/"},"modified":"2026-04-30T18:25:40","modified_gmt":"2026-04-30T16:25:40","slug":"hotel-mas-albereda-a-sant-julia-de-vilatorta","status":"publish","type":"proyecto","link":"https:\/\/breinco.com\/fr\/proyecto\/hotel-mas-albereda-a-sant-julia-de-vilatorta\/","title":{"rendered":"H\u00f4tel Mas Albereda \u00e0 Sant Juli\u00e0 de Vilatorta"},"content":{"rendered":"\n<p>Mas Albereda est un petit h\u00f4tel de charme situ\u00e9 \u00e0 <strong>Sant Juli\u00e0 de Vilatorta<\/strong>, entre les Pyr\u00e9n\u00e9es et le Montseny, au c\u0153ur de la Plaine de Vic. Son cadre rural et familial invite \u00e0 profiter de la tranquillit\u00e9, de la nature et d&rsquo;une exp\u00e9rience authentique au contact de l&rsquo;histoire et de la culture locale.<\/p>\n\n<p>La m\u00e9tairie, document\u00e9e d\u00e8s <strong>1337<\/strong>, conserve plus de sept si\u00e8cles d&rsquo;histoire entre ses murs, son four, son puits ou ses portails. Chaque recoin, chaque chambre, salon ou salle \u00e0 manger, refl\u00e8te un soin exceptionnel apport\u00e9 \u00e0 l&rsquo;<strong>architecture et aux d\u00e9tails constructifs<\/strong>, offrant des espaces uniques et exclusifs qui allient tradition et confort contemporain.<\/p>\n\n<p>Dans ce projet, nous avons int\u00e9gr\u00e9 le <strong>pav\u00e9 Tegula\u00ae art<\/strong>, dont la finition vieillie \u00e9voque la pierre naturelle, apportant continuit\u00e9 esth\u00e9tique et r\u00e9sistance aux zones de passage et aux espaces de jardin. Pour les surfaces o\u00f9 un contact direct avec la v\u00e9g\u00e9tation est recherch\u00e9, le syst\u00e8me <strong>Rasen-Mohr\u00ae<\/strong> a \u00e9t\u00e9 appliqu\u00e9, permettant de combiner n&rsquo;importe quel format de pav\u00e9 ou de dalle avec des <strong>s\u00e9parateurs en bois biod\u00e9gradable<\/strong>.<\/p>\n\n<p>Les s\u00e9parateurs Rasen-mohr\u00ae cr\u00e9ent des joints qui sont remplis de gravier et de terre v\u00e9g\u00e9tale pour permettre la croissance du gazon. Une fois que les racines sont \u00e9tablies, les surfaces pav\u00e9es supportent occasionnellement le passage de <strong>v\u00e9hicules l\u00e9gers<\/strong>, sans perdre leur int\u00e9gration dans l&rsquo;environnement naturel. Cette solution permet de diff\u00e9rencier les <strong>zones pi\u00e9tonnes<\/strong> des aires admettant un trafic l\u00e9ger, tout en maintenant l&rsquo;esth\u00e9tique et la fonctionnalit\u00e9 de l&rsquo;ensemble.<\/p>\n\n<p>Le r\u00e9sultat est un h\u00f4tel o\u00f9 <strong>l&rsquo;histoire, l&rsquo;architecture et la durabilit\u00e9<\/strong> se conjuguent avec des espaces ext\u00e9rieurs con\u00e7us pour le plaisir, le confort et l&rsquo;harmonie avec la nature, offrant un cadre rural unique, \u00e9l\u00e9gant et fonctionnel.<\/p>\n","protected":false},"featured_media":0,"template":"","meta":{"_acf_changed":false},"tags":[943,999],"categoria-proyecto":[],"class_list":["post-23068","proyecto","type-proyecto","status-publish","hentry","tag-rasen-mohr","tag-tegula-art"],"acf":{"localitzacio-projecte":"Barcelona","credits-projecte":"","fotografia-projecte":"","producte_resum":"Tegula\u00ae art y Rasen-mohr\u00ae","producte-projecte":"Tegula\u00ae art | 24 x 16 x 7 cm | 16 x 16 x 7 cm | 12 x 16 x 7 cm | Desierto | Standard\u00ae\r\n\r\nRasen-mohr\u00ae | 8,3 x 3,8 x 4 cm","productes_relacionats":[17279,17592],"galeria-projecte":[12146,12144,12145,12143,12142,12163,12164]},"yoast_head":"<!-- This site is optimized with the Yoast SEO plugin v27.5 - https:\/\/yoast.com\/product\/yoast-seo-wordpress\/ -->\n<title>H\u00f4tel Mas Albereda \u00e0 Sant Juli\u00e0 de Vilatorta - Breinco<\/title>\n<meta name=\"robots\" content=\"index, follow, max-snippet:-1, max-image-preview:large, max-video-preview:-1\" \/>\n<link rel=\"canonical\" href=\"https:\/\/breinco.com\/fr\/proyecto\/hotel-mas-albereda-a-sant-julia-de-vilatorta\/\" \/>\n<meta property=\"og:locale\" content=\"fr_FR\" \/>\n<meta property=\"og:type\" content=\"article\" \/>\n<meta property=\"og:title\" content=\"H\u00f4tel Mas Albereda \u00e0 Sant Juli\u00e0 de Vilatorta - Breinco\" \/>\n<meta property=\"og:description\" content=\"Mas Albereda est un petit h\u00f4tel de charme situ\u00e9 \u00e0 Sant Juli\u00e0 de Vilatorta, entre les Pyr\u00e9n\u00e9es et le Montseny, au c\u0153ur de la Plaine de Vic. Son cadre rural et familial invite \u00e0 profiter de la tranquillit\u00e9, de la nature et d&rsquo;une exp\u00e9rience authentique au contact de l&rsquo;histoire et de la culture locale. La [&hellip;]\" \/>\n<meta property=\"og:url\" content=\"https:\/\/breinco.com\/fr\/proyecto\/hotel-mas-albereda-a-sant-julia-de-vilatorta\/\" \/>\n<meta property=\"og:site_name\" content=\"Breinco\" \/>\n<meta property=\"article:publisher\" content=\"https:\/\/www.facebook.com\/breincosmart\/\" \/>\n<meta property=\"article:modified_time\" content=\"2026-04-30T16:25:40+00:00\" \/>\n<meta property=\"og:image\" content=\"https:\/\/breinco.com\/wp-content\/uploads\/2026\/02\/breinco-feat-img.webp\" \/>\n\t<meta property=\"og:image:width\" content=\"1200\" \/>\n\t<meta property=\"og:image:height\" content=\"800\" \/>\n\t<meta property=\"og:image:type\" content=\"image\/webp\" \/>\n<meta name=\"twitter:card\" content=\"summary_large_image\" \/>\n<meta name=\"twitter:site\" content=\"@breincoGroup\" \/>\n<meta name=\"twitter:label1\" content=\"Dur\u00e9e de lecture estim\u00e9e\" \/>\n\t<meta name=\"twitter:data1\" content=\"2 minutes\" \/>\n<script type=\"application\/ld+json\" class=\"yoast-schema-graph\">{\"@context\":\"https:\\\/\\\/schema.org\",\"@graph\":[{\"@type\":\"WebPage\",\"@id\":\"https:\\\/\\\/breinco.com\\\/fr\\\/proyecto\\\/hotel-mas-albereda-a-sant-julia-de-vilatorta\\\/\",\"url\":\"https:\\\/\\\/breinco.com\\\/fr\\\/proyecto\\\/hotel-mas-albereda-a-sant-julia-de-vilatorta\\\/\",\"name\":\"H\u00f4tel Mas Albereda \u00e0 Sant Juli\u00e0 de Vilatorta - Breinco\",\"isPartOf\":{\"@id\":\"https:\\\/\\\/breinco.com\\\/fr\\\/#website\"},\"datePublished\":\"2026-02-04T23:53:51+00:00\",\"dateModified\":\"2026-04-30T16:25:40+00:00\",\"breadcrumb\":{\"@id\":\"https:\\\/\\\/breinco.com\\\/fr\\\/proyecto\\\/hotel-mas-albereda-a-sant-julia-de-vilatorta\\\/#breadcrumb\"},\"inLanguage\":\"fr-FR\",\"potentialAction\":[{\"@type\":\"ReadAction\",\"target\":[\"https:\\\/\\\/breinco.com\\\/fr\\\/proyecto\\\/hotel-mas-albereda-a-sant-julia-de-vilatorta\\\/\"]}]},{\"@type\":\"BreadcrumbList\",\"@id\":\"https:\\\/\\\/breinco.com\\\/fr\\\/proyecto\\\/hotel-mas-albereda-a-sant-julia-de-vilatorta\\\/#breadcrumb\",\"itemListElement\":[{\"@type\":\"ListItem\",\"position\":1,\"name\":\"Accueil\",\"item\":\"https:\\\/\\\/breinco.com\\\/fr\\\/\"},{\"@type\":\"ListItem\",\"position\":2,\"name\":\"Proyectos\",\"item\":\"https:\\\/\\\/breinco.com\\\/fr\\\/proyecto\\\/\"},{\"@type\":\"ListItem\",\"position\":3,\"name\":\"H\u00f4tel Mas Albereda \u00e0 Sant Juli\u00e0 de Vilatorta\"}]},{\"@type\":\"WebSite\",\"@id\":\"https:\\\/\\\/breinco.com\\\/fr\\\/#website\",\"url\":\"https:\\\/\\\/breinco.com\\\/fr\\\/\",\"name\":\"Breinco\",\"description\":\"\",\"publisher\":{\"@id\":\"https:\\\/\\\/breinco.com\\\/fr\\\/#organization\"},\"alternateName\":\"Urban Furniture, Architecture and Landscaping\",\"potentialAction\":[{\"@type\":\"SearchAction\",\"target\":{\"@type\":\"EntryPoint\",\"urlTemplate\":\"https:\\\/\\\/breinco.com\\\/fr\\\/?s={search_term_string}\"},\"query-input\":{\"@type\":\"PropertyValueSpecification\",\"valueRequired\":true,\"valueName\":\"search_term_string\"}}],\"inLanguage\":\"fr-FR\"},{\"@type\":\"Organization\",\"@id\":\"https:\\\/\\\/breinco.com\\\/fr\\\/#organization\",\"name\":\"Breinco\",\"url\":\"https:\\\/\\\/breinco.com\\\/fr\\\/\",\"logo\":{\"@type\":\"ImageObject\",\"inLanguage\":\"fr-FR\",\"@id\":\"https:\\\/\\\/breinco.com\\\/fr\\\/#\\\/schema\\\/logo\\\/image\\\/\",\"url\":\"https:\\\/\\\/breinco.com\\\/wp-content\\\/uploads\\\/2025\\\/04\\\/breinco-brand.svg\",\"contentUrl\":\"https:\\\/\\\/breinco.com\\\/wp-content\\\/uploads\\\/2025\\\/04\\\/breinco-brand.svg\",\"width\":26,\"height\":58,\"caption\":\"Breinco\"},\"image\":{\"@id\":\"https:\\\/\\\/breinco.com\\\/fr\\\/#\\\/schema\\\/logo\\\/image\\\/\"},\"sameAs\":[\"https:\\\/\\\/www.facebook.com\\\/breincosmart\\\/\",\"https:\\\/\\\/x.com\\\/breincoGroup\",\"https:\\\/\\\/www.instagram.com\\\/breinco\\\/\",\"https:\\\/\\\/www.linkedin.com\\\/company\\\/breinco-esp\\\/\"]}]}<\/script>\n<!-- \/ Yoast SEO plugin. -->","yoast_head_json":{"title":"H\u00f4tel Mas Albereda \u00e0 Sant Juli\u00e0 de Vilatorta - Breinco","robots":{"index":"index","follow":"follow","max-snippet":"max-snippet:-1","max-image-preview":"max-image-preview:large","max-video-preview":"max-video-preview:-1"},"canonical":"https:\/\/breinco.com\/fr\/proyecto\/hotel-mas-albereda-a-sant-julia-de-vilatorta\/","og_locale":"fr_FR","og_type":"article","og_title":"H\u00f4tel Mas Albereda \u00e0 Sant Juli\u00e0 de Vilatorta - Breinco","og_description":"Mas Albereda est un petit h\u00f4tel de charme situ\u00e9 \u00e0 Sant Juli\u00e0 de Vilatorta, entre les Pyr\u00e9n\u00e9es et le Montseny, au c\u0153ur de la Plaine de Vic. Son cadre rural et familial invite \u00e0 profiter de la tranquillit\u00e9, de la nature et d&rsquo;une exp\u00e9rience authentique au contact de l&rsquo;histoire et de la culture locale. La [&hellip;]","og_url":"https:\/\/breinco.com\/fr\/proyecto\/hotel-mas-albereda-a-sant-julia-de-vilatorta\/","og_site_name":"Breinco","article_publisher":"https:\/\/www.facebook.com\/breincosmart\/","article_modified_time":"2026-04-30T16:25:40+00:00","og_image":[{"width":1200,"height":800,"url":"https:\/\/breinco.com\/wp-content\/uploads\/2026\/02\/breinco-feat-img.webp","type":"image\/webp"}],"twitter_card":"summary_large_image","twitter_site":"@breincoGroup","twitter_misc":{"Dur\u00e9e de lecture estim\u00e9e":"2 minutes"},"schema":{"@context":"https:\/\/schema.org","@graph":[{"@type":"WebPage","@id":"https:\/\/breinco.com\/fr\/proyecto\/hotel-mas-albereda-a-sant-julia-de-vilatorta\/","url":"https:\/\/breinco.com\/fr\/proyecto\/hotel-mas-albereda-a-sant-julia-de-vilatorta\/","name":"H\u00f4tel Mas Albereda \u00e0 Sant Juli\u00e0 de Vilatorta - Breinco","isPartOf":{"@id":"https:\/\/breinco.com\/fr\/#website"},"datePublished":"2026-02-04T23:53:51+00:00","dateModified":"2026-04-30T16:25:40+00:00","breadcrumb":{"@id":"https:\/\/breinco.com\/fr\/proyecto\/hotel-mas-albereda-a-sant-julia-de-vilatorta\/#breadcrumb"},"inLanguage":"fr-FR","potentialAction":[{"@type":"ReadAction","target":["https:\/\/breinco.com\/fr\/proyecto\/hotel-mas-albereda-a-sant-julia-de-vilatorta\/"]}]},{"@type":"BreadcrumbList","@id":"https:\/\/breinco.com\/fr\/proyecto\/hotel-mas-albereda-a-sant-julia-de-vilatorta\/#breadcrumb","itemListElement":[{"@type":"ListItem","position":1,"name":"Accueil","item":"https:\/\/breinco.com\/fr\/"},{"@type":"ListItem","position":2,"name":"Proyectos","item":"https:\/\/breinco.com\/fr\/proyecto\/"},{"@type":"ListItem","position":3,"name":"H\u00f4tel Mas Albereda \u00e0 Sant Juli\u00e0 de Vilatorta"}]},{"@type":"WebSite","@id":"https:\/\/breinco.com\/fr\/#website","url":"https:\/\/breinco.com\/fr\/","name":"Breinco","description":"","publisher":{"@id":"https:\/\/breinco.com\/fr\/#organization"},"alternateName":"Urban Furniture, Architecture and Landscaping","potentialAction":[{"@type":"SearchAction","target":{"@type":"EntryPoint","urlTemplate":"https:\/\/breinco.com\/fr\/?s={search_term_string}"},"query-input":{"@type":"PropertyValueSpecification","valueRequired":true,"valueName":"search_term_string"}}],"inLanguage":"fr-FR"},{"@type":"Organization","@id":"https:\/\/breinco.com\/fr\/#organization","name":"Breinco","url":"https:\/\/breinco.com\/fr\/","logo":{"@type":"ImageObject","inLanguage":"fr-FR","@id":"https:\/\/breinco.com\/fr\/#\/schema\/logo\/image\/","url":"https:\/\/breinco.com\/wp-content\/uploads\/2025\/04\/breinco-brand.svg","contentUrl":"https:\/\/breinco.com\/wp-content\/uploads\/2025\/04\/breinco-brand.svg","width":26,"height":58,"caption":"Breinco"},"image":{"@id":"https:\/\/breinco.com\/fr\/#\/schema\/logo\/image\/"},"sameAs":["https:\/\/www.facebook.com\/breincosmart\/","https:\/\/x.com\/breincoGroup","https:\/\/www.instagram.com\/breinco\/","https:\/\/www.linkedin.com\/company\/breinco-esp\/"]}]}},"_links":{"self":[{"href":"https:\/\/breinco.com\/fr\/wp-json\/wp\/v2\/proyecto\/23068","targetHints":{"allow":["GET"]}}],"collection":[{"href":"https:\/\/breinco.com\/fr\/wp-json\/wp\/v2\/proyecto"}],"about":[{"href":"https:\/\/breinco.com\/fr\/wp-json\/wp\/v2\/types\/proyecto"}],"acf:attachment":[{"embeddable":true,"href":"https:\/\/breinco.com\/fr\/wp-json\/wp\/v2\/media\/12164"},{"embeddable":true,"href":"https:\/\/breinco.com\/fr\/wp-json\/wp\/v2\/media\/12163"},{"embeddable":true,"href":"https:\/\/breinco.com\/fr\/wp-json\/wp\/v2\/media\/12142"},{"embeddable":true,"href":"https:\/\/breinco.com\/fr\/wp-json\/wp\/v2\/media\/12143"},{"embeddable":true,"href":"https:\/\/breinco.com\/fr\/wp-json\/wp\/v2\/media\/12145"},{"embeddable":true,"href":"https:\/\/breinco.com\/fr\/wp-json\/wp\/v2\/media\/12144"},{"embeddable":true,"href":"https:\/\/breinco.com\/fr\/wp-json\/wp\/v2\/media\/12146"}],"acf:post":[{"embeddable":true,"href":"https:\/\/breinco.com\/fr\/wp-json\/wp\/v2\/br_product\/17592"},{"embeddable":true,"href":"https:\/\/breinco.com\/fr\/wp-json\/wp\/v2\/br_product\/17279"}],"wp:attachment":[{"href":"https:\/\/breinco.com\/fr\/wp-json\/wp\/v2\/media?parent=23068"}],"wp:term":[{"taxonomy":"post_tag","embeddable":true,"href":"https:\/\/breinco.com\/fr\/wp-json\/wp\/v2\/tags?post=23068"},{"taxonomy":"categoria-proyecto","embeddable":true,"href":"https:\/\/breinco.com\/fr\/wp-json\/wp\/v2\/categoria-proyecto?post=23068"}],"curies":[{"name":"wp","href":"https:\/\/api.w.org\/{rel}","templated":true}]}}