{"id":23070,"date":"2026-02-11T17:10:01","date_gmt":"2026-02-11T16:10:01","guid":{"rendered":"https:\/\/breinco.com\/proyecto\/promenade-maritime-de-costa-adeje-a-tenerife\/"},"modified":"2026-04-30T18:25:40","modified_gmt":"2026-04-30T16:25:40","slug":"promenade-maritime-de-costa-adeje-a-tenerife","status":"publish","type":"proyecto","link":"https:\/\/breinco.com\/fr\/proyecto\/promenade-maritime-de-costa-adeje-a-tenerife\/","title":{"rendered":"Promenade maritime de Costa Adeje \u00e0 Tenerife"},"content":{"rendered":"\n<p>La promenade maritime de Costa Adeje relie la vie touristique et locale de Tenerife, en combinant la circulation pi\u00e9tonne, des zones de d\u00e9tente et des espaces de rencontre au bord de la mer. Le projet vise \u00e0 am\u00e9liorer l&rsquo;exp\u00e9rience des usagers en cr\u00e9ant un parcours s\u00fbr, accessible et harmonieux, o\u00f9 le design du rev\u00eatement et l&rsquo;int\u00e9gration avec l&rsquo;environnement jouent un r\u00f4le fondamental.<\/p>\n\n<p>Pour le pavage de la promenade, la <strong>Terana\u00ae six<\/strong> et le <strong>Taco Terana\u00ae<\/strong>, ont \u00e9t\u00e9 int\u00e9gr\u00e9s, des mat\u00e9riaux qui d\u00e9finissent les itin\u00e9raires pi\u00e9tons, les zones de passage et les aires de repos avec \u00e9l\u00e9gance et durabilit\u00e9. La <strong>Terana\u00ae six<\/strong> apporte continuit\u00e9 et polyvalence, int\u00e9grant de mani\u00e8re subtile les \u00e9l\u00e9ments paysagers et balisant le parcours, tandis que le <strong>Taco Terana\u00ae<\/strong> est utilis\u00e9 pour d\u00e9limiter les changements de niveau et les bordures, alliant fonctionnalit\u00e9 et finition raffin\u00e9e.<\/p>\n\n<p>Sur les surfaces plus vastes et les zones de place, la <strong>Llosa Vulcano\u00ae<\/strong> a \u00e9t\u00e9 int\u00e9gr\u00e9e, garantissant r\u00e9sistance et uniformit\u00e9 chromatique, avec une finition qui apporte confort et stabilit\u00e9 pour le transit pi\u00e9tonnier et les activit\u00e9s de d\u00e9tente. Son apparence robuste et \u00e9l\u00e9gante renforce l\u2019identit\u00e9 de la promenade, cr\u00e9ant des espaces visuellement harmonieux et agr\u00e9ables pour les visiteurs.<\/p>\n\n<p>De plus, des panneaux en <strong>b\u00e9ton architectonique Wetcast\u00ae<\/strong> ont \u00e9t\u00e9 install\u00e9s, contribuant \u00e0 l&rsquo;esth\u00e9tique de l&rsquo;ensemble \u00e0 travers des \u00e9l\u00e9ments structurels et d\u00e9coratifs, tout en apportant texture, continuit\u00e9 visuelle et un caract\u00e8re contemporain \u00e0 la promenade et \u00e0 ses zones de place.<\/p>\n\n<p>Le r\u00e9sultat est une promenade maritime int\u00e9gr\u00e9e, dynamique et \u00e9l\u00e9gante, o\u00f9 les mat\u00e9riaux s\u00e9lectionn\u00e9s apportent durabilit\u00e9, confort et valeur esth\u00e9tique, renfor\u00e7ant l&rsquo;exp\u00e9rience urbaine des r\u00e9sidents et des touristes dans un environnement c\u00f4tier de qualit\u00e9 et au visuel soign\u00e9.<\/p>\n\n<p><\/p>\n","protected":false},"featured_media":0,"template":"","meta":{"_acf_changed":false},"tags":[938,950],"categoria-proyecto":[936],"class_list":["post-23070","proyecto","type-proyecto","status-publish","hentry","tag-llosa-vulcano","tag-terana-six","categoria-proyecto-beton-architectonique"],"acf":{"localitzacio-projecte":"Islas Canarias","credits-projecte":"","fotografia-projecte":"","producte_resum":"Llosa Vulcano\u00ae, Terana\u00ae six y WetCast\u00ae","producte-projecte":"Llosa Vulcano\u00ae | 60 x 40 x 5 cm | Ceniza | Standard\u00ae\r\n\r\nTerana\u00ae six | 20 x 10 x 8 cm | 20 x 10 x 6 cm | Ceniza | Standard\u00ae\r\n\r\nTaco Terana\u00ae | 8 x 8 x 6 cm | Ceniza | Standard\u00ae\r\n\r\nPanel de hormig\u00f3n arquitect\u00f3nico | 395 x 35 x 28 cm | White | WetCast\u00ae","productes_relacionats":[17714,17352,17099],"galeria-projecte":[23071,12642,12643]},"yoast_head":"<!-- This site is optimized with the Yoast SEO plugin v27.5 - https:\/\/yoast.com\/product\/yoast-seo-wordpress\/ -->\n<title>Promenade maritime de Costa Adeje \u00e0 Tenerife - Breinco<\/title>\n<meta name=\"robots\" content=\"index, follow, max-snippet:-1, max-image-preview:large, max-video-preview:-1\" \/>\n<link rel=\"canonical\" href=\"https:\/\/breinco.com\/fr\/proyecto\/promenade-maritime-de-costa-adeje-a-tenerife\/\" \/>\n<meta property=\"og:locale\" content=\"fr_FR\" \/>\n<meta property=\"og:type\" content=\"article\" \/>\n<meta property=\"og:title\" content=\"Promenade maritime de Costa Adeje \u00e0 Tenerife - Breinco\" \/>\n<meta property=\"og:description\" content=\"La promenade maritime de Costa Adeje relie la vie touristique et locale de Tenerife, en combinant la circulation pi\u00e9tonne, des zones de d\u00e9tente et des espaces de rencontre au bord de la mer. Le projet vise \u00e0 am\u00e9liorer l&rsquo;exp\u00e9rience des usagers en cr\u00e9ant un parcours s\u00fbr, accessible et harmonieux, o\u00f9 le design du rev\u00eatement et [&hellip;]\" \/>\n<meta property=\"og:url\" content=\"https:\/\/breinco.com\/fr\/proyecto\/promenade-maritime-de-costa-adeje-a-tenerife\/\" \/>\n<meta property=\"og:site_name\" content=\"Breinco\" \/>\n<meta property=\"article:publisher\" content=\"https:\/\/www.facebook.com\/breincosmart\/\" \/>\n<meta property=\"article:modified_time\" content=\"2026-04-30T16:25:40+00:00\" \/>\n<meta property=\"og:image\" content=\"https:\/\/breinco.com\/wp-content\/uploads\/2026\/02\/breinco-feat-img.webp\" \/>\n\t<meta property=\"og:image:width\" content=\"1200\" \/>\n\t<meta property=\"og:image:height\" content=\"800\" \/>\n\t<meta property=\"og:image:type\" content=\"image\/webp\" \/>\n<meta name=\"twitter:card\" content=\"summary_large_image\" \/>\n<meta name=\"twitter:site\" content=\"@breincoGroup\" \/>\n<meta name=\"twitter:label1\" content=\"Dur\u00e9e de lecture estim\u00e9e\" \/>\n\t<meta name=\"twitter:data1\" content=\"2 minutes\" \/>\n<script type=\"application\/ld+json\" class=\"yoast-schema-graph\">{\"@context\":\"https:\\\/\\\/schema.org\",\"@graph\":[{\"@type\":\"WebPage\",\"@id\":\"https:\\\/\\\/breinco.com\\\/fr\\\/proyecto\\\/promenade-maritime-de-costa-adeje-a-tenerife\\\/\",\"url\":\"https:\\\/\\\/breinco.com\\\/fr\\\/proyecto\\\/promenade-maritime-de-costa-adeje-a-tenerife\\\/\",\"name\":\"Promenade maritime de Costa Adeje \u00e0 Tenerife - Breinco\",\"isPartOf\":{\"@id\":\"https:\\\/\\\/breinco.com\\\/fr\\\/#website\"},\"datePublished\":\"2026-02-11T16:10:01+00:00\",\"dateModified\":\"2026-04-30T16:25:40+00:00\",\"breadcrumb\":{\"@id\":\"https:\\\/\\\/breinco.com\\\/fr\\\/proyecto\\\/promenade-maritime-de-costa-adeje-a-tenerife\\\/#breadcrumb\"},\"inLanguage\":\"fr-FR\",\"potentialAction\":[{\"@type\":\"ReadAction\",\"target\":[\"https:\\\/\\\/breinco.com\\\/fr\\\/proyecto\\\/promenade-maritime-de-costa-adeje-a-tenerife\\\/\"]}]},{\"@type\":\"BreadcrumbList\",\"@id\":\"https:\\\/\\\/breinco.com\\\/fr\\\/proyecto\\\/promenade-maritime-de-costa-adeje-a-tenerife\\\/#breadcrumb\",\"itemListElement\":[{\"@type\":\"ListItem\",\"position\":1,\"name\":\"Accueil\",\"item\":\"https:\\\/\\\/breinco.com\\\/fr\\\/\"},{\"@type\":\"ListItem\",\"position\":2,\"name\":\"Proyectos\",\"item\":\"https:\\\/\\\/breinco.com\\\/fr\\\/proyecto\\\/\"},{\"@type\":\"ListItem\",\"position\":3,\"name\":\"Promenade maritime de Costa Adeje \u00e0 Tenerife\"}]},{\"@type\":\"WebSite\",\"@id\":\"https:\\\/\\\/breinco.com\\\/fr\\\/#website\",\"url\":\"https:\\\/\\\/breinco.com\\\/fr\\\/\",\"name\":\"Breinco\",\"description\":\"\",\"publisher\":{\"@id\":\"https:\\\/\\\/breinco.com\\\/fr\\\/#organization\"},\"alternateName\":\"Urban Furniture, Architecture and Landscaping\",\"potentialAction\":[{\"@type\":\"SearchAction\",\"target\":{\"@type\":\"EntryPoint\",\"urlTemplate\":\"https:\\\/\\\/breinco.com\\\/fr\\\/?s={search_term_string}\"},\"query-input\":{\"@type\":\"PropertyValueSpecification\",\"valueRequired\":true,\"valueName\":\"search_term_string\"}}],\"inLanguage\":\"fr-FR\"},{\"@type\":\"Organization\",\"@id\":\"https:\\\/\\\/breinco.com\\\/fr\\\/#organization\",\"name\":\"Breinco\",\"url\":\"https:\\\/\\\/breinco.com\\\/fr\\\/\",\"logo\":{\"@type\":\"ImageObject\",\"inLanguage\":\"fr-FR\",\"@id\":\"https:\\\/\\\/breinco.com\\\/fr\\\/#\\\/schema\\\/logo\\\/image\\\/\",\"url\":\"https:\\\/\\\/breinco.com\\\/wp-content\\\/uploads\\\/2025\\\/04\\\/breinco-brand.svg\",\"contentUrl\":\"https:\\\/\\\/breinco.com\\\/wp-content\\\/uploads\\\/2025\\\/04\\\/breinco-brand.svg\",\"width\":26,\"height\":58,\"caption\":\"Breinco\"},\"image\":{\"@id\":\"https:\\\/\\\/breinco.com\\\/fr\\\/#\\\/schema\\\/logo\\\/image\\\/\"},\"sameAs\":[\"https:\\\/\\\/www.facebook.com\\\/breincosmart\\\/\",\"https:\\\/\\\/x.com\\\/breincoGroup\",\"https:\\\/\\\/www.instagram.com\\\/breinco\\\/\",\"https:\\\/\\\/www.linkedin.com\\\/company\\\/breinco-esp\\\/\"]}]}<\/script>\n<!-- \/ Yoast SEO plugin. -->","yoast_head_json":{"title":"Promenade maritime de Costa Adeje \u00e0 Tenerife - Breinco","robots":{"index":"index","follow":"follow","max-snippet":"max-snippet:-1","max-image-preview":"max-image-preview:large","max-video-preview":"max-video-preview:-1"},"canonical":"https:\/\/breinco.com\/fr\/proyecto\/promenade-maritime-de-costa-adeje-a-tenerife\/","og_locale":"fr_FR","og_type":"article","og_title":"Promenade maritime de Costa Adeje \u00e0 Tenerife - Breinco","og_description":"La promenade maritime de Costa Adeje relie la vie touristique et locale de Tenerife, en combinant la circulation pi\u00e9tonne, des zones de d\u00e9tente et des espaces de rencontre au bord de la mer. Le projet vise \u00e0 am\u00e9liorer l&rsquo;exp\u00e9rience des usagers en cr\u00e9ant un parcours s\u00fbr, accessible et harmonieux, o\u00f9 le design du rev\u00eatement et [&hellip;]","og_url":"https:\/\/breinco.com\/fr\/proyecto\/promenade-maritime-de-costa-adeje-a-tenerife\/","og_site_name":"Breinco","article_publisher":"https:\/\/www.facebook.com\/breincosmart\/","article_modified_time":"2026-04-30T16:25:40+00:00","og_image":[{"width":1200,"height":800,"url":"https:\/\/breinco.com\/wp-content\/uploads\/2026\/02\/breinco-feat-img.webp","type":"image\/webp"}],"twitter_card":"summary_large_image","twitter_site":"@breincoGroup","twitter_misc":{"Dur\u00e9e de lecture estim\u00e9e":"2 minutes"},"schema":{"@context":"https:\/\/schema.org","@graph":[{"@type":"WebPage","@id":"https:\/\/breinco.com\/fr\/proyecto\/promenade-maritime-de-costa-adeje-a-tenerife\/","url":"https:\/\/breinco.com\/fr\/proyecto\/promenade-maritime-de-costa-adeje-a-tenerife\/","name":"Promenade maritime de Costa Adeje \u00e0 Tenerife - Breinco","isPartOf":{"@id":"https:\/\/breinco.com\/fr\/#website"},"datePublished":"2026-02-11T16:10:01+00:00","dateModified":"2026-04-30T16:25:40+00:00","breadcrumb":{"@id":"https:\/\/breinco.com\/fr\/proyecto\/promenade-maritime-de-costa-adeje-a-tenerife\/#breadcrumb"},"inLanguage":"fr-FR","potentialAction":[{"@type":"ReadAction","target":["https:\/\/breinco.com\/fr\/proyecto\/promenade-maritime-de-costa-adeje-a-tenerife\/"]}]},{"@type":"BreadcrumbList","@id":"https:\/\/breinco.com\/fr\/proyecto\/promenade-maritime-de-costa-adeje-a-tenerife\/#breadcrumb","itemListElement":[{"@type":"ListItem","position":1,"name":"Accueil","item":"https:\/\/breinco.com\/fr\/"},{"@type":"ListItem","position":2,"name":"Proyectos","item":"https:\/\/breinco.com\/fr\/proyecto\/"},{"@type":"ListItem","position":3,"name":"Promenade maritime de Costa Adeje \u00e0 Tenerife"}]},{"@type":"WebSite","@id":"https:\/\/breinco.com\/fr\/#website","url":"https:\/\/breinco.com\/fr\/","name":"Breinco","description":"","publisher":{"@id":"https:\/\/breinco.com\/fr\/#organization"},"alternateName":"Urban Furniture, Architecture and Landscaping","potentialAction":[{"@type":"SearchAction","target":{"@type":"EntryPoint","urlTemplate":"https:\/\/breinco.com\/fr\/?s={search_term_string}"},"query-input":{"@type":"PropertyValueSpecification","valueRequired":true,"valueName":"search_term_string"}}],"inLanguage":"fr-FR"},{"@type":"Organization","@id":"https:\/\/breinco.com\/fr\/#organization","name":"Breinco","url":"https:\/\/breinco.com\/fr\/","logo":{"@type":"ImageObject","inLanguage":"fr-FR","@id":"https:\/\/breinco.com\/fr\/#\/schema\/logo\/image\/","url":"https:\/\/breinco.com\/wp-content\/uploads\/2025\/04\/breinco-brand.svg","contentUrl":"https:\/\/breinco.com\/wp-content\/uploads\/2025\/04\/breinco-brand.svg","width":26,"height":58,"caption":"Breinco"},"image":{"@id":"https:\/\/breinco.com\/fr\/#\/schema\/logo\/image\/"},"sameAs":["https:\/\/www.facebook.com\/breincosmart\/","https:\/\/x.com\/breincoGroup","https:\/\/www.instagram.com\/breinco\/","https:\/\/www.linkedin.com\/company\/breinco-esp\/"]}]}},"_links":{"self":[{"href":"https:\/\/breinco.com\/fr\/wp-json\/wp\/v2\/proyecto\/23070","targetHints":{"allow":["GET"]}}],"collection":[{"href":"https:\/\/breinco.com\/fr\/wp-json\/wp\/v2\/proyecto"}],"about":[{"href":"https:\/\/breinco.com\/fr\/wp-json\/wp\/v2\/types\/proyecto"}],"acf:attachment":[{"embeddable":true,"href":"https:\/\/breinco.com\/fr\/wp-json\/wp\/v2\/media\/12643"},{"embeddable":true,"href":"https:\/\/breinco.com\/fr\/wp-json\/wp\/v2\/media\/12642"},{"embeddable":true,"href":"https:\/\/breinco.com\/fr\/wp-json\/wp\/v2\/media\/23071"}],"acf:post":[{"embeddable":true,"href":"https:\/\/breinco.com\/fr\/wp-json\/wp\/v2\/br_product\/17099"},{"embeddable":true,"href":"https:\/\/breinco.com\/fr\/wp-json\/wp\/v2\/br_product\/17352"},{"embeddable":true,"href":"https:\/\/breinco.com\/fr\/wp-json\/wp\/v2\/br_product\/17714"}],"wp:attachment":[{"href":"https:\/\/breinco.com\/fr\/wp-json\/wp\/v2\/media?parent=23070"}],"wp:term":[{"taxonomy":"post_tag","embeddable":true,"href":"https:\/\/breinco.com\/fr\/wp-json\/wp\/v2\/tags?post=23070"},{"taxonomy":"categoria-proyecto","embeddable":true,"href":"https:\/\/breinco.com\/fr\/wp-json\/wp\/v2\/categoria-proyecto?post=23070"}],"curies":[{"name":"wp","href":"https:\/\/api.w.org\/{rel}","templated":true}]}}